{"id":898,"date":"2016-04-18T12:04:31","date_gmt":"2016-04-18T10:04:31","guid":{"rendered":"http:\/\/xd.gdu.edu.az\/?page_id=898"},"modified":"2023-05-22T09:56:32","modified_gmt":"2023-05-22T07:56:32","slug":"m%c9%99mm%c9%99dov-ruslan-h%c9%99s%c9%99n-oglu","status":"publish","type":"page","link":"http:\/\/xdf.gdu.edu.az\/?page_id=898","title":{"rendered":"M\u0259mm\u0259dov Ruslan H\u0259s\u0259n o\u011flu"},"content":{"rendered":"\n<div class=\"wp-block-image\"><figure class=\"aligncenter size-large is-resized\"><img loading=\"lazy\" decoding=\"async\" src=\"http:\/\/xdf.gdu.edu.az\/wp-content\/uploads\/2023\/05\/rus.jpg\" alt=\"\" class=\"wp-image-12028\" width=\"238\" height=\"250\"\/><\/figure><\/div>\n\n\n<p><strong>M\u0259mm\u0259dov Ruslan H\u0259s\u0259n o\u011flu \u2013 m\u00fc\u0259llim (Beyn\u0259lxalq \u0259laq\u0259l\u0259r \u015f\u00f6b\u0259sinin m\u00fcdiri)<\/strong><\/p>\n<p>G\u0259nc\u0259 D\u00f6vl\u0259t Universitetinin \u201cPraktik Xarici Dill\u0259r\u201d kafedras\u0131n\u0131n m\u00fc\u0259llimi<\/p>\n<p><strong>Telefon: <\/strong>+994552220512<\/p>\n<p><strong>Email:<\/strong> <a href=\"mailto:ruslan.mammadov@gdu.edu.az\">ruslan.mammadov@gdu.edu.az<\/a><\/p>\n<p><strong>QISA B\u0130OQRAF\u0130K M\u018fLUMAT<\/strong><\/p>\n<ul>\n<li>1984 -c\u00fc il 29 iyun G\u0259nc\u0259 \u015f\u0259h\u0259rind\u0259 anadan olmu\u015fdur.<\/li>\n<li>1990 \u2013 2000 -ci ill\u0259rd\u0259 G\u0259nc\u0259 \u015f\u0259h\u0259ri 2 sayl\u0131 orta m\u0259kt\u0259bd\u0259 t\u0259hsil alm\u0131\u015f v\u0259 h\u0259min m\u0259kt\u0259bi bitirmi\u015fdir.<\/li>\n<li>2004-c\u00fc ild\u0259 G\u0259nc\u0259 D\u00f6vl\u0259t Universitetinin \u0130ngilis dili ixtisas\u0131n\u0131n bakalavriat t\u0259hsilini ba\u015fa vurmu\u015fdur.<\/li>\n<li>2006-c\u0131 ild\u0259 magistratura s\u0259viyy\u0259sini f\u0259rql\u0259nm\u0259 diplomu il\u0259 bitirmi\u015fdir.<\/li>\n<li>2007-ci ild\u0259 G\u0259nc\u0259 D\u00f6vl\u0259t Universitetinin Leksika v\u0259 \u00f6lk\u0259\u015f\u00fcnasl\u0131q kafedras\u0131na m\u00fc\u0259llim t\u0259yin olunmu\u015fdur.<\/li>\n<li>2009-2010-cu ild\u0259 Avropa Komissiyas\u0131n\u0131n \u201cErasmus Mundus\u201d layih\u0259si vasit\u0259si il\u0259 Yunan\u0131stan Respublikas\u0131n\u0131n ATEI Saloniki \u0130nstitutunda 10 ayl\u0131q doktorantura t\u0259hsili alm\u0131\u015fd\u0131r.<\/li>\n<li>2016-2017-ci ill\u0259r Avropa Birliyinin Erasmus Mundus HERMES layih\u0259sin\u0259 \u0259sas\u0259n \u0130taliya Respublikas\u0131n\u0131n Ka Foskari Venesiya Universitetind\u025910 ayl\u0131q doktorantura t\u0259hsili davam edirimi\u015fdir. Onlarla yerli v\u0259 beyn\u0259lxalq t\u0259lim v\u0259 seminarlarda G\u0259nc\u0259 D\u00f6vl\u0259t Universitetini t\u0259msil edib.<\/li>\n<\/ul>\n<p>Ail\u0259lidir, bir \u00f6vlad\u0131 var.<\/p>\n<p><strong>T\u018fHS\u0130L\u0130, ELM\u0130 D\u018fR\u018fC\u018fS\u0130 V\u018f ELM\u0130 ADI<\/strong><\/p>\n<ul>\n<li>2000 -2004 -c\u00fc ill\u0259rd\u0259 G\u0259nc\u0259 \u015f\u0259h\u0259ri \u201c G\u0259nc\u0259 D\u00f6vl\u0259t Universiteti\u201d nin Xarici dill\u0259r fakult\u0259sinin \u201c \u0130ngilis dili\u201d ixtisas\u0131 \u00fczr\u0259 bakalav\u0131r\u00a0 d\u0259r\u0259c\u0259sini f\u0259rql\u0259nm\u0259 diplomu il\u0259 bitirmi\u015fdir.<\/li>\n<li>2004- 2006 \u2013 c\u0131 ill\u0259rd\u0259 G\u0259nc\u0259 \u015f\u0259h\u0259ri \u201cG\u0259nc\u0259 D\u00f6vl\u0259t Universiteti\u201d nin \u201cT\u0259rc\u00fcm\u0259\u201d istiqam\u0259ti \u00fczr\u0259\u00a0 magistr d\u0259r\u0259c\u0259sini f\u0259rql\u0259nm\u0259 diplomu il\u0259 bitirmi\u015fdir.<\/li>\n<li>01.2013-c\u00fc il tarixli 3\/14 sayl\u0131 \u0259mirl\u0259 f\u0259ls\u0259f\u0259 doktoru proqram\u0131 \u0259sas\u0131nda G\u0259nc\u0259 D\u00f6vl\u0259t Universitetinin \u201cD\u00fcnya \u018fd\u0259biyyat\u0131\u201d\u00a0 ixtisas\u0131 \u00fczr\u0259 doktoranturaya q\u0259bul olunmu\u015fdur.<\/li>\n<\/ul>\n<p><strong>\u018fM\u018fK\u00a0 F\u018fAL\u0130YY\u018fT\u0130<\/strong><\/p>\n<ul>\n<li>2008-ci ild\u0259n G\u0259nc\u0259 D\u00f6vl\u0259t Universitetinin ingilis dili m\u00fc\u0259llimi v\u0259zif\u0259sind\u0259 \u00e7al\u0131\u015f\u0131r.<\/li>\n<li>03\/10\/2011\u2013 G\u0259nc\u0259 D\u00f6vl\u0259t Universiteti Beyn\u0259lxalq \u0259laq\u0259l\u0259r \u015f\u00f6b\u0259sinin m\u00fcdiri v\u0259zif\u0259sind\u0259 \u00e7al\u0131\u015f\u0131r.<\/li>\n<li>04\/11\/2015\u201331\/08\/2017 tarixl\u0259rind\u0259 Az\u0259rbaycan Respublikas\u0131 Elm v\u0259 T\u0259hsil Nazirliyind\u0259 TVINNINQ layih\u0259sin\u0259 \u0259sas\u0259n ali t\u0259hsil islahat\u0131 \u00fczr\u0259 m\u00fct\u0259x\u0259ssis kimi f\u0259aliyy\u0259t g\u00f6st\u0259rib.<\/li>\n<\/ul>\n<p>\u00a0<\/p>\n<p><strong>T\u018fDQ\u0130QAT SAH\u018fS\u0130<\/strong><\/p>\n<ul>\n<li>\u201c\u0130tirilmi\u015f n\u0259sl \u0259d\u0259biyyat\u0131nda m\u0259n\u0259vi \u0259vlaqi d\u0259y\u0259rl\u0259r (Ernest Hemingveyin yarad\u0131c\u0131l\u0131\u011f\u0131)\u201d<\/li>\n<\/ul>\n<p><strong>T\u018fLTIFL\u018fR <\/strong><\/p>\n<p><strong>Sertifikatlar v\u0259 f\u0259xri f\u0259rmanlar: <\/strong><\/p>\n<ul>\n<li>Diplom: Beyn\u0259lxalq sertifikatla\u015fm\u0131\u015f mediator (Qeydiyyat n\u00f6mr\u0259si: BCCM0001) (16 Yanvar 2020, Mursiya, \u0130spaniya- Beyn\u0259lxalq Master Mediasiya Federasiyas\u0131 t\u0259r\u0259find\u0259n t\u0259qdim olunub). Mediasiyan\u0131n ilkin \u0259saslar\u0131 \u00fczr\u0259 250 saat\u0131 (9 AKTS krediti) u\u011furla tamamlad\u0131\u011f\u0131 \u00fc\u00e7\u00fcn t\u0259ltif olunub.<\/li>\n<\/ul>\n<p>\u00a0\u00a0\u00a0\u00a0\u00a0\u00a0\u00a0\u00a0 T\u0259liml\u0259r:<\/p>\n<p>\u00a0\u00a0\u00a0\u00a0\u00a0\u00a0\u00a0 &#8211;\u00a0\u00a0\u00a0\u00a0\u00a0\u00a0\u00a0\u00a0\u00a0 03-09 Fevral 2019, Niderland Biznes Akademiyas\u0131, Breda, Niderland.<\/p>\n<p>\u00a0\u00a0\u00a0\u00a0\u00a0\u00a0\u00a0 &#8211;\u00a0\u00a0\u00a0\u00a0\u00a0\u00a0\u00a0\u00a0\u00a0 09-13 Dekabr 2019, Turiba Universiteti, Riqa, Latviya<\/p>\n<p>\u00a0\u00a0\u00a0\u00a0\u00a0\u00a0\u00a0 &#8211;\u00a0\u00a0\u00a0\u00a0\u00a0\u00a0\u00a0\u00a0\u00a0 13-17 Yanvar 2020, Mursiya San Antonio ad\u0131na Katolik Universiteti, Mursiya, \u0130spaniya<\/p>\n<ul>\n<li>F\u0259xri F\u0259rmanla t\u0259ltif olunub: \u201cUzunm\u00fcdd\u0259tli s\u0259m\u0259r\u0259li, q\u00fcsursuz f\u0259aliyy\u0259tin\u0259 g\u00f6r\u0259\u201d G\u0259nc\u0259 D\u00f6vl\u0259t Universiteti rektorunun 2\/123 sayl\u0131 27 dekabr 2021-ci il tarixli \u0259mri il\u0259 t\u0259ltif olunub.<\/li>\n<li>F\u0259xri F\u0259rmanla t\u0259ltif olunub: Y\u00fcks\u0259kixtisasl\u0131 kadrlar\u0131n haz\u0131rlanmas\u0131nda xidm\u0259tl\u0259rin\u0259 g\u00f6r\u0259 Az\u0259rbaycan Respublikas\u0131 T\u0259hsil Nazirinin 3567 sayl\u0131 01.11.2018-ci il tarixli f\u0259xri f\u0259rman\u0131 il\u0259 t\u0259ltif olunub.<\/li>\n<li>F\u0259xri diplom il\u0259 t\u0259ltif olunub: \u201cXarici dill\u0259r fak\u00fclt\u0259sinin t\u0259hsi v\u0259 ictimai h\u0259yat\u0131na verdiyi t\u00f6hf\u0259y\u0259 g\u00f6r\u0259\u201d G\u0259nc\u0259 D\u00f6vl\u0259t Universiteti, G\u0259nc\u0259, Az\u0259rbaycan (2011).<\/li>\n<li>Diplom \u0259lav\u0259si il\u0259 t\u0259ltif olunub: \u201cErasmus Mundus layih\u0259sinin doktorantura proqram\u0131 \u00fczr\u0259\u201d<\/li>\n<\/ul>\n<p>Doktorantura s\u0259viyy\u0259si (60 kredit), ATE\u0130 Saloniki, Saloniki, Yunan\u0131stan (2009-2010)<\/p>\n<ul>\n<li>Diplom il\u0259 t\u0259ltif olunub: F\u0259rdi computer operatoru, \u201cBilik\u201d Beyn\u0259lxalq Assosiasiyas\u0131,<\/li>\n<\/ul>\n<p>G\u0259nc\u0259, Az\u0259rbaycan (2003)<\/p>\n<p>\u00a0<\/p>\n<ul>\n<li>&#8221; Ali t\u0259hsil sisteminin Avropa Ali T\u0259hsil M\u0259kan\u0131n\u0131n t\u0259l\u0259bl\u0259rin\u0259 daha da uy\u011funla\u015fd\u0131r\u0131lmas\u0131 m\u0259qs\u0259dil\u0259 Az\u0259rbaycan Respublikas\u0131n\u0131n T\u0259hsil Nazirliyin\u0259 d\u0259st\u0259k g\u00f6st\u0259rilm\u0259si (AZ-ad-EHEA)\u201d layih\u0259si ad\u0131 alt\u0131nda h\u0259yata ke\u00e7iril\u0259n Avropa \u0130ttifaq\u0131n\u0131n Tvinninq layih\u0259si. &#8220;Keyfiyy\u0259ti T\u0259minat \u00fczr\u0259 standardlar v\u0259 t\u0259limatlar\u0131n Bolonya prosesi v\u0259 Avropa standardlar\u0131na uy\u011funla\u015fd\u0131r\u0131lmas\u0131 \u00fczr\u0259 qiym\u0259tl\u0259ndirm\u0259 t\u0259limi\u2013III hiss\u0259&#8221;<\/li>\n<\/ul>\n<p>23-24 Fevral, 2016, Bak\u0131, Az\u0259rbaycan.<\/p>\n<ul>\n<li>&#8221; Ali t\u0259hsil sisteminin Avropa Ali T\u0259hsil M\u0259kan\u0131n\u0131n t\u0259l\u0259bl\u0259rin\u0259 daha da uy\u011funla\u015fd\u0131r\u0131lmas\u0131 m\u0259qs\u0259dil\u0259 Az\u0259rbaycan Respublikas\u0131n\u0131n T\u0259hsil Nazirliyin\u0259 d\u0259st\u0259k g\u00f6st\u0259rilm\u0259si (AZ-ad-EHEA)\u201d layih\u0259si ad\u0131 alt\u0131nda h\u0259yata ke\u00e7iril\u0259n Avropa \u0130ttifaq\u0131n\u0131n Tvinninq layih\u0259si. &#8220;Keyfiyy\u0259ti T\u0259minat \u00fczr\u0259 standardlar v\u0259 t\u0259limatlar\u0131n Bolonya prosesi v\u0259 Avropa standardlar\u0131na uy\u011funla\u015fd\u0131r\u0131lmas\u0131 \u00fczr\u0259 qiym\u0259tl\u0259ndirm\u0259 t\u0259limi\u2013II hiss\u0259&#8221;<\/li>\n<\/ul>\n<p>27-28 Yanvar, 2016, Bak\u0131, Az\u0259rbaycan.<\/p>\n<ul>\n<li>\u201cATM-in beyn\u0259lmil\u0259ll\u0259\u015fm\u0259 strategiyas\u0131n\u0131n inki\u015faf\u0131\u201d&#8221;2 h\u0259ft\u0259lik t\u0259lim<\/li>\n<\/ul>\n<p>(TEMPUS-UNIVIA Layih\u0259si), 25.10.2015 \u2013 07.11.2015, Malaqa, \u0130spaniya.<\/p>\n<ul>\n<li>Santiaqo De Kompostela Universtetind\u0259 \u201cATM-in beyn\u0259lmil\u0259ll\u0259\u015fm\u0259 strategiyas\u0131n\u0131n inki\u015faf\u0131\u201d 1 h\u0259ft\u0259lik t\u0259lim (TEMPUS-UNIVIA Project), 20.05.2014 \u2013 25.05.2014, Santiago de Kompostela Universiteti, Santiago de Kompostela, \u0130spaniya.<\/li>\n<li>\u201cATM-in beyn\u0259lmil\u0259ll\u0259\u015fm\u0259 strategiyas\u0131n\u0131n inki\u015faf\u0131\u201d&#8221;3 g\u00fcnl\u00fck t\u0259lim (TEMPUS-UNIVIA Layih\u0259si), 26.05.2014 \u2013 28.05.2014, Bolonya Universiteti, Bolonya, Italiya.<\/li>\n<li>&#8220;Beyn\u0259lmil\u0259ll\u0259\u015fm\u0259 m\u0259s\u0259l\u0259l\u0259rind\u0259 Universitet administrasiyas\u0131n\u0131n inki\u015faf\u0131 v\u0259 t\u0259kmill\u0259\u015fdirilm\u0259si\u201d \u00fczr\u0259 seminar 17-18 \u0130yun 2014, Az\u0259rbaycan D\u00f6vl\u0259t \u0130qtisad<\/li>\n<\/ul>\n<p>Universiteti-UNEC, Bak\u0131, Az\u0259rbaycan.<\/p>\n<ul>\n<li>\u201cAvropa elml\u0259ri \u00fczr\u0259 kurikulumun inki\u015faf\u0131 v\u0259 bacar\u0131\u011f\u0131n art\u0131r\u0131lmas\u0131\u201d \u00fczr\u0259 t\u0259lim (TEMPUS-CURDEUS Layih\u0259si),<\/li>\n<\/ul>\n<p>10.03.2014 &#8211; 31.03.2014, Leiden, Niderland Krall\u0131\u011f\u0131.<\/p>\n<ul>\n<li>Beyn\u0259lxalq \u0259laq\u0259l\u0259r \u015f\u00f6b\u0259sinin direktoru q\u0131smind\u0259 1 ayl\u0131q t\u0259lim.<\/li>\n<\/ul>\n<p>&#8220;Erasmus Mundus WEBB (Whole Europe Beyond Borders)&#8221; M\u00fcbadil\u0259 layih\u0259si. May 2014 &#8211; \u0130yun 2014 Var\u015fava, Pol\u015fa.<\/p>\n<ul>\n<li>&#8220;Avropa kurikulum sisteminin \u00f6yr\u0259nilm\u0259si&#8221; \u00fczr\u0259 t\u0259lim. Lodz Universiteti, Pol\u015fa (2013).<\/li>\n<li>&#8220;Az\u0259rbaycan Universitetl\u0259rind\u0259 beyn\u0259lxalq ofisin inki\u015faf\u0131&#8221; \u00fczr\u0259 t\u0259lim. British Council, Bak\u0131, Az\u0259rbaycan (2013).<\/li>\n<li>&#8220;T\u0259rc\u00fcm\u0259 elml\u0259ri kurikulumu sah\u0259sind\u0259 keyfiyy\u0259tin t\u0259minat\u0131 sisteml\u0259ri&#8221; \u00fczr\u0259 2 g\u00fcnl\u00fck t\u0259lim. (TEMPUS Layih\u0259si) Leypsiq Universiteti, Leypsiq, Almaniya (2012).<\/li>\n<li>&#8220;T\u0259rc\u00fcm\u0259 elml\u0259ri sah\u0259sind\u0259 islahatlar \u201c \u00fczr\u0259 4 g\u00fcnl\u00fck t\u0259lim. Milan Ali T\u0259rc\u00fcm\u0259 M\u0259kt\u0259bi, (TEMPUS Layih\u0259si) Milan, Ital\u0130ya (2012).<\/li>\n<li>&#8220;T\u0259rc\u00fcm\u0259\u00e7i haz\u0131rl\u0131qlar\u0131n\u0131n \u0259sas imkanlar\u0131&#8221; \u00fczr\u0259 1 h\u0259ft\u0259lik t\u0259lim (TEMPUS Layih\u0259si) G\u0259nc\u0259 D\u00f6vl\u0259t Universiteti, Ganja, Az\u0259rbaycan (2012).<\/li>\n<li>&#8221; T\u0259hsil v\u0259 sosial f\u0259aliyy\u0259t\u0259 t\u00f6vf\u0259l\u0259rin\u0259 g\u00f6r\u0259\u201d<\/li>\n<\/ul>\n<p>G\u0259nc\u0259 D\u00f6vl\u0259t Universiteti, Ganc\u0259, Az\u0259rbaycan (2012).<\/p>\n<ul>\n<li>&#8220;Az\u0259rbaycanda t\u0259rc\u00fcm\u0259 elml\u0259ri kurikulumu sah\u0259sind\u0259 inki\u015faf\u201d \u00fczr\u0259 1 h\u0259ft\u0259lik t\u0259limd\u0259 sertifikatlar t\u0259ltif olunub. Az\u0259tbaycan Dill\u0259r Universiteti, Bak\u0131, Az\u0259rbaycan (2011).<\/li>\n<li>\u201cT\u0259hsild\u0259 \u0130KT-nin yeni metodlar\u0131n\u0131n t\u0259tbiqi\u201d \u00fczr\u0259 t\u0259ltif olunub.<\/li>\n<li>\u201cM\u0259d\u0259t\u201d Asossiasiyas\u0131, G\u0259nc\u0259, Az\u0259rbaycan (2011).<\/li>\n<\/ul>\n<p><strong>\u00a0<\/strong><\/p>\n<p><strong>SE\u00c7\u0130LM\u0130\u015e \u018fS\u018fRL\u018fR\u0130<\/strong><\/p>\n<p><strong>\u00a0\u00a0\u00a0\u00a0\u00a0\u00a0\u00a0\u00a0 ORCID Kodu: 0000-0001-9842-1775 <\/strong><a href=\"https:\/\/orcid.org\/0000-0001-9842-1775\">https:\/\/orcid.org\/0000-0001-9842-1775<\/a><\/p>\n<p><strong>\u00a0\u00a0\u00a0\u00a0\u00a0\u00a0\u00a0\u00a0 UOT: 811.111<\/strong><\/p>\n<ul>\n<li>\u201c Amerikan yaz\u0131\u00e7\u0131s\u0131 Ernest Heminqveyinin h\u0259yat t\u0259rzinin yarad\u0131c\u0131l\u0131\u011f\u0131na t\u0259siri\u201d\u00a0 \u201cRusse University &#8211; Scientific Works\u201d, 2009 &#8211; conf.uni-ruse.bg<\/li>\n<li>\u201c Ernest Heminqvey yarad\u0131c\u0131l\u0131\u011f\u0131nda \u0259d\u0259bi \u00fcslub\u201d \u201c Malta State University Scientific Works\u201d, 2009<\/li>\n<li>\u201c\u0130nversiyan\u0131n t\u0259rc\u00fcm\u0259d\u0259 ifad\u0259 olunmas\u0131.\u201d Elmi x\u0259b\u0259rl\u0259r \u21162,G\u0259nc\u0259 D\u00f6vl\u0259t Universiteti,2010<\/li>\n<li>\u201c\u0130ngilis dilinin t\u0259drisind\u0259 Az\u0259r-baycan dili il\u0259 m\u00fcqayis\u0259 m\u0259s\u0259l\u0259si.\u201d Elmi X\u0259b\u0259rl\u0259r m\u0259cmu\u0259si 42, \u201cElm\u201d n\u0259\u015friyyat\u0131, G\u0259nc\u0259 D\u00f6vl\u0259t Universiteti, 2010<\/li>\n<li>\u201cAz\u0259rbaycan dilind\u0259ki kontrastiv semantikal\u0131 frazeoloji vahidl\u0259rin linqvokultroloji aspektd\u0259n t\u0259dqiqin\u0259 dair\u201d Az\u0259rbaycan Dill\u0259r Universiteti, Elmi x\u0259b\u0259rl\u0259r, Bak\u0131 2013<\/li>\n<li>\u201c\u0130ngilis dilind\u0259ki kontrastiv semantikal\u0131 frazeoloji vahidl\u0259rin linqvokultroloji amil\u0259 istinad\u201d Az\u0259rbaycan Dill\u0259r Universiteti, Bak\u0131 2013, \u00dcmummilli lider H. \u018fliyevin anadan olmas\u0131n\u0131n 90 illiyin\u0259 h\u0259sr olunmu\u015f \u201cXarici Dill\u0259rin T\u0259drisinin aktual probleml\u0259ri\u201d<\/li>\n<li>\u201cZaman konseptin\u0259 daxil olan kontrastiv semantikal\u0131 frazeoloji vahidl\u0259r\u201d Az\u0259rbaycan Dill\u0259r Universiteti, Elmi x\u0259b\u0259rl\u0259r, Bak\u0131 2014<\/li>\n<li>\u201cKontrastiv semantikal\u0131 frazelogizml\u0259rd\u0259 x\u00fcsusi n\u00f6v morfinl\u0259rin struktur semantik rolu haqq\u0131nda.\u201d Az\u0259rbaycan Dill\u0259r Universiteti, Elmi x\u0259b\u0259rl\u0259r, Bak\u0131 2014<\/li>\n<li>\u201cKontrastiv h\u0259lli frazeologizml\u0259r \u2013 d\u00fcnyan\u0131n dil m\u0259nz\u0259r\u0259sinin antinomiyalar\u0131n\u0131n ifad\u0259\u00e7isi kimi\u201d. Az\u0259rbaycan Dill\u0259r Universiteti Bak\u0131 2014 XXI \u0259sr m\u0259d\u0259ni paradiqmas\u0131 multim\u0259d\u0259ni aspektd\u0259. Respublika elmi praktiki konfrans<\/li>\n<li>\u201cM\u00fcasir Az\u0259rbaycan dilind\u0259 gender f\u0259rql\u0259ndirm\u0259sin\u0259 \u0259saslanan kontrastiv semantikal\u0131 frazeoloji vahidl\u0259r\u201d Bak\u0131 Slavyan Universiteti. Bak\u0131 Slavyan Universiteti \u00dcmummilli lider H. \u018fliyevin anadan olmas\u0131n\u0131n 91 illiyin\u0259 h\u0259sr olunmu\u015f \u201cAz\u0259rbaycan\u015f\u00fcnasl\u0131\u011f\u0131n aktual probleml\u0259ri\u201d V Beyn\u0259lxalq elmi konfrans Bak\u0131 2014<\/li>\n<li>\u201cAz\u0259rbaycan dilind\u0259 qastranomik xarakterli qar\u015f\u0131la\u015fd\u0131rmalara istinad ed\u0259n\u201d kontrastiv semantikal\u0131 frazelogizml\u0259r\u201d Az\u0259rbaycan Dill\u0259r Universiteti, Elmi x\u0259b\u0259rl\u0259r, Bak\u0131 2014<\/li>\n<li>\u201cKontradiktor antonim komponentli kontrastiv semantikal\u0131 frazeoloji vahidl\u0259r.\u201d Az\u0259rbaycan Dill\u0259r Universiteti, Elmi x\u0259b\u0259rl\u0259r, Bak\u0131 2014<\/li>\n<li>\u201c Az\u0259rbaybaycan ali t\u0259hsil m\u00fc\u0259ssis\u0259l\u0259rind\u0259 beyn\u0259lmill\u0259l\u0259\u015fm\u0259\u201d, Macar\u0131stan Respublikas\u0131 Debrecen Universitetinin x\u00fcsusi n\u0259\u015fri, 2017<\/li>\n<li>\u201cThe Formation of terms and problems associated with their translation\u201d, \u201cElger &#8211; XXI International scientific symposium\u201d, \u0130sve\u00e7 Krall\u0131\u011f\u0131, Stokolm, 2021<\/li>\n<li>\u201cStylistic analysis of the story by Ernest Hemingway: Cat in the rain\u201d, GDU, Elmi X\u0259b\u0259rl\u0259 Toplusu, 2022<\/li>\n<\/ul>\n<p>\u00a0<\/p>\n<p><strong>D\u0130L B\u0130LG\u0130S\u0130:<\/strong> Az\u0259rbaycan, ingilis, rus, t\u00fcrk, italiyan<\/p>\n<p><strong>\u00a0PART\u0130YALILI\u011eI<\/strong><strong>:<\/strong> YAP<\/p>\n<p><strong>\u00a0<\/strong><\/p>","protected":false},"excerpt":{"rendered":"<p>M\u0259mm\u0259dov Ruslan H\u0259s\u0259n o\u011flu \u2013 m\u00fc\u0259llim (Beyn\u0259lxalq \u0259laq\u0259l\u0259r \u015f\u00f6b\u0259sinin m\u00fcdiri) G\u0259nc\u0259 D\u00f6vl\u0259t Universitetinin \u201cPraktik Xarici Dill\u0259r\u201d kafedras\u0131n\u0131n m\u00fc\u0259llimi Telefon: +994552220512 Email: ruslan.mammadov@gdu.edu.az QISA B\u0130OQRAF\u0130K M\u018fLUMAT 1984 -c\u00fc il 29 iyun G\u0259nc\u0259 \u015f\u0259h\u0259rind\u0259 anadan olmu\u015fdur. 1990 \u2013 2000 -ci ill\u0259rd\u0259 G\u0259nc\u0259 \u015f\u0259h\u0259ri 2 sayl\u0131 orta m\u0259kt\u0259bd\u0259 t\u0259hsil alm\u0131\u015f v\u0259 h\u0259min m\u0259kt\u0259bi bitirmi\u015fdir. 2004-c\u00fc ild\u0259 G\u0259nc\u0259 D\u00f6vl\u0259t [&hellip;]<\/p>\n","protected":false},"author":4,"featured_media":0,"parent":0,"menu_order":0,"comment_status":"closed","ping_status":"closed","template":"","meta":{"footnotes":""},"categories":[],"tags":[],"class_list":["post-898","page","type-page","status-publish","hentry"],"_links":{"self":[{"href":"http:\/\/xdf.gdu.edu.az\/index.php?rest_route=\/wp\/v2\/pages\/898","targetHints":{"allow":["GET"]}}],"collection":[{"href":"http:\/\/xdf.gdu.edu.az\/index.php?rest_route=\/wp\/v2\/pages"}],"about":[{"href":"http:\/\/xdf.gdu.edu.az\/index.php?rest_route=\/wp\/v2\/types\/page"}],"author":[{"embeddable":true,"href":"http:\/\/xdf.gdu.edu.az\/index.php?rest_route=\/wp\/v2\/users\/4"}],"replies":[{"embeddable":true,"href":"http:\/\/xdf.gdu.edu.az\/index.php?rest_route=%2Fwp%2Fv2%2Fcomments&post=898"}],"version-history":[{"count":3,"href":"http:\/\/xdf.gdu.edu.az\/index.php?rest_route=\/wp\/v2\/pages\/898\/revisions"}],"predecessor-version":[{"id":12093,"href":"http:\/\/xdf.gdu.edu.az\/index.php?rest_route=\/wp\/v2\/pages\/898\/revisions\/12093"}],"wp:attachment":[{"href":"http:\/\/xdf.gdu.edu.az\/index.php?rest_route=%2Fwp%2Fv2%2Fmedia&parent=898"}],"wp:term":[{"taxonomy":"category","embeddable":true,"href":"http:\/\/xdf.gdu.edu.az\/index.php?rest_route=%2Fwp%2Fv2%2Fcategories&post=898"},{"taxonomy":"post_tag","embeddable":true,"href":"http:\/\/xdf.gdu.edu.az\/index.php?rest_route=%2Fwp%2Fv2%2Ftags&post=898"}],"curies":[{"name":"wp","href":"https:\/\/api.w.org\/{rel}","templated":true}]}}