{"id":790,"date":"2016-04-15T06:54:46","date_gmt":"2016-04-15T04:54:46","guid":{"rendered":"http:\/\/xd.gdu.edu.az\/?page_id=790"},"modified":"2024-05-02T08:37:35","modified_gmt":"2024-05-02T06:37:35","slug":"%c9%99liyeva-aygun-ilham-qizi","status":"publish","type":"page","link":"http:\/\/xdf.gdu.edu.az\/?page_id=790","title":{"rendered":"\u018fliyeva Ayg\u00fcn \u0130lham q\u0131z\u0131"},"content":{"rendered":"\n<div class=\"wp-block-image\"><figure class=\"alignright size-large is-resized\"><img loading=\"lazy\" decoding=\"async\" src=\"https:\/\/xdf.gdu.edu.az\/wp-content\/uploads\/2023\/12\/\u018fliyeva-Ayg\u00fcn-\u0130lham-q\u0131z\u0131.jpg\" alt=\"\" class=\"wp-image-13406\" width=\"243\" height=\"340\" srcset=\"http:\/\/xdf.gdu.edu.az\/wp-content\/uploads\/2023\/12\/\u018fliyeva-Ayg\u00fcn-\u0130lham-q\u0131z\u0131.jpg 1160w, http:\/\/xdf.gdu.edu.az\/wp-content\/uploads\/2023\/12\/\u018fliyeva-Ayg\u00fcn-\u0130lham-q\u0131z\u0131-768x1075.jpg 768w, http:\/\/xdf.gdu.edu.az\/wp-content\/uploads\/2023\/12\/\u018fliyeva-Ayg\u00fcn-\u0130lham-q\u0131z\u0131-1097x1536.jpg 1097w\" sizes=\"auto, (max-width: 243px) 100vw, 243px\" \/><\/figure><\/div>\n\n\n<p><\/p>\n<p><\/p>\n\n\n<p>&nbsp;&nbsp;&nbsp;&nbsp;&nbsp;&nbsp;&nbsp;&nbsp;&nbsp;&nbsp;&nbsp;&nbsp;&nbsp;&nbsp;&nbsp;&nbsp; &nbsp;&nbsp;<strong>G\u0259nc\u0259\nD\u00f6vl\u0259t Universitetinin Frans\u0131z dili&nbsp;\nkafedras\u0131n\u0131n <\/strong><\/p>\n\n\n\n<p><strong>&nbsp;&nbsp;&nbsp;&nbsp;&nbsp;&nbsp;&nbsp;&nbsp;&nbsp;&nbsp;&nbsp;&nbsp;&nbsp;&nbsp;&nbsp;&nbsp;&nbsp;&nbsp;&nbsp;&nbsp;&nbsp;&nbsp;&nbsp;&nbsp;&nbsp;&nbsp;&nbsp;&nbsp; Dosent \u018fliyeva\nAyg\u00fcn \u0130lham&nbsp; q\u0131z\u0131<\/strong><\/p>\n\n\n\n<p>V\u0259zif\u0259si: dosent<\/p>\n\n\n\n<p>GDU- nun Frans\u0131z dili\nkafedras\u0131n\u0131n dosenti, filologiya \u00fczr\u0259 f\u0259ls\u0259f\u0259 doktoru<\/p>\n\n\n\n<p>Telefon:051-777-20-47<\/p>\n\n\n\n<p>E-mail:\naygun.alizade1985@yahoo.fr<\/p>\n\n\n\n<p>QISA B\u0130OQRAF\u0130K\nM\u018fLUMAT<\/p>\n\n\n\n<p>1985- ci ild\u0259 24\napreld\u0259 G\u0259nc\u0259 \u015f\u0259h\u0259rind\u0259 anadan olmu\u015fdur<\/p>\n\n\n\n<p>1991-2001- ci ill\u0259rd\u0259\nG\u0259nc\u0259 \u015f\u0259h\u0259r 14 sayl\u0131 orta m\u0259kt\u0259bd\u0259 t\u0259hsil alm\u0131\u015fd\u0131r<\/p>\n\n\n\n<p>Ail\u0259lidir, iki\n\u00f6vlad\u0131 var<\/p>\n\n\n\n<p>T\u018fHS\u0130L\u0130<\/p>\n\n\n\n<p>2001\u20132005 ci ill\u0259rd\u0259\nG\u0259nc\u0259 D\u00f6vl\u0259t Universitetind\u0259 \u201cFrans\u0131z dili m\u00fc\u0259llimliyi\u201d ixtisas\u0131 \u00fczr\u0259 bakalavr\n(f\u0259rql\u0259nm\u0259) d\u0259r\u0259c\u0259si alm\u0131\u015fd\u0131r<\/p>\n\n\n\n<p>2005\u20132007 ci ill\u0259rd\u0259\nAz\u0259rbaycan Dill\u0259r Universitetind\u0259 \u201cXarici dil v\u0259 \u0259d\u0259biyyat\u0131n\u0131n t\u0259drisi metadalogiyas\u0131\nv\u0259 metodikas\u0131 \u201cixtisas\u0131 \u00fczr\u0259 magistr (f\u0259rql\u0259nm\u0259) d\u0259r\u0259c\u0259si alm\u0131\u015fd\u0131r<\/p>\n\n\n\n<p>Elmi d\u0259r\u0259c\u0259si v\u0259\nadlar\u0131<\/p>\n\n\n\n<p>29.09.2015 \u2013 ci il\nAz\u0259rbaycan Respublikas\u0131n\u0131n Prezidenti Yan\u0131nda Ali Attestasiya Komissiyas\u0131n\u0131n q\u0259rar\u0131\nil\u0259 filologiya elml\u0259ri elm sah\u0259sinin D\u00fcnya \u0259d\u0259biyyat\u0131 (frans\u0131z \u0259d\u0259biyyat\u0131)\nixtisas\u0131 \u00fczr\u0259&nbsp; filologiya \u00fczr\u0259 f\u0259ls\u0259f\u0259\ndoktoru elmi d\u0259r\u0259c\u0259si verilmi\u015fdir.<\/p>\n\n\n\n<p>02.12.2022- ci il\nAz\u0259rbaycan Respublikas\u0131n\u0131n Prezidenti Yan\u0131nda Ali Attestasiya Komissiyas\u0131n\u0131n\ntarixli q\u0259rar\u0131 il\u0259 filologiya elml\u0259ri elm sah\u0259sinin D\u00fcnya \u0259d\u0259biyyat\u0131 (frans\u0131z \u0259d\u0259biyyat\u0131)\nixtisas\u0131 \u00fczr\u0259 Dosent elmi ad\u0131 verilmi\u015fdir.<\/p>\n\n\n\n<p>2020- ci ld\u0259n Az\u0259rbaycan\nMilli Elml\u0259r Akademiyas\u0131n\u0131n G\u0259nc\u0259 b\u00f6lm\u0259sinin 5718.01 D\u00fcnya \u0259d\u0259biyyat\u0131 (frans\u0131z \u0259d\u0259biyyat\u0131)\nixtisas\u0131n\u0131n filologiya elml\u0259ri doktoru proqram\u0131 \u00fczr\u0259 dissertantd\u0131r.<\/p>\n\n\n\n<p>&nbsp;\u018fM\u018fK&nbsp;\nF\u018fAL\u0130YY\u018fT\u0130<\/p>\n\n\n\n<p>2006 \u2013 c\u0131 il aprel\nay\u0131ndan G\u0259nc\u0259 D\u00f6vl\u0259t Universitetinin \u201cFrans\u0131z dili\u201d kafedras\u0131nda m\u00fc\u0259llim<\/p>\n\n\n\n<p>2011 \u2013 ci il dekabr\nay\u0131ndan G\u0259nc\u0259 D\u00f6vl\u0259t Universitetinin \u201cFrans\u0131z dili\u201d kafedras\u0131nda ba\u015f m\u00fc\u0259llim<\/p>\n\n\n\n<p>2022- ci il dekabr\nay\u0131ndan Frans\u0131z dili kafedras\u0131n\u0131n dosenti v\u0259zif\u0259zind\u0259 \u00e7al\u0131\u015f\u0131r<\/p>\n\n\n\n<p>T\u018fDQ\u0130QAT SAH\u018fS\u0130<\/p>\n\n\n\n<p>5718.01D\u00fcnya \u0259d\u0259biyyat\u0131\n(frans\u0131z&nbsp; \u0259d\u0259biyyat\u0131)<\/p>\n\n\n\n<p>Elmi \u0259s\u0259rl\u0259ri<\/p>\n\n\n\n<p>La cruaut\u00e9,\nl`hypocrisie et l`avarice dans les nouvelles realists de Guy de Maupassant. Az\u0259rbaycan\nMilli Elml\u0259r Akademiyas\u0131 M.F\u00fczuli ad\u0131na \u018flyazmalar \u0130ntitutu.Filologiya m\u0259s\u0259l\u0259l\u0259ri.Elm\nv\u0259 t\u0259hsil n\u0259\u015friyyat\u0131 Bak\u0131. 2016. \u0130SSN\n2224-9257www.filologiyameseleleri.net<\/p>\n\n\n\n<p>Azerbaijan in\nthe works of french writers and travelers. Kazakh National Pedagogical\nUniversity after Abai. Series\n\u201cPhilological sciences&nbsp; Kazakhstan,\nAlmata. 2017 \u0130SSN 1728-7804 <\/p>\n\n\n\n<p>La description des\ncouleurs dans les po\u00e8mes francais et azerbaidjanais. Az\u0259rbaycan Respublikas\u0131 T\u0259hsil\nNazirliyi G\u0259nc\u0259 D\u00f6vl\u0259t Universiteti\u201cElmi X\u0259b\u0259rl\u0259r\u201d m\u0259cmu\u0259si.Fundamental,Humanitar\nv\u0259 T\u0259bi\u0259t Elml\u0259ri Seriyas\u0131.2018<\/p>\n\n\n\n<p>Fransada\nMaarif\u00e7ilik d\u00f6vr\u00fc. Frans\u0131z Maarif\u00e7il\u0259ri. Nax\u00e7\u0131van Universiteti\u201cElmi \u0259s\u0259rl\u0259r\u201d m\u0259cmu\u0259si<\/p>\n\n\n\n<p>Nax\u00e7\u0131van, \u201cNUH\u201d2019.&nbsp; \u0130SSN&nbsp;\n2616-4248 nu.edu.az\/elmieserler\/jurnal12.pdf<\/p>\n\n\n\n<p>EXAMPLES OF\nAZERBAIJANI LITERATURE STUDIES IN FRENCH LITERATURE. Europian Science\nReview.The European Journal of Humanities and social sciences\u0130ncluded to:&nbsp; \u0130ndex Copernicus.Global \u0130mpact Factor Austria,\nVienna. 2020 (March \u2013 April) ISSN 2310-5577\nhttps:\/\/doi.org\/10.29013\/ESR-20-5.6-81-84<\/p>\n\n\n\n<p>Dahi Az\u0259rbaycan\n\u015fairi Nizami G\u0259nc\u0259vinin&nbsp; yarad\u0131c\u0131l\u0131\u011f\u0131nda\nd\u00fcny\u0259vi v\u0259 h\u0259mi\u015f\u0259m\u00fcasir \u00e7a\u011f\u0131r\u0131\u015flar. AEM<\/p>\n\n\n\n<p>Elmi \u0130\u015f Beyn\u0259lxalq\nElmi Jurnal \u0130mpact Factor.2021. \u0130SSN :2663-4619 e-\u0130SSN :2708-986X<\/p>\n\n\n\n<p>DOI:\nhttps:\/\/www.doi.org\/10.36719\/2663-4619\/68\/32-38<\/p>\n\n\n\n<p>AZERBAIJANI POET\nAND PHILOSOPHER NIZAMI GANJAVI IN&nbsp;\nFRENCH&nbsp; LITERATURE. \u041c\u0456\u043d\u0456\u0441\u0442\u0435\u0440\u0441\u0442\u0432\u043e \u043e\u0441\u0432\u0456\u0442\u0438 \u0456 \u043d\u0430\u0443\u043a\u0438 \u0423\u043a\u0440\u0430\u0457\u043d\u0438\u0417\u0430\u043f\u043e\u0440\u0456\u0437\u044c\u043a\u0438\u0439 \u043d\u0430\u0446\u0456\u043e\u043d\u0430\u043b\u044c\u043d\u0438\u0439 \u0443\u043d\u0456\u0432\u0435\u0440\u0441\u0438\u0442\u0435\u0442Collection of scientific papers \u201cNew Philology\u201d. \u0417\u0430\u043f\u043e\u0440\u0456\u0437\u044c\u043a\u0438\u0439 \u043d\u0430\u0446\u0456\u043e\u043d\u0430\u043b\u044c\u043d\u0438\u0439 \u0443\u043d\u0456\u0432\u0435\u0440\u0441\u0438\u0442\u0435\u0442, 2021\u0412\u0438\u0434\u0430\u0432\u043d\u0438\u0447\u0438\u0439 \u0434\u0456\u043c\u00ab\u0413\u0435\u043b\u044c\u0432\u0435\u0442\u0438\u043a\u0430\u00bb \u041c\u0435\u0436\u0434\u0443\u043d\u0430\u0440\u043e\u0434\u043d\u0430\u044f \u0438\u043d\u0434\u0435\u043a\u0441\u0430\u0446\u0438\u044f:&nbsp; Index\nCopernicus, ERIH PLUS. 2021. ISSN 2414-1135<\/p>\n\n\n\n<p>UDC 811.1\/2 DOI\nhttps:\/\/doi.org\/10.26661\/2414-1135-2021-83-1<\/p>\n\n\n\n<p>K\u0130TABLAR V\u018f D\u018fRS\nV\u018fSA\u0130TL\u018fR\u0130<\/p>\n\n\n\n<p>Frans\u0131z \u0259d\u0259biyyat\u0131\n\u201c f\u0259nnind\u0259n proqram Az\u0259rbaycan Respublikas\u0131 T\u0259hsil Nazirliyinin 20.05.2016 &#8211; c\u0131\nil 320 sayl\u0131 \u0259mri il\u0259 qrif alm\u0131\u015fd\u0131r.G\u0259nc\u0259.Star \u00e7ap evi.<\/p>\n\n\n\n<p>\u201d\u018fd\u0259biyyat n\u0259z\u0259riyy\u0259si\u201d\nf\u0259nn proqram\u0131. G\u0259nc\u0259 D\u00f6vl\u0259t Universitetinin 19.04.2017-ci il tarixli 5\/107\nsayl\u0131 \u0259mri&nbsp; v\u0259 Xarici Dill\u0259r Fak\u00fclt\u0259sinin\nElmi \u015euras\u0131n\u0131n 31 yanvar 2017-ci il tarixli 05 sayl\u0131 protokol una&nbsp; \u0259sas\u0259n \u00e7ap edilmi\u015fdir.<\/p>\n\n\n\n<p>\u201d\u015e\u0259rq motivl\u0259ri\nXIX \u0259sr frans\u0131z \u0259d\u0259biyyat\u0131nda\u201d G\u0259nc\u0259 D\u00f6vl\u0259t Universitetinin Elmi \u015euras\u0131n\u0131n\n25.09.2017-ci il tarixli q\u0259rar\u0131 (protokol 07) il\u0259 \u00e7ap olunur.Elm v\u0259 T\u0259hsil.Bak\u0131\n2017<\/p>\n\n\n\n<p>\u0130xtisas \u00f6lk\u0259sinin\n\u0259d\u0259biyyat\u0131\u201d ( frans\u0131z \u0259d\u0259biyyat\u0131) adl\u0131 d\u0259rs v\u0259saiti. GDU \u2013nun 19.04.2019-cu il\ntarixli 07 sayl\u0131 protokoluna \u0259sas\u0259n t\u0259sdiq olunmu\u015fdur.G\u0259nc\u0259. Star \u00e7ap evi.2019.272\ns\u0259h.<\/p>\n\n\n\n<p>Xarici dild\u0259\n(Frans\u0131z dili) kommunikativ dil t\u0259limi. Magistratura pill\u0259si \u00fc\u00e7\u00fcn f\u0259nn\nproqram\u0131.2021. 14.07.2021 tarixli 5\/241 sayl\u0131 \u0259mrind\u0259n \u00e7\u0131xar\u0131\u015f.<\/p>\n\n\n\n<p>Frans\u0131z dilind\u0259\nplanla\u015fd\u0131rma v\u0259 qiym\u0259tl\u0259ndirm\u0259nin metodikas\u0131. Magistratura pill\u0259si \u00fc\u00e7\u00fcn f\u0259nn\nproqram\u0131. 2021.14.07.2021 tarixli 5\/241 sayl\u0131 \u0259mrind\u0259n \u00e7\u0131xar\u0131\u015f\u0131<\/p>\n\n\n\n<p>BEYN\u018fLXALQ V\u018f\nRESPUBL\u0130KA S\u018fV\u0130YY\u018fL\u0130&nbsp; SEM\u0130NAR, S\u0130MPOZ\u0130UM\nV\u018f&nbsp;&nbsp;&nbsp;&nbsp; KONFRANSLARDA \u0130\u015eT\u0130RAKI<\/p>\n\n\n\n<p>\u00dcmumilli lider Heyd\u0259r\n\u018fliyevin anadan olmas\u0131n\u0131n 94 \u2013 c\u00fc ild\u00f6n\u00fcm\u00fcn\u0259 h\u0259sr olunmu\u015f \u201cT\u0259bi\u0259t v\u0259 Humanitar\nelm sah\u0259l\u0259rinin inki\u015faf\u0131 probleml\u0259ri \u201cm\u00f6vzusunda&nbsp; Respublika Elmi Konfrans\u0131n\u0131n Materiallar\u0131<\/p>\n\n\n\n<p>Az\u0259rbaycan\nRespublikas\u0131 T\u0259hsil Nazirliyi L\u0259nk\u0259ran D\u00f6vl\u0259t Universiteti.May.2017.\nhttps:\/\/lsu.edu.az\/new\/imgg\/konfrans%202017,%205-6%20may.pdf<\/p>\n\n\n\n<p>XIX \u0259sr frans\u0131z \u0259d\u0259biyyat\u0131nda\nqad\u0131n obraz\u0131n\u0131n psixoloji s\u0259ciyy\u0259si. II International Ankara Conference of Scientific Researchs.Ankara&nbsp; . March 6-8 2020. ISBN-978-625-7914-49-9<\/p>\n\n\n\n<p>www.ankarakongresi.org<\/p>\n\n\n\n<p>Heyd\u0259r \u018fliyevin\naz\u0259rbaycan\u00e7\u0131l\u0131q ideologiyas\u0131 multikulturalizmin Az\u0259rbaycan modelinin v\u0259 onun\nbeyn\u0259lxalq u\u011furlar\u0131n\u0131n&nbsp; ideoloji \u0259&nbsp; \u0259sas\u0131d\u0131r. Az\u0259rbaycan Dill\u0259r Universiteti.\n\u00dcmumilli lider Heyd\u0259r \u018fliyevin anadan olmas\u0131n\u0131n 97 \u2013ci ild\u00f6n\u00fcm\u00fcn\u0259 h\u0259sr olunmu\u015f\nHeyd\u0259r \u018fliyev: Multikulturalizm v\u0259 tolrantl\u0131q idealogiyas\u0131 III Beyn\u0259lxalq Elmi\nKonfrans M\u0259ruz\u0259l\u0259rin Tezisl\u0259ri. Bak\u0131. M\u00fct\u0259rcim5- 6 May 2020. ISBN\n978-9952-37-535-0<\/p>\n\n\n\n<figure class=\"wp-block-embed\"><div class=\"wp-block-embed__wrapper\">\nhttp:\/\/217.64.17.124:8080\/xmlui\/handle\/123456789\/1048\n<\/div><\/figure>\n\n\n\n<p>\u018fhm\u0259db\u0259y\nA\u011fao\u011flunun turan\u00e7\u0131l\u0131q d\u00fc\u015f\u00fcnc\u0259sinin \u015eu\u015fa- Paris m\u0259rh\u0259l\u0259si. GDU \u201c \u015eu\u015fa ili\u201dBeyn\u0259lxalq Elmi Konfrans.Noyabr 2022<\/p>\n\n\n\n<p>T\u0259ltifl\u0259r<\/p>\n\n\n\n<p>Formation pour\nprofesseur et formateurs de FLE&nbsp; France,\nBesan\u00e7on\u2013 29\/07\/2013- 22\/08\/2013<\/p>\n\n\n\n<p>Attestation village\nfran\u00e7ais-2013<\/p>\n\n\n\n<p>Attestation village\nfran\u00e7ais-2015<\/p>\n\n\n\n<p>Attestaion village\nfran\u00e7ais- 2017<\/p>\n\n\n\n<p>Atestation village\nfran\u00e7ais-2021<\/p>\n\n\n\n<p>Az\u0259rbaycan&nbsp; Respublikas\u0131 T\u0259hsil Nazirliyi\u201d \u0130lin pe\u015f\u0259kar g\u0259nci\u201d\nm\u00fcsabiq\u0259sind\u0259&nbsp; f\u0259al i\u015ftirak\u0131na&nbsp; g\u00f6r\u0259. 2017<\/p>\n\n\n\n<p>Az\u0259rbaycan T\u0259hsil\n\u0130\u015f\u00e7il\u0259ri Azad H\u0259mkarlar \u0130ttifaq\u0131\u201d \u0130lin pe\u015f\u0259kar g\u0259nci\u201d m\u00fcsabiq\u0259sind\u0259 qazand\u0131\u011f\u0131\nu\u011furlara&nbsp; g\u00f6r\u0259. 2021<\/p>\n\n\n\n<p>Formation\np\u00e9dagogique et interculturelle pour professeurs de fran\u00e7ais langue \u00e9trang\u00e8re et\nseconde. France, Nice- 15\/07\/2022-22\/07\/2022<\/p>\n\n\n\n<p>Dil bilgisi<\/p>\n\n\n\n<p>Frans\u0131z, ingilis,\nrus, t\u00fcrk<\/p>\n\n\n\n<p>Partiyal\u0131l\u0131\u011f\u0131<\/p>\n\n\n\n<p>Yeni Az\u0259rbaycan\nPartiyas\u0131<\/p>\n","protected":false},"excerpt":{"rendered":"<p>&nbsp;&nbsp;&nbsp;&nbsp;&nbsp;&nbsp;&nbsp;&nbsp;&nbsp;&nbsp;&nbsp;&nbsp;&nbsp;&nbsp;&nbsp;&nbsp; &nbsp;&nbsp;G\u0259nc\u0259 D\u00f6vl\u0259t Universitetinin Frans\u0131z dili&nbsp; kafedras\u0131n\u0131n &nbsp;&nbsp;&nbsp;&nbsp;&nbsp;&nbsp;&nbsp;&nbsp;&nbsp;&nbsp;&nbsp;&nbsp;&nbsp;&nbsp;&nbsp;&nbsp;&nbsp;&nbsp;&nbsp;&nbsp;&nbsp;&nbsp;&nbsp;&nbsp;&nbsp;&nbsp;&nbsp;&nbsp; Dosent \u018fliyeva Ayg\u00fcn \u0130lham&nbsp; q\u0131z\u0131 V\u0259zif\u0259si: dosent GDU- nun Frans\u0131z dili kafedras\u0131n\u0131n dosenti, filologiya \u00fczr\u0259 f\u0259ls\u0259f\u0259 doktoru Telefon:051-777-20-47 E-mail: aygun.alizade1985@yahoo.fr QISA B\u0130OQRAF\u0130K M\u018fLUMAT 1985- ci ild\u0259 24 apreld\u0259 G\u0259nc\u0259 \u015f\u0259h\u0259rind\u0259 anadan olmu\u015fdur 1991-2001- ci ill\u0259rd\u0259 G\u0259nc\u0259 \u015f\u0259h\u0259r 14 sayl\u0131 orta m\u0259kt\u0259bd\u0259 t\u0259hsil alm\u0131\u015fd\u0131r Ail\u0259lidir, iki \u00f6vlad\u0131 var [&hellip;]<\/p>\n","protected":false},"author":4,"featured_media":0,"parent":0,"menu_order":0,"comment_status":"closed","ping_status":"closed","template":"","meta":{"footnotes":""},"categories":[],"tags":[],"class_list":["post-790","page","type-page","status-publish","hentry"],"_links":{"self":[{"href":"http:\/\/xdf.gdu.edu.az\/index.php?rest_route=\/wp\/v2\/pages\/790","targetHints":{"allow":["GET"]}}],"collection":[{"href":"http:\/\/xdf.gdu.edu.az\/index.php?rest_route=\/wp\/v2\/pages"}],"about":[{"href":"http:\/\/xdf.gdu.edu.az\/index.php?rest_route=\/wp\/v2\/types\/page"}],"author":[{"embeddable":true,"href":"http:\/\/xdf.gdu.edu.az\/index.php?rest_route=\/wp\/v2\/users\/4"}],"replies":[{"embeddable":true,"href":"http:\/\/xdf.gdu.edu.az\/index.php?rest_route=%2Fwp%2Fv2%2Fcomments&post=790"}],"version-history":[{"count":4,"href":"http:\/\/xdf.gdu.edu.az\/index.php?rest_route=\/wp\/v2\/pages\/790\/revisions"}],"predecessor-version":[{"id":14416,"href":"http:\/\/xdf.gdu.edu.az\/index.php?rest_route=\/wp\/v2\/pages\/790\/revisions\/14416"}],"wp:attachment":[{"href":"http:\/\/xdf.gdu.edu.az\/index.php?rest_route=%2Fwp%2Fv2%2Fmedia&parent=790"}],"wp:term":[{"taxonomy":"category","embeddable":true,"href":"http:\/\/xdf.gdu.edu.az\/index.php?rest_route=%2Fwp%2Fv2%2Fcategories&post=790"},{"taxonomy":"post_tag","embeddable":true,"href":"http:\/\/xdf.gdu.edu.az\/index.php?rest_route=%2Fwp%2Fv2%2Ftags&post=790"}],"curies":[{"name":"wp","href":"https:\/\/api.w.org\/{rel}","templated":true}]}}