{"id":724,"date":"2016-04-12T06:11:17","date_gmt":"2016-04-12T04:11:17","guid":{"rendered":"http:\/\/xd.gdu.edu.az\/?page_id=724"},"modified":"2023-05-22T08:26:02","modified_gmt":"2023-05-22T06:26:02","slug":"k%c9%99rimli-ayt%c9%99n-tahir-qizi","status":"publish","type":"page","link":"http:\/\/xdf.gdu.edu.az\/?page_id=724","title":{"rendered":"K\u0259rimli Ayt\u0259n Tahir q\u0131z\u0131"},"content":{"rendered":"\n<div class=\"wp-block-image\"><figure class=\"aligncenter size-large is-resized\"><img loading=\"lazy\" decoding=\"async\" src=\"http:\/\/xdf.gdu.edu.az\/wp-content\/uploads\/2023\/05\/k-ayten.jpg\" alt=\"\" class=\"wp-image-12019\" width=\"217\" height=\"297\"\/><\/figure><\/div>\n\n\n<p><strong>K\u0259rimli Ayt\u0259n Tahir q.<\/strong><\/p>\n<p><strong>V\u0259zif\u0259si: <\/strong>ba\u015f m\u00fc\u0259llim<\/p>\n<p><strong>TEL: <\/strong>0506817904<\/p>\n<p><strong>E-MAIL: <\/strong>aytenkerimli14@gmail.com<\/p>\n<p><strong>QISA B\u0130OQRAF\u0130K M\u018fLUMAT:<\/strong><\/p>\n<ul>\n<li>1984-c\u00fc il 6 sentyabrda G\u0259nc\u0259 \u015f\u0259h\u0259rind\u0259 anadan olmu\u015fdur.<\/li>\n<li>1990-2001-ci ill\u0259rd\u0259 G\u0259nc\u0259 \u015f\u0259h\u0259r A. Abbaszad\u0259 ad\u0131na 20 sayl\u0131 d\/yol orta m\u0259kt\u0259bind\u0259 t\u0259hsil alm\u0131\u015f v\u0259 h\u0259min m\u0259kt\u0259bi bitirmi\u015fdir.<\/li>\n<\/ul>\n<p><strong>T\u018fHS\u0130L\u0130, ELM\u0130 D\u018fR\u018fC\u018fS\u0130 V\u018f ELM\u0130 ADLARI:<\/strong><\/p>\n<ul>\n<li>2002-2006-c\u0131 ill\u0259rd\u0259 Az\u0259rbaycan Dill\u0259r Universitetinin \u201cDil\u015f\u00fcnasl\u0131q\u201d istiqam\u0259tinin \u201cT\u0259rc\u00fcm\u0259\u201d ixtisas\u0131 \u00fczr\u0259 bakalavr d\u0259r\u0259c\u0259si alm\u0131\u015fd\u0131r.<\/li>\n<li>2007-2009-cu ill\u0259rd\u0259 G\u0259nc\u0259 D\u00f6vl\u0259t Universitetinin \u201cDil\u015f\u00fcnasl\u0131q\u201d istiqam\u0259tinin \u201cT\u0259rc\u00fcm\u0259 n\u0259z\u0259riyy\u0259si v\u0259 dill\u0259raras\u0131 \u0259laq\u0259\u201d ixtisasla\u015fmas\u0131 \u00fczr\u0259 magistr d\u0259r\u0259c\u0259si alm\u0131\u015fd\u0131r.<\/li>\n<li>28 mart 2016-c\u0131 il tarixli 3\/79 sayl\u0131 \u0259mril\u0259 f\u0259ls\u0259f\u0259 doktoru proqram\u0131 \u0259sas\u0131nda G\u0259nc\u0259 D\u00f6vl\u0259t Universitetinin 5706.01 \u201cAz\u0259rbaycan dili\u201c ixtisas\u0131 \u00fczr\u0259 dissertant q\u0259bul olunmu\u015fdur.<\/li>\n<\/ul>\n<p><strong>\u018fM\u018fK\u00a0 F\u018fAL\u0130YY\u018fT\u0130<\/strong><\/p>\n<ul>\n<li>2010-2011-ci ill\u0259rd\u0259 G\u0259nc\u0259 D\u00f6vl\u0259t Universitetinin \u201cXarici dill\u0259r\u201d fakult\u0259sinin \u201cPraktik Xarici dill\u0259r\u201d kafedras\u0131nda staj\u00e7\u0131 m\u00fc\u0259llim.<\/li>\n<li>2011-ci ild\u0259n G\u0259nc\u0259 D\u00f6vl\u0259t Universitetinin \u201cXarici dill\u0259r\u201d fakult\u0259sinin \u201cPraktik Xarici dill\u0259r\u201d kafedras\u0131nda m\u00fc\u0259llim.<\/li>\n<li>2016-c\u0131 ild\u0259n G\u0259nc\u0259 D\u00f6vl\u0259t Universitetinin \u201cPraktik Xarici Dill\u0259r\u201d kafedras\u0131nda ba\u015f m\u00fc\u0259llim.<\/li>\n<\/ul>\n<p><strong>T\u018fDQ\u0130QAT SAH\u018fS\u0130<\/strong><\/p>\n<ul>\n<li>M\u00fcasir T\u00fcrkiy\u0259 t\u00fcrkc\u0259sind\u0259n Az\u0259rbaycan dilin\u0259 ke\u00e7m\u0259 s\u00f6zl\u0259rin funksional x\u00fcsusiyy\u0259tl\u0259ri<\/li>\n<\/ul>\n<p><strong>Elmi \u0259s\u0259rl\u0259ri:<\/strong><\/p>\n<p>23 elmi \u0259s\u0259rin\u00a0 m\u00fc\u0259llifidir.<\/p>\n<ol>\n<li>\u201cActivating Communication\u201d &#8211; GDU Elmi X\u0259b\u0259rl\u0259r. G\u0259nc\u0259 2011.<\/li>\n<li>\u201cT\u0259rc\u00fcm\u0259nin n\u00f6vl\u0259ri\u201d \u2013 GDU Elmi X\u0259b\u0259rl\u0259r. G\u0259nc\u0259 2013<\/li>\n<li>\u201cDilin \u00f6yr\u0259nilm\u0259sind\u0259 sinifd\u0259nxaric oxunun rolu\u201d &#8211; GDU Elmi X\u0259b\u0259rl\u0259r. G\u0259nc\u0259 2013<\/li>\n<li>\u201cTeaching English in the 21st century\u201d \u2013 GDU Elmi X\u0259b\u0259rl\u0259r. G\u0259nc\u0259 2014<\/li>\n<li>\u201cT\u0259rc\u00fcm\u0259 pe\u015f\u0259si\u201d &#8211; GDU Elmi X\u0259b\u0259rl\u0259r. G\u0259nc\u0259 2015<\/li>\n<li>\u201cBest practices in online teaching\u201d. GDU Elmi X\u0259b\u0259rl\u0259r G\u0259nc\u0259 2016<\/li>\n<li>\u201cT\u0259rc\u00fcm\u0259\u00e7il\u0259rin pe\u015f\u0259 t\u0259limi\u201d. GDU Elmi X\u0259b\u0259rl\u0259r G\u0259nc\u0259 2016<\/li>\n<li>\u201cAz\u0259rbaycan dilin\u0259 M\u00fcasir T\u00fcrkiy\u0259 t\u00fcrkc\u0259sind\u0259n ke\u00e7m\u0259 s\u00f6zl\u0259rin funksional x\u00fcsusiyy\u0259tl\u0259ri\u201d, Az\u0259rbaycan Milli Elml\u0259r Akademiyas\u0131 M.F\u00fczuli ad\u0131na \u018flyazmalar \u0130nstitutu. Filologiya m\u0259s\u0259l\u0259l\u0259ri \u211611, Bak\u0131 2016<\/li>\n<li>\u201cT\u00fcrkiy\u0259 T\u00fcrkc\u0259sind\u0259n ke\u00e7\u0259n s\u00f6zl\u0259rin Az\u0259rbaycan dilin\u0259 fonetik v\u0259 qrafik c\u0259h\u0259td\u0259n uy\u011funla\u015fmas\u0131\u201d, Bak\u0131 Slavyan Universiteti. Humanitar elml\u0259rin \u00f6yr\u0259nilm\u0259sinin aktual probleml\u0259ri. Ali m\u0259kt\u0259bl\u0259raras\u0131 elmi m\u0259qal\u0259l\u0259r m\u0259cmu\u0259si, \u2013 2018. \u2116 1<\/li>\n<li>\u201cT\u00fcrkiy\u0259 T\u00fcrkc\u0259sind\u0259n ke\u00e7\u0259n s\u00f6zl\u0259rin Az\u0259rbaycan dilin\u0259 leksik-semantik c\u0259h\u0259td\u0259n uy\u011funla\u015fmas\u0131\u201d, Bak\u0131: Az\u0259rbaycan Milli Elml\u0259r Akademiyas\u0131 N\u0259simi ad\u0131na Dil\u00e7ilik \u0130nstitutu. T\u0259dqiql\u0259r, \u2013 2018. \u2116 1<\/li>\n<li>\u201cT\u00fcrkiy\u0259 t\u00fcrkc\u0259sind\u0259n g\u0259l\u0259n s\u00f6zl\u0259rin Az\u0259rbaycan dilind\u0259 morfoloji c\u0259h\u0259td\u0259n m\u0259nims\u0259nilm\u0259si\u201d, B.\u00c7obanzad\u0259nin 125 illik yubileyin\u0259 h\u0259sr olunmu\u015f \u201cAz\u0259rbaycan dili: d\u00fcn\u0259n v\u0259 bu g\u00fcn\u201d m\u00f6vzusunda Beyn\u0259lxalq elmi konfrans\u0131n materiallar\u0131, Bak\u0131 D\u00f6vl\u0259t Universiteti.\u00a0 Bak\u0131 2018.<\/li>\n<li>\u201cT\u00fcrkiy\u0259 t\u00fcrkc\u0259sind\u0259n g\u0259l\u0259n s\u00f6zl\u0259rin Az\u0259rbaycan dilind\u0259 sintaktik c\u0259h\u0259td\u0259n m\u0259nims\u0259nilm\u0259si\u201d, AMEA- n\u0131n N\u0259simi ad\u0131na Dil\u00e7ilik \u0130nstitutu. T\u0259dqiql\u0259r, Bak\u0131 2019, \u21164<\/li>\n<li>\u201cT\u00fcrkiy\u0259 t\u00fcrkc\u0259sind\u0259n dilimiz\u0259 ke\u00e7mi\u015f leksik vahidl\u0259rin s\u00f6z birl\u0259\u015fm\u0259l\u0259rinin t\u0259r\u0259fl\u0259rin\u0259 uy\u011funla\u015fmas\u0131\u201d, GDU-Elmi X\u0259b\u0259rl\u0259r. Fundamental, humanitar v\u0259 t\u0259bi\u0259t elml\u0259ri seriyas\u0131, \u2116 3 G\u0259nc\u0259 2019<\/li>\n<\/ol>\n<p>14.\u201cT\u00fcrkiy\u0259 t\u00fcrkc\u0259sind\u0259n ke\u00e7\u0259n s\u00f6zl\u0259rd\u0259 funksional \u00fcslub g\u00f6st\u0259ricil\u0259ri\u201d, Bak\u0131 Slavyan Universiteti \u201cElmi \u018fs\u0259rl\u0259r\u201d Dil v\u0259 \u0259d\u0259biyyat seriyas\u0131, \u2116 2, Bak\u0131 \u015f. 2020<\/p>\n<ol start=\"15\">\n<li>\u201cAz\u0259rbaycan v\u0259 t\u00fcrk dili s\u00f6zl\u0259rind\u0259 leksik-semantik diferensialla\u015fma\u201d, GDU. Elmi X\u0259b\u0259rl\u0259r. Fundamental, humanitar v\u0259 t\u0259bi\u0259t elml\u0259ri seriyas\u0131, \u2013 2020. \u2116 2<\/li>\n<li>\u201cNew replacement tendencies in the dictionary of modern Azerbaijani language (words through the Turkish language)\u201d \/\/ \u2013 \u0412\u0427\u0415\u041d\u0406 \u0417\u0410\u041f\u0418\u0421\u041a\u0418 \u0422\u0430\u0432\u0440\u0456\u0439\u0441\u044c\u043a\u043e\u0433\u043e \u043d\u0430\u0446\u0456\u043e\u043d\u0430\u043b\u044c\u043d\u043e\u0433\u043e \u0443\u043d\u0456\u0432\u0435\u0440\u0441\u0438\u0442\u0435\u0442\u0443 \u0456\u043c\u0435\u043d \u0456 \u0412. \u0406. \u0412\u0435\u0440\u043d\u0430\u0434\u0441\u044c\u043a\u043e\u0433\u043e \u0421\u0435\u0440\u0456\u044f: \u0424\u0456\u043b\u043e\u043b\u043e\u0433\u0456\u044f. \u0416\u0443\u0440\u043d\u0430\u043b\u0456\u0441\u0442\u0438\u043a\u0430, \u0422\u043e\u043c 32 (71), \u2116 1, 2021<\/li>\n<li>\u201cFeatures of the functional content of words transmitted from the Turkish language\u201d \/ \u0410\u0433\u0435\u043d\u0442\u0441\u0442\u0432\u043e \u041c\u0435\u0436\u0434\u0443\u043d\u0430\u0440\u043e\u0434\u043d\u044b\u0445 \u0418\u0441\u0441\u043b\u0435\u0434\u043e\u0432\u0430\u043d\u0438\u0439. \u041a\u043e\u043e\u043f\u0435\u0440\u0430\u0446\u0438\u044f \u043d\u0430\u0443\u043a\u0438 \u0438 \u043e\u0431\u0449\u0435\u0441\u0442\u0432\u0430: \u043f\u0440\u043e\u0431\u043b\u0435\u043c\u044b \u0438 \u043f\u0435\u0440\u0441\u043f\u0435\u043a\u0442\u0438\u0432\u044b. \u0421\u0431\u043e\u0440\u043d\u0438\u043a \u0441\u0442\u0430\u0442\u0435\u0439 \u043f\u043e \u0438\u0442\u043e\u0433\u0430\u043c \u041c\u0435\u0436\u0434\u0443\u043d\u0430\u0440\u043e\u0434\u043d\u043e\u0439 \u043d\u0430\u0443\u0447\u043d\u043e-\u043f\u0440\u0430\u043a\u0442\u0438\u0447\u0435\u0441\u043a\u043e\u0439 \u043a\u043e\u043d\u0444\u0435\u0440\u0435\u043d\u0446\u0438\u0438 \u0421\u0442\u0435\u0440\u043b\u0438\u0442\u0430\u043c\u0430\u043a, \u0420\u043e\u0441\u0441\u0438\u0439\u0441\u043a\u0430\u044f \u0424\u0435\u0434\u0435\u0440\u0430\u0446\u0438\u044f \u041c\u0406\u041d\u0406\u0421\u0422\u0415\u0420\u0421\u0422\u0412\u041e \u041e\u0421\u0412\u0406\u0422\u0418 \u0406 \u041d\u0410\u0423\u041a\u0418 \u0423\u041a\u0420\u0410\u0407\u041d\u0418, \u2013 \u0423\u0444\u0430: \u2013 19 \u0444\u0435\u0432\u0440\u0430\u043b\u044f, 2021<\/li>\n<li>\u201cT\u00fcrkiy\u0259 t\u00fcrkc\u0259sind\u0259n ke\u00e7\u0259n s\u00f6z birl\u0259\u015fm\u0259l\u0259rinin b\u0259zi funksional x\u00fcsusiyy\u0259tl\u0259ri\u00bb Sumqay\u0131t d\u00f6vl\u0259t universiteti T\u00fcrkiy\u0259 c\u00fcmhuriyy\u0259ti Hacettepe universiteti T\u00fcrk dill\u0259rinin v\u0259 \u0259d\u0259biyyatinin t\u0259dqiqi v\u0259 T\u0259drisinin aktual probleml\u0259ri\/Beyn\u0259lxalq elmi konfrans, \u21164, Sumqay\u0131t \u015f. 20-21 may 2021<\/li>\n<li>\u201cT\u00fcrk dilind\u0259n ke\u00e7\u0259n s\u00f6zl\u0259rin leksik-semantik funksionall\u0131\u011f\u0131\u201d \/ V Respublika Elmi Qaynaqlar Konfrans\u0131n\u0131n Materiallar\u0131, &#8211; Bak\u0131: &#8211; 30 iyun, &#8211; 2021<\/li>\n<li>\u201cT\u00fcrkiy\u0259 t\u00fcrkc\u0259sind\u0259n ke\u00e7\u0259n d\u00fcz\u0259ltm\u0259 v\u0259 m\u00fcr\u0259kk\u0259b qurulu\u015flu s\u00f6zl\u0259r\u201d \/ Az\u0259rbaycan Respublikas\u0131 Nazirl\u0259r Kabineti yan\u0131nda Terminologiya Komissiyas\u0131. Terminologiya m\u0259s\u0259l\u0259l\u0259ri. Bak\u0131 \u015f. \u21162, 2021<\/li>\n<li>\u201cT\u0259rc\u00fcm\u0259 m\u0259d\u0259niyy\u0259tl\u0259raras\u0131 \u00fcnsiyy\u0259t vasit\u0259si kimi\u201d,GDU \u201cElmi X\u0259b\u0259rl\u0259r\u201d, Fundamental, humanitar v\u0259 t\u0259bi\u0259t elml\u0259ri seriyas\u0131. G\u0259nc\u0259 \u015f. \u21162, 2022<\/li>\n<li>\u201c\u0130ngilis dilind\u0259 idiomlar\u0131n ikinci dil kimi \u00f6yr\u0259nilm\u0259si\u201d GDU \u201cElmi X\u0259b\u0259rl\u0259r\u201d, Fundamental, humanitar v\u0259 t\u0259bi\u0259t elml\u0259ri seriyas\u0131. G\u0259nc\u0259 \u015f. \u21163, 2022<\/li>\n<li>\u201c\u0130ngilis dili d\u0259rsl\u0259rind\u0259 t\u0259hsil texnologiyalar\u0131ndan istifad\u0259<strong>\u201d <\/strong>GDU \u201cElmi X\u0259b\u0259rl\u0259r\u201d, Fundamental, humanitar v\u0259 t\u0259bi\u0259t elml\u0259ri seriyas\u0131. G\u0259nc\u0259 \u015f. \u21163, 2022<\/li>\n<\/ol>\n<p><strong>BEYN\u018fLXALQ V\u018f RESPUBL\u0130KA S\u0130MPOZ\u0130UM V\u018f KONFRANSLARDA \u0130\u015eT\u0130RAKI: <\/strong><\/p>\n<p>Az\u0259rbaycan Respublikas\u0131n\u0131n, el\u0259c\u0259 d\u0259 \u00f6lk\u0259 h\u00fcdudlar\u0131ndan k\u0259narda ke\u00e7irilmi\u015f beyn\u0259lxalq v\u0259 respublika konfranslar\u0131nda i\u015ftirak etmi\u015fdir.<\/p>\n<ul>\n<li>Bak\u0131 D\u00f6vl\u0259t Universiteti, B.\u00c7obanzad\u0259nin 125 illik yubileyin\u0259 h\u0259sr olunmu\u015f \u201cAz\u0259rbaycan dili: d\u00fcn\u0259n v\u0259 bu g\u00fcn\u201d m\u00f6vzusunda Beyn\u0259lxalq elmi konfrans. Bak\u0131 \u015f. 2018<\/li>\n<li>\u041a\u041e\u041e\u041f\u0415\u0420\u0410\u0426\u0418\u042f \u041d\u0410\u0423\u041a\u0418 \u0418 \u041e\u0411\u0429\u0415\u0421\u0422\u0412\u0410:\u041f\u0420\u041e\u0411\u041b\u0415\u041c\u042b \u0418 \u041f\u0415\u0420\u0421\u041f\u0415\u041a\u0422\u0418\u0412\u042b \u0421\u0431\u043e\u0440\u043d\u0438\u043a \u0441\u0442\u0430\u0442\u0435\u0439 \u043f\u043e \u0438\u0442\u043e\u0433\u0430\u043c \u041c\u0435\u0436\u0434\u0443\u043d\u0430\u0440\u043e\u0434\u043d\u043e\u0439 \u043d\u0430\u0443\u0447\u043d\u043e-\u043f\u0440\u0430\u043a\u0442\u0438\u0447\u0435\u0441\u043a\u043e\u0439 \u043a\u043e\u043d\u0444\u0435\u0440\u0435\u043d\u0446\u0438\u0438. \u0421\u0442\u0435\u0440\u043b\u0438\u0442\u0430\u043c\u0430\u043a, \u0420\u043e\u0441\u0441\u0438\u0439\u0441\u043a\u0430\u044f \u0424\u0435\u0434\u0435\u0440\u0430\u0446\u0438\u044f 19 \u0444\u0435\u0432\u0440\u0430\u043b\u044f 2021 \u0433.<\/li>\n<li>AEM \u201cELM\u0130 \u0130\u015e\u201d Beyn\u0259lxalq elmi jurnal, IV Respublika Elmi Qaynaqlar Konfrans\u0131. Bak\u0131 \u015f. 30 iyun 2021<\/li>\n<li>Sumqay\u0131t D\u00f6vl\u0259t Universiteti T\u00fcrkiy\u0259 C\u00fcmhuriyy\u0259ti Hacettepe Universiteti<\/li>\n<\/ul>\n<p>T\u00fcrk dill\u0259rinin v\u0259 \u0259d\u0259biyyatinin t\u0259dqiqi v\u0259 T\u0259drisinin aktual probleml\u0259ri.\u00a0\u00a0\u00a0\u00a0\u00a0\u00a0\u00a0\u00a0 Beyn\u0259lxalq elmi konfrans. Sumqay\u0131t \u015f. 20-21 may 2021<\/p>\n<p>\u00a0<\/p>\n<p><strong>D\u0130L B\u0130LG\u0130S\u0130:<\/strong> Az\u0259rbaycan, ingilis, rus, t\u00fcrk<\/p>\n<p><strong>PART\u0130YA:<\/strong> YAP<\/p>","protected":false},"excerpt":{"rendered":"<p>K\u0259rimli Ayt\u0259n Tahir q. V\u0259zif\u0259si: ba\u015f m\u00fc\u0259llim TEL: 0506817904 E-MAIL: aytenkerimli14@gmail.com QISA B\u0130OQRAF\u0130K M\u018fLUMAT: 1984-c\u00fc il 6 sentyabrda G\u0259nc\u0259 \u015f\u0259h\u0259rind\u0259 anadan olmu\u015fdur. 1990-2001-ci ill\u0259rd\u0259 G\u0259nc\u0259 \u015f\u0259h\u0259r A. Abbaszad\u0259 ad\u0131na 20 sayl\u0131 d\/yol orta m\u0259kt\u0259bind\u0259 t\u0259hsil alm\u0131\u015f v\u0259 h\u0259min m\u0259kt\u0259bi bitirmi\u015fdir. T\u018fHS\u0130L\u0130, ELM\u0130 D\u018fR\u018fC\u018fS\u0130 V\u018f ELM\u0130 ADLARI: 2002-2006-c\u0131 ill\u0259rd\u0259 Az\u0259rbaycan Dill\u0259r Universitetinin \u201cDil\u015f\u00fcnasl\u0131q\u201d istiqam\u0259tinin \u201cT\u0259rc\u00fcm\u0259\u201d ixtisas\u0131 [&hellip;]<\/p>\n","protected":false},"author":4,"featured_media":0,"parent":0,"menu_order":0,"comment_status":"closed","ping_status":"closed","template":"","meta":{"footnotes":""},"categories":[],"tags":[],"class_list":["post-724","page","type-page","status-publish","hentry"],"_links":{"self":[{"href":"http:\/\/xdf.gdu.edu.az\/index.php?rest_route=\/wp\/v2\/pages\/724","targetHints":{"allow":["GET"]}}],"collection":[{"href":"http:\/\/xdf.gdu.edu.az\/index.php?rest_route=\/wp\/v2\/pages"}],"about":[{"href":"http:\/\/xdf.gdu.edu.az\/index.php?rest_route=\/wp\/v2\/types\/page"}],"author":[{"embeddable":true,"href":"http:\/\/xdf.gdu.edu.az\/index.php?rest_route=\/wp\/v2\/users\/4"}],"replies":[{"embeddable":true,"href":"http:\/\/xdf.gdu.edu.az\/index.php?rest_route=%2Fwp%2Fv2%2Fcomments&post=724"}],"version-history":[{"count":2,"href":"http:\/\/xdf.gdu.edu.az\/index.php?rest_route=\/wp\/v2\/pages\/724\/revisions"}],"predecessor-version":[{"id":12067,"href":"http:\/\/xdf.gdu.edu.az\/index.php?rest_route=\/wp\/v2\/pages\/724\/revisions\/12067"}],"wp:attachment":[{"href":"http:\/\/xdf.gdu.edu.az\/index.php?rest_route=%2Fwp%2Fv2%2Fmedia&parent=724"}],"wp:term":[{"taxonomy":"category","embeddable":true,"href":"http:\/\/xdf.gdu.edu.az\/index.php?rest_route=%2Fwp%2Fv2%2Fcategories&post=724"},{"taxonomy":"post_tag","embeddable":true,"href":"http:\/\/xdf.gdu.edu.az\/index.php?rest_route=%2Fwp%2Fv2%2Ftags&post=724"}],"curies":[{"name":"wp","href":"https:\/\/api.w.org\/{rel}","templated":true}]}}