{"id":651,"date":"2016-04-11T14:20:26","date_gmt":"2016-04-11T12:20:26","guid":{"rendered":"http:\/\/xd.gdu.edu.az\/?page_id=651"},"modified":"2023-05-26T08:53:43","modified_gmt":"2023-05-26T06:53:43","slug":"muslumova-ofelya-surxay-qizi","status":"publish","type":"page","link":"http:\/\/xdf.gdu.edu.az\/?page_id=651","title":{"rendered":"M\u00fcsl\u00fcmova Ofelya Surxay q\u0131z\u0131"},"content":{"rendered":"\n<div class=\"wp-block-image\"><figure class=\"aligncenter size-large is-resized\"><img loading=\"lazy\" decoding=\"async\" src=\"http:\/\/xdf.gdu.edu.az\/wp-content\/uploads\/2023\/05\/IMG_2141.jpg\" alt=\"\" class=\"wp-image-12258\" width=\"250\" height=\"350\" srcset=\"http:\/\/xdf.gdu.edu.az\/wp-content\/uploads\/2023\/05\/IMG_2141.jpg 1089w, http:\/\/xdf.gdu.edu.az\/wp-content\/uploads\/2023\/05\/IMG_2141-768x1075.jpg 768w\" sizes=\"auto, (max-width: 250px) 100vw, 250px\" \/><\/figure><\/div>\n\n\n\n<p><strong>Xarici dill\u0259r fak\u00fclt\u0259sinin<\/strong><strong>Alman\ndili kafedras\u0131n\u0131n ba\u015f m\u00fc\u0259llimi, filologiya\u00fczr\u0259 f\u0259ls\u0259f\u0259 doktoruM\u00fcsl\u00fcmovaOfelya\nSurxay q\u0131z\u0131<\/strong><\/p>\n\n\n\n<p><strong>Telefon;<\/strong>050-640-41-47<\/p>\n\n\n\n<p><strong>E-mail:<\/strong>ofelya <a href=\"mailto:muslova@inboks.ru\">muslova@inboks.ru<\/a><\/p>\n\n\n\n<p><a><strong>QISA B\u0130OQRAF\u0130K M\u018fLUMAT<\/strong><\/a><\/p>\n\n\n\n<ul class=\"wp-block-list\"><li>21noyabr 1956-c\u0131 ild\u0259 G\u00f6yg\u00f6l(Xanlar) \u015f\u0259h\u0259rind\u0259 anadan olub.Ail\u0259lidir, \u00fc\u00e7 \u00f6vlad\u0131\nvar.2001-ci ild\u0259n YAP-\u0131n \u00fczv\u00fcd\u00fcr<\/li><\/ul>\n\n\n\n<p><a><strong>T\u018fHS\u0130L\u0130,\nELM\u0130 D\u018fR\u018fC\u018fS\u0130 V\u018f ELM\u0130 ADLARI<\/strong><\/a><strong><\/strong><\/p>\n\n\n\n<ul class=\"wp-block-list\"><li>1972-ci ild\u0259G\u00f6yg\u00f6l(Xanlar) \u015f\u0259h\u0259ri, 3sayl\u0131 orta m\u0259kt\u0259bi &nbsp;f\u0259rql\u0259nm\u0259 attestat\u0131 il\u0259 bitirib.<\/li><li>1972-1976-c\u0131 ill\u0259rd\u0259 Bak\u0131 \u015f\u0259h\u0259rind\u0259 Az\u0259rbaycan PedaqojiXarici Dill\u0259r\ninstitunun Alman dili &nbsp;fak\u00fclt\u0259sininAlman\ndili m\u00fc\u0259llimi ixtisas\u0131n\u0131 f\u0259rql\u0259nm\u0259 diplomu il\u0259 bitirib.<\/li><li>2006-2010-c\u00fc ill\u0259rd\u0259 G\u0259nc\u0259 D\u00f6vl\u0259t Universitetind\u0259 Az\u0259rbaycan v\u0259D\u00fcnya\n\u0259d\u0259biyyat\u0131&nbsp; kafedras\u0131n\u0131n dissertant\u0131\nolub.<\/li><li>2017-ci ild\u0259 filologiya \u00fczr\u0259 f\u0259ls\u0259f\u0259\ndoktoru elmi d\u0259r\u0259c\u0259si al\u0131b.<\/li><\/ul>\n\n\n\n<p><strong>\u018fM\u018fK\nF\u018fAL\u0130YY\u018fT\u0130<\/strong><strong><\/strong><\/p>\n\n\n\n<ul class=\"wp-block-list\"><li>1976-1980-c\u00fc ill\u0259rd\u0259 t\u0259yinatla G\u00f6yg\u00f6l rayonu Bal\u00e7\u0131l\u0131 k\u0259nd orta\nm\u0259kt\u0259bind\u0259 alman dili m\u00fc\u0259llimi i\u015fl\u0259yib.<\/li><li>1981-ci ild\u0259n 2000-ci il\u0259 q\u0259d\u0259r G\u0259nc\u0259 \u015f\u0259h\u0259ri 31 sayl\u0131 orta m\u0259kt\u0259bind\u0259\nalman dili ixtisas\u0131 \u00fczr\u0259 m\u00fc\u0259llim i\u015fl\u0259yib<\/li><li>2000-ci &nbsp;ild\u0259n G\u0259nc\u0259 D\u00f6vl\u0259t\nUniversitetin\u0259 m\u00fcsahib\u0259 yolu il\u0259 alman dili m\u00fc\u0259limi kimi f\u0259aliyy\u0259tini davam\netdirmi\u015fdir<\/li><li>2005- ci ild\u0259n 2010-cu il\u0259 q\u0259d\u0259r yeni yarad\u0131lm\u0131\u015fAlman dili\nkafedras\u0131n\u0131n v\u0259 onun a\u00e7\u0131lmas\u0131nda \u00e7ox b\u00f6y\u00fck \u0259m\u0259yi olan bir kadr kimi, bu\nkafedran\u0131n&nbsp; m\u00fcdiri v\u0259zif\u0259sind\u0259\n\u00e7al\u0131\u015fm\u0131\u015fd\u0131r.<\/li><li>2010-cu ild\u0259n Alman dili kafedras\u0131nda\nba\u015f m\u00fc\u0259llim i\u015fl\u0259yir.<\/li><\/ul>\n\n\n\n<p><a><strong>BEYN\u018fLXALQ SEM\u0130NAR, S\u0130MPOZ\u0130UM V\u018f KONFRANSLARDA\n\u0130\u015eT\u0130RAKI<\/strong><\/a><strong><\/strong><\/p>\n\n\n\n<p>1. Some problems of german azerbaijani\nemigration literature. Scope Academie House UK, S.Yorkshire. Sheffield USA, San\nFrancisco, California 2018.<\/p>\n\n\n\n<p>2. Deutsche Botschaft Baku und das Goethe \u0130nstitut.\nDeutschlehrertag in Schamkir, Workshops,\nDiskussion, Partnerarbeit.3-4 Marz 2018<\/p>\n\n\n\n<p>3.Elmi-praktiki\nkonfrans: \u0130nnovativ inki\u015faf. Statistikadan \u0130qtisadiyyata.T\u0259hsild\u0259 innovasiyalar\nhaqq\u0131nda. Bak\u0131 15 dekabr&nbsp; &nbsp;2020-ci il.<\/p>\n\n\n\n<p>4. Nax\u00e7\u0131van M\u00fc\u0259lliml\u0259r \u0130nstitutu. Beyn\u0259lxalq Elmi&nbsp; Konfrans. Xarici dilin \u00f6yr\u0259nilm\u0259sind\u0259 v\u0259&nbsp; v\u0259 \u00f6yr\u0259dilm\u0259sind\u0259 m\u00fc\u0259llimin rolu. Nax\u00e7\u0131van,\n8-9 dekabr &nbsp;&nbsp;2022-ci il<\/p>\n\n\n\n<p><strong>SE\u00c7\u0130LM\u0130\u015e\n\u018fS\u018fRL\u018fR\u0130<\/strong><\/p>\n\n\n\n<p>1. Lesen und Reden in der Fremdsprache (Xarici dild\u0259 oxu\nv\u0259 nitq), D\u0259rsv\u0259saiti, \u00abAYTAC N\u018f\u015eR\u0130YYAT-POL\u0130QRAF\u0130YA\u00bb MMC<strong>&#8211;<\/strong>nin m\u0259tb\u0259\u0259sind\u0259 \u00e7ap edilmi\u015fdir\u00dcnvan: G\u0259nc\u0259 \u015f\u0259h\u0259ri,H.\u018fliyev\nprospekti; 300s\u0259h. 2018<\/p>\n\n\n\n<p>2. Die typologischen\n\u00c4hnlichkeiten der deutsch-aserbaidschanischen Exilliteratur<\/p>\n\n\n\n<p>G\u0259nc\u0259 Elmi X\u0259b\u0259rl\u0259r(1)\n2018, 5s\u0259h.<\/p>\n\n\n\n<p>3. Nizami G\u0259nc\u0259vi-b\u00fct\u00fcn \u0259srl\u0259rin\ndahi \u015fairi v\u0259 m\u00fct\u0259f\u0259kkiri PHILOLOGY International scientific journal. \u21164(16),\n2018 Volgograd, 7s\u0259h.<\/p>\n\n\n\n<p>4. \u0421\u0445\u043e\u0436\u0131 \u0442\u0430&nbsp;\n\u0432\u043c\u0131\u0434\u0131\u043d\u043d\u0131 \u0440\u0438\u0441\u0438 \u043d\u0131\u043c\u0435\u0446\u044a\u043aoi \u0442\u0430 \u0430\u0437\u0435\u0440\u0431\u0430\u0439\u0434\u0436\u0430\u043d\u0441\u043a\u043ei \u0435\u043c\u0131\u0433\u0440\u0430\u0446\u0131\u0439\u043d\u0438\u0445 \u043b\u0131\u0442\u0435\u0440\u0430\u0442\u0443\u0440.\u0412I\u0421\u041d\u0418\u041a\n\u0416\u0418\u0422\u041e\u041c\u0418\u0420\u0421\u041a\u041e\u0413\u041e \u0414\u0415\u0420\u0416\u0410\u0412\u041d\u041e\u0413\u041e \u0423\u041dI\u0412\u0415\u0420\u0421\u0418\u0422\u0415\u0422\u0423 I\u041c\u0415\u041dI I\u0412\u0410\u041d\u0410 \u0424\u0420\u0410\u041d\u041a\u0410&nbsp; \u0416\u0418\u0422\u041e\u041c\u0418\u0420&nbsp;\n-2018&nbsp; s\u0259h 229-234<\/p>\n\n\n\n<p>5.M\u00fchacir\nAz\u0259rbaycan v\u0259 Alman \u0259d\u0259biyyat\u0259n\u0259n b\u0259zi probleml\u0259ri. Beyn\u0259\u0131xalq elmi-n\u0259z\u0259ri\njurnal Dil v\u0259 \u0259d\u0259biyyat 2(86) Bak\u0131 2018 s\u0259h 161-165<\/p>\n\n\n\n<p>6. D\u0259rs plan\u0131nda innovativ\nlayih\u0259l\u0259r, Dil v\u0259 \u0259d\u0259biyyat. Bak\u0131.&nbsp; \u21163(111). 2019<\/p>\n\n\n\n<p>7. &nbsp;Mirz\u0259 \u015e\u0259fi Vazeh yarad\u0131c\u0131l\u0131\u011f\u0131 avropal\u0131lar\u0131n\ng\u00f6z\u00fc&nbsp; il\u0259. Monoqrafiya. \u00abAYTAC N\u018f\u015eR\u0130YYATPOL\u0130QRAF\u0130YA\u00bb\n&nbsp;MMC-nin &nbsp;m\u0259tb\u0259\u0259sind\u0259 \u00e7ap edilmi\u015fdir, 198 s\u0259h.<\/p>\n\n\n\n<p>8. Das Hauptthema &nbsp;der Vertreter der &nbsp;deutsch-aserbaidschanischen &nbsp;Exilliteratur G\u0259nc\u0259 Elmi X\u0259b\u0259rl\u0259r (3) 2019. s\u0259h\n368-373<\/p>\n\n\n\n<p>9. Xarici dild\u0259 haz\u0131rl\u0131\u011f\u0131n tarixi v\u0259 metodologiyas\u0131\n(magistr pill\u0259si \u00fc\u00e7\u00fcn) Proqram (daxili qrifli) \u0259sas f\u0259nn G\u0259nc\u0259 D\u00f6vl\u0259t Universiteti &nbsp;Kafedra v\u0259 Fak\u00fclt\u0259 Elmi \u015euras\u0131nin 11\/24\nsentyabr &nbsp;01-02 protokolunda t\u0259sdiq\nedilmi\u015fdir. 2019 cu il<\/p>\n\n\n\n<p>10. Xarici dild\u0259 (Alman dili) kommunikativ dil t\u0259limi\n(magistr pill\u0259si \u00fc\u00e7\u00fcn) Proqram (daxili qrifli) \u0259sas f\u0259nn G\u0259nc\u0259 D\u00f6vl\u0259t Universiteti Kafedra v\u0259 Fak\u00fclt\u0259 Elmi\n\u015euras\u0131nin 11\/24 sentyabr &nbsp;01-02 &nbsp;protokolunda t\u0259sdiq edilmi\u015fdir. 2019 cu il<\/p>\n\n\n\n<p>11.Xarici dild\u0259 haz\u0131rl\u0131\u011f\u0131n tarixi v\u0259 metodologiyas\u0131\n(magistr pill\u0259si \u00fc\u00e7\u00fcn) Proqram (daxili qrifli) \u0259sas f\u0259nn G\u0259nc\u0259 D\u00f6vl\u0259t Universiteti Kafedra v\u0259 Fak\u00fclt\u0259 Elmi\n\u015euras\u0131nin 11\/24 sentyabr 01-02 protokolunda t\u0259sdiq edilmi\u015fdir.2019cu il<\/p>\n\n\n\n<p>12. Ein Blick auf die Anf\u00e4nge der arabischen\nSprachwissenschaft G\u0259nc\u0259 Elmi X\u0259b\u0259rl\u0259r (1) 2020, s\u0259h 306-312<\/p>\n\n\n\n<p>13. TYPOLOGIKAL IMILARITIES IN GERMAN AND\nAZERBAIJANI EMIGRATION LITERATURE(1900-1945)The Scientific heritage\u2116 79, Vol 3 2021Budapest Hungary \u0130SSN 9215&#8212;0365- s\u0259h 45-49<\/p>\n\n\n\n<p>14. Theoretical &amp;Applied Science Innovative projects\nin the curriculum ISSN\n2308-4944\u2116 4(108)2022 Phiadelphia, USA&nbsp;&nbsp; s\u0259h 40-45<\/p>\n\n\n\n<p>15.\nALMAN V\u018f AZ\u018fRBAYCAN MUHAC\u0130R\u018fT\u018fD\u018fB\u0130YYATININ B\u018fZ\u0130 PROBLEML\u018fR\u0130\u201cElm v\u0259 t\u0259hsil\u201d Bak\u0131.\nFililogiya m\u0259s\u0259l\u0259l\u0259ri \u211615. 2022 &nbsp;s\u0259h 345-349<\/p>\n\n\n\n<p>16. H.Hayne-tan\u0131nm\u0131\u015f\ninqilab\u00e7\u0131 publisist, Dil v\u0259 \u0259d\u0259biyyat 3(120)Beyn\u0259lxalq elmi-n\u0259z\u0259ri jurnalBak\u0131\n2022<\/p>\n\n\n\n<p>17. Colloquium-journal ISSN 2520-6990, ISSN 2520-\n2480. \u2116 12(171),\n2023Warszawa, Polska) Events in Azerbaijani and German Emigration\nliterature-individual approaches and their comparative analysis&nbsp; s\u0259h7.<\/p>\n\n\n\n<p><strong>Dil\nbilgisi<\/strong> <\/p>\n\n\n\n<p>Alman dili, rus dili, t\u00fcrk dili.<\/p>\n","protected":false},"excerpt":{"rendered":"<p>Xarici dill\u0259r fak\u00fclt\u0259sininAlman dili kafedras\u0131n\u0131n ba\u015f m\u00fc\u0259llimi, filologiya\u00fczr\u0259 f\u0259ls\u0259f\u0259 doktoruM\u00fcsl\u00fcmovaOfelya Surxay q\u0131z\u0131 Telefon;050-640-41-47 E-mail:ofelya muslova@inboks.ru QISA B\u0130OQRAF\u0130K M\u018fLUMAT 21noyabr 1956-c\u0131 ild\u0259 G\u00f6yg\u00f6l(Xanlar) \u015f\u0259h\u0259rind\u0259 anadan olub.Ail\u0259lidir, \u00fc\u00e7 \u00f6vlad\u0131 var.2001-ci ild\u0259n YAP-\u0131n \u00fczv\u00fcd\u00fcr T\u018fHS\u0130L\u0130, ELM\u0130 D\u018fR\u018fC\u018fS\u0130 V\u018f ELM\u0130 ADLARI 1972-ci ild\u0259G\u00f6yg\u00f6l(Xanlar) \u015f\u0259h\u0259ri, 3sayl\u0131 orta m\u0259kt\u0259bi &nbsp;f\u0259rql\u0259nm\u0259 attestat\u0131 il\u0259 bitirib. 1972-1976-c\u0131 ill\u0259rd\u0259 Bak\u0131 \u015f\u0259h\u0259rind\u0259 Az\u0259rbaycan PedaqojiXarici Dill\u0259r institunun [&hellip;]<\/p>\n","protected":false},"author":4,"featured_media":0,"parent":0,"menu_order":0,"comment_status":"closed","ping_status":"closed","template":"","meta":{"footnotes":""},"categories":[],"tags":[],"class_list":["post-651","page","type-page","status-publish","hentry"],"_links":{"self":[{"href":"http:\/\/xdf.gdu.edu.az\/index.php?rest_route=\/wp\/v2\/pages\/651","targetHints":{"allow":["GET"]}}],"collection":[{"href":"http:\/\/xdf.gdu.edu.az\/index.php?rest_route=\/wp\/v2\/pages"}],"about":[{"href":"http:\/\/xdf.gdu.edu.az\/index.php?rest_route=\/wp\/v2\/types\/page"}],"author":[{"embeddable":true,"href":"http:\/\/xdf.gdu.edu.az\/index.php?rest_route=\/wp\/v2\/users\/4"}],"replies":[{"embeddable":true,"href":"http:\/\/xdf.gdu.edu.az\/index.php?rest_route=%2Fwp%2Fv2%2Fcomments&post=651"}],"version-history":[{"count":5,"href":"http:\/\/xdf.gdu.edu.az\/index.php?rest_route=\/wp\/v2\/pages\/651\/revisions"}],"predecessor-version":[{"id":12311,"href":"http:\/\/xdf.gdu.edu.az\/index.php?rest_route=\/wp\/v2\/pages\/651\/revisions\/12311"}],"wp:attachment":[{"href":"http:\/\/xdf.gdu.edu.az\/index.php?rest_route=%2Fwp%2Fv2%2Fmedia&parent=651"}],"wp:term":[{"taxonomy":"category","embeddable":true,"href":"http:\/\/xdf.gdu.edu.az\/index.php?rest_route=%2Fwp%2Fv2%2Fcategories&post=651"},{"taxonomy":"post_tag","embeddable":true,"href":"http:\/\/xdf.gdu.edu.az\/index.php?rest_route=%2Fwp%2Fv2%2Ftags&post=651"}],"curies":[{"name":"wp","href":"https:\/\/api.w.org\/{rel}","templated":true}]}}