{"id":308,"date":"2016-03-17T11:32:01","date_gmt":"2016-03-17T09:32:01","guid":{"rendered":"http:\/\/xd.gdu.edu.az\/?page_id=308"},"modified":"2026-03-01T11:26:36","modified_gmt":"2026-03-01T09:26:36","slug":"iclaslar","status":"publish","type":"page","link":"http:\/\/xdf.gdu.edu.az\/?page_id=308","title":{"rendered":"\u0130claslar"},"content":{"rendered":"\n<h1 class=\"wp-block-heading\">Filologiya fak\u00fclt\u0259si Elmi \u015euras\u0131n\u0131n 27.02.2025-ci il tarixli iclas\u0131<\/h1>\n\n\n\n<p><\/p>\n\n\n\n<figure class=\"wp-block-image\"><img decoding=\"async\" src=\"https:\/\/filologiya.gdu.edu.az\/wp-content\/uploads\/2025\/02\/Screenshot_20250228_124005_WhatsApp.jpg\" alt=\"\" class=\"wp-image-8550\"\/><\/figure>\n\n\n\n<figure class=\"wp-block-image\"><img decoding=\"async\" src=\"https:\/\/filologiya.gdu.edu.az\/wp-content\/uploads\/2025\/02\/Screenshot_20250228_124016_WhatsApp.jpg\" alt=\"\" class=\"wp-image-8547\"\/><\/figure>\n\n\n\n<figure class=\"wp-block-image\"><img decoding=\"async\" src=\"https:\/\/filologiya.gdu.edu.az\/wp-content\/uploads\/2025\/02\/Screenshot_20250228_124012_WhatsApp.jpg\" alt=\"\" class=\"wp-image-8548\"\/><\/figure>\n\n\n\n<figure class=\"wp-block-image\"><img decoding=\"async\" src=\"https:\/\/filologiya.gdu.edu.az\/wp-content\/uploads\/2025\/02\/Screenshot_20250228_124010_WhatsApp.jpg\" alt=\"\" class=\"wp-image-8549\"\/><\/figure>\n\n\n\n<ul class=\"wp-block-list\">\n<li><\/li>\n\n\n\n<li><\/li>\n\n\n\n<li><\/li>\n\n\n\n<li><\/li>\n<\/ul>\n\n\n\n<figure class=\"wp-block-gallery has-nested-images columns-default is-cropped wp-block-gallery-1 is-layout-flex wp-block-gallery-is-layout-flex\">\n<figure class=\"wp-block-image size-large\"><img loading=\"lazy\" decoding=\"async\" width=\"640\" height=\"360\" data-id=\"15443\" src=\"https:\/\/xdf.gdu.edu.az\/wp-content\/uploads\/2024\/11\/83f916aa-3830-47d4-a57c-c6a09a249682.jpg\" alt=\"\" class=\"wp-image-15443\"\/><\/figure>\n\n\n\n<figure class=\"wp-block-image size-large\"><img loading=\"lazy\" decoding=\"async\" width=\"640\" height=\"360\" data-id=\"15446\" src=\"https:\/\/xdf.gdu.edu.az\/wp-content\/uploads\/2024\/11\/ddc8545d-7f18-41dc-86e6-6fbf3679ceaf.jpg\" alt=\"\" class=\"wp-image-15446\"\/><\/figure>\n\n\n\n<figure class=\"wp-block-image size-large\"><img loading=\"lazy\" decoding=\"async\" width=\"640\" height=\"360\" data-id=\"15445\" src=\"https:\/\/xdf.gdu.edu.az\/wp-content\/uploads\/2024\/11\/ccfd0e02-62ad-4a97-ac26-4dae75da0020.jpg\" alt=\"\" class=\"wp-image-15445\"\/><\/figure>\n\n\n\n<figure class=\"wp-block-image size-large\"><img loading=\"lazy\" decoding=\"async\" width=\"640\" height=\"360\" data-id=\"15444\" src=\"https:\/\/xdf.gdu.edu.az\/wp-content\/uploads\/2024\/11\/bfe1b529-d555-49e2-b8db-c540b410a7d9.jpg\" alt=\"\" class=\"wp-image-15444\"\/><\/figure>\n<\/figure>\n\n\n\n<figure class=\"wp-block-gallery has-nested-images columns-default is-cropped wp-block-gallery-2 is-layout-flex wp-block-gallery-is-layout-flex\">\n<figure class=\"wp-block-image size-large\"><img loading=\"lazy\" decoding=\"async\" width=\"336\" height=\"448\" data-id=\"14291\" src=\"https:\/\/xdf.gdu.edu.az\/wp-content\/uploads\/2024\/04\/d3dc581f-76fa-437b-8334-e8b28cea9d5f.jpg\" alt=\"\" class=\"wp-image-14291\"\/><\/figure>\n\n\n\n<figure class=\"wp-block-image size-large\"><img loading=\"lazy\" decoding=\"async\" width=\"336\" height=\"448\" data-id=\"14290\" src=\"https:\/\/xdf.gdu.edu.az\/wp-content\/uploads\/2024\/04\/b5d8b93f-4bdd-49c4-8997-d75e35fc9ef3.jpg\" alt=\"\" class=\"wp-image-14290\"\/><\/figure>\n\n\n\n<figure class=\"wp-block-image size-large\"><img loading=\"lazy\" decoding=\"async\" width=\"448\" height=\"336\" data-id=\"14288\" src=\"https:\/\/xdf.gdu.edu.az\/wp-content\/uploads\/2024\/04\/91c5175c-162b-468b-96c2-6e9acf3e1bcc.jpg\" alt=\"\" class=\"wp-image-14288\" srcset=\"http:\/\/xdf.gdu.edu.az\/wp-content\/uploads\/2024\/04\/91c5175c-162b-468b-96c2-6e9acf3e1bcc.jpg 448w, http:\/\/xdf.gdu.edu.az\/wp-content\/uploads\/2024\/04\/91c5175c-162b-468b-96c2-6e9acf3e1bcc-320x240.jpg 320w, http:\/\/xdf.gdu.edu.az\/wp-content\/uploads\/2024\/04\/91c5175c-162b-468b-96c2-6e9acf3e1bcc-240x180.jpg 240w\" sizes=\"auto, (max-width: 448px) 100vw, 448px\" \/><\/figure>\n\n\n\n<figure class=\"wp-block-image size-large\"><img loading=\"lazy\" decoding=\"async\" width=\"640\" height=\"480\" data-id=\"14190\" src=\"https:\/\/xdf.gdu.edu.az\/wp-content\/uploads\/2024\/04\/5881aff3-d8f4-4982-bad8-18734d103d69.jpg\" alt=\"\" class=\"wp-image-14190\" srcset=\"http:\/\/xdf.gdu.edu.az\/wp-content\/uploads\/2024\/04\/5881aff3-d8f4-4982-bad8-18734d103d69.jpg 640w, http:\/\/xdf.gdu.edu.az\/wp-content\/uploads\/2024\/04\/5881aff3-d8f4-4982-bad8-18734d103d69-480x360.jpg 480w, http:\/\/xdf.gdu.edu.az\/wp-content\/uploads\/2024\/04\/5881aff3-d8f4-4982-bad8-18734d103d69-320x240.jpg 320w, http:\/\/xdf.gdu.edu.az\/wp-content\/uploads\/2024\/04\/5881aff3-d8f4-4982-bad8-18734d103d69-240x180.jpg 240w\" sizes=\"auto, (max-width: 640px) 100vw, 640px\" \/><\/figure>\n\n\n\n<figure class=\"wp-block-image size-large\"><img loading=\"lazy\" decoding=\"async\" width=\"590\" height=\"480\" data-id=\"14189\" src=\"https:\/\/xdf.gdu.edu.az\/wp-content\/uploads\/2024\/04\/60d5be46-f3e3-4089-9745-d6a40efa9459.jpg\" alt=\"\" class=\"wp-image-14189\"\/><\/figure>\n\n\n\n<figure class=\"wp-block-image size-large\"><img loading=\"lazy\" decoding=\"async\" width=\"640\" height=\"480\" data-id=\"14188\" src=\"https:\/\/xdf.gdu.edu.az\/wp-content\/uploads\/2024\/04\/39bc9616-5869-48d4-a677-ecbb1fcaa50b.jpg\" alt=\"\" class=\"wp-image-14188\" srcset=\"http:\/\/xdf.gdu.edu.az\/wp-content\/uploads\/2024\/04\/39bc9616-5869-48d4-a677-ecbb1fcaa50b.jpg 640w, http:\/\/xdf.gdu.edu.az\/wp-content\/uploads\/2024\/04\/39bc9616-5869-48d4-a677-ecbb1fcaa50b-480x360.jpg 480w, http:\/\/xdf.gdu.edu.az\/wp-content\/uploads\/2024\/04\/39bc9616-5869-48d4-a677-ecbb1fcaa50b-320x240.jpg 320w, http:\/\/xdf.gdu.edu.az\/wp-content\/uploads\/2024\/04\/39bc9616-5869-48d4-a677-ecbb1fcaa50b-240x180.jpg 240w\" sizes=\"auto, (max-width: 640px) 100vw, 640px\" \/><\/figure>\n\n\n\n<figure class=\"wp-block-image size-large\"><img loading=\"lazy\" decoding=\"async\" width=\"640\" height=\"288\" data-id=\"14148\" src=\"https:\/\/xdf.gdu.edu.az\/wp-content\/uploads\/2024\/04\/20240408_115117.jpg\" alt=\"\" class=\"wp-image-14148\"\/><\/figure>\n\n\n\n<figure class=\"wp-block-image size-large\"><img loading=\"lazy\" decoding=\"async\" width=\"640\" height=\"288\" data-id=\"14159\" src=\"https:\/\/xdf.gdu.edu.az\/wp-content\/uploads\/2024\/04\/20240408_120518.jpg\" alt=\"\" class=\"wp-image-14159\"\/><\/figure>\n<\/figure>\n\n\n\n<figure class=\"wp-block-gallery has-nested-images columns-1 is-cropped wp-block-gallery-3 is-layout-flex wp-block-gallery-is-layout-flex\">\n<figure class=\"wp-block-image size-large\"><img loading=\"lazy\" decoding=\"async\" width=\"640\" height=\"360\" data-id=\"13251\" src=\"https:\/\/xdf.gdu.edu.az\/wp-content\/uploads\/2023\/12\/IMG-20231205-WA0011.jpg\" alt=\"\" class=\"wp-image-13251\"\/><\/figure>\n\n\n\n<figure class=\"wp-block-image size-large\"><img loading=\"lazy\" decoding=\"async\" width=\"640\" height=\"360\" data-id=\"13249\" src=\"https:\/\/xdf.gdu.edu.az\/wp-content\/uploads\/2023\/12\/IMG-20231205-WA0009.jpg\" alt=\"\" class=\"wp-image-13249\"\/><\/figure>\n\n\n\n<figure class=\"wp-block-image size-large\"><img loading=\"lazy\" decoding=\"async\" width=\"640\" height=\"360\" data-id=\"13250\" src=\"https:\/\/xdf.gdu.edu.az\/wp-content\/uploads\/2023\/12\/IMG-20231205-WA0010.jpg\" alt=\"\" class=\"wp-image-13250\"\/><\/figure>\n\n\n\n<figure class=\"wp-block-image size-large\"><img loading=\"lazy\" decoding=\"async\" width=\"640\" height=\"360\" data-id=\"13245\" src=\"https:\/\/xdf.gdu.edu.az\/wp-content\/uploads\/2023\/12\/IMG-20231205-WA0006.jpg\" alt=\"\" class=\"wp-image-13245\"\/><\/figure>\n<\/figure>\n\n\n\n<figure class=\"wp-block-gallery has-nested-images columns-1 is-cropped wp-block-gallery-4 is-layout-flex wp-block-gallery-is-layout-flex\">\n<figure class=\"wp-block-image size-large\"><img loading=\"lazy\" decoding=\"async\" width=\"640\" height=\"480\" data-id=\"13186\" src=\"https:\/\/xdf.gdu.edu.az\/wp-content\/uploads\/2023\/11\/20231130_112636.jpg\" alt=\"\" class=\"wp-image-13186\" srcset=\"http:\/\/xdf.gdu.edu.az\/wp-content\/uploads\/2023\/11\/20231130_112636.jpg 640w, http:\/\/xdf.gdu.edu.az\/wp-content\/uploads\/2023\/11\/20231130_112636-480x360.jpg 480w, http:\/\/xdf.gdu.edu.az\/wp-content\/uploads\/2023\/11\/20231130_112636-320x240.jpg 320w, http:\/\/xdf.gdu.edu.az\/wp-content\/uploads\/2023\/11\/20231130_112636-240x180.jpg 240w\" sizes=\"auto, (max-width: 640px) 100vw, 640px\" \/><\/figure>\n\n\n\n<figure class=\"wp-block-image size-large\"><img loading=\"lazy\" decoding=\"async\" width=\"640\" height=\"480\" data-id=\"13189\" src=\"https:\/\/xdf.gdu.edu.az\/wp-content\/uploads\/2023\/11\/20231130_113021.jpg\" alt=\"\" class=\"wp-image-13189\" srcset=\"http:\/\/xdf.gdu.edu.az\/wp-content\/uploads\/2023\/11\/20231130_113021.jpg 640w, http:\/\/xdf.gdu.edu.az\/wp-content\/uploads\/2023\/11\/20231130_113021-480x360.jpg 480w, http:\/\/xdf.gdu.edu.az\/wp-content\/uploads\/2023\/11\/20231130_113021-320x240.jpg 320w, http:\/\/xdf.gdu.edu.az\/wp-content\/uploads\/2023\/11\/20231130_113021-240x180.jpg 240w\" sizes=\"auto, (max-width: 640px) 100vw, 640px\" \/><\/figure>\n\n\n\n<figure class=\"wp-block-image size-large\"><img loading=\"lazy\" decoding=\"async\" width=\"448\" height=\"336\" data-id=\"13105\" src=\"https:\/\/xdf.gdu.edu.az\/wp-content\/uploads\/2023\/11\/70cde05d-3476-4909-909a-4aaf7f680e5d.jpg\" alt=\"\" class=\"wp-image-13105\" srcset=\"http:\/\/xdf.gdu.edu.az\/wp-content\/uploads\/2023\/11\/70cde05d-3476-4909-909a-4aaf7f680e5d.jpg 448w, http:\/\/xdf.gdu.edu.az\/wp-content\/uploads\/2023\/11\/70cde05d-3476-4909-909a-4aaf7f680e5d-320x240.jpg 320w, http:\/\/xdf.gdu.edu.az\/wp-content\/uploads\/2023\/11\/70cde05d-3476-4909-909a-4aaf7f680e5d-240x180.jpg 240w\" sizes=\"auto, (max-width: 448px) 100vw, 448px\" \/><\/figure>\n\n\n\n<figure class=\"wp-block-image size-large\"><img loading=\"lazy\" decoding=\"async\" width=\"1156\" height=\"867\" data-id=\"13108\" src=\"https:\/\/xdf.gdu.edu.az\/wp-content\/uploads\/2023\/11\/06897977-1bc8-49b7-a100-7ba4eb8892e4.jpg\" alt=\"\" class=\"wp-image-13108\" srcset=\"http:\/\/xdf.gdu.edu.az\/wp-content\/uploads\/2023\/11\/06897977-1bc8-49b7-a100-7ba4eb8892e4.jpg 1156w, http:\/\/xdf.gdu.edu.az\/wp-content\/uploads\/2023\/11\/06897977-1bc8-49b7-a100-7ba4eb8892e4-768x576.jpg 768w, http:\/\/xdf.gdu.edu.az\/wp-content\/uploads\/2023\/11\/06897977-1bc8-49b7-a100-7ba4eb8892e4-960x720.jpg 960w, http:\/\/xdf.gdu.edu.az\/wp-content\/uploads\/2023\/11\/06897977-1bc8-49b7-a100-7ba4eb8892e4-480x360.jpg 480w, http:\/\/xdf.gdu.edu.az\/wp-content\/uploads\/2023\/11\/06897977-1bc8-49b7-a100-7ba4eb8892e4-320x240.jpg 320w, http:\/\/xdf.gdu.edu.az\/wp-content\/uploads\/2023\/11\/06897977-1bc8-49b7-a100-7ba4eb8892e4-240x180.jpg 240w\" sizes=\"auto, (max-width: 1156px) 100vw, 1156px\" \/><\/figure>\n\n\n\n<figure class=\"wp-block-image size-large\"><img loading=\"lazy\" decoding=\"async\" width=\"640\" height=\"480\" data-id=\"13101\" src=\"https:\/\/xdf.gdu.edu.az\/wp-content\/uploads\/2023\/11\/4c0d4cce-85b5-4b45-8b41-de026795d992.jpg\" alt=\"\" class=\"wp-image-13101\" srcset=\"http:\/\/xdf.gdu.edu.az\/wp-content\/uploads\/2023\/11\/4c0d4cce-85b5-4b45-8b41-de026795d992.jpg 640w, http:\/\/xdf.gdu.edu.az\/wp-content\/uploads\/2023\/11\/4c0d4cce-85b5-4b45-8b41-de026795d992-480x360.jpg 480w, http:\/\/xdf.gdu.edu.az\/wp-content\/uploads\/2023\/11\/4c0d4cce-85b5-4b45-8b41-de026795d992-320x240.jpg 320w, http:\/\/xdf.gdu.edu.az\/wp-content\/uploads\/2023\/11\/4c0d4cce-85b5-4b45-8b41-de026795d992-240x180.jpg 240w\" sizes=\"auto, (max-width: 640px) 100vw, 640px\" \/><\/figure>\n\n\n\n<figure class=\"wp-block-image size-large\"><img loading=\"lazy\" decoding=\"async\" width=\"640\" height=\"480\" data-id=\"12890\" src=\"https:\/\/xdf.gdu.edu.az\/wp-content\/uploads\/2023\/10\/20231027_121149.jpg\" alt=\"\" class=\"wp-image-12890\" srcset=\"http:\/\/xdf.gdu.edu.az\/wp-content\/uploads\/2023\/10\/20231027_121149.jpg 640w, http:\/\/xdf.gdu.edu.az\/wp-content\/uploads\/2023\/10\/20231027_121149-480x360.jpg 480w, http:\/\/xdf.gdu.edu.az\/wp-content\/uploads\/2023\/10\/20231027_121149-320x240.jpg 320w, http:\/\/xdf.gdu.edu.az\/wp-content\/uploads\/2023\/10\/20231027_121149-240x180.jpg 240w\" sizes=\"auto, (max-width: 640px) 100vw, 640px\" \/><\/figure>\n\n\n\n<figure class=\"wp-block-image size-large\"><img loading=\"lazy\" decoding=\"async\" width=\"640\" height=\"480\" data-id=\"12892\" src=\"https:\/\/xdf.gdu.edu.az\/wp-content\/uploads\/2023\/10\/20231027_121220.jpg\" alt=\"\" class=\"wp-image-12892\" srcset=\"http:\/\/xdf.gdu.edu.az\/wp-content\/uploads\/2023\/10\/20231027_121220.jpg 640w, http:\/\/xdf.gdu.edu.az\/wp-content\/uploads\/2023\/10\/20231027_121220-480x360.jpg 480w, http:\/\/xdf.gdu.edu.az\/wp-content\/uploads\/2023\/10\/20231027_121220-320x240.jpg 320w, http:\/\/xdf.gdu.edu.az\/wp-content\/uploads\/2023\/10\/20231027_121220-240x180.jpg 240w\" sizes=\"auto, (max-width: 640px) 100vw, 640px\" \/><\/figure>\n\n\n\n<figure class=\"wp-block-image size-large\"><img loading=\"lazy\" decoding=\"async\" width=\"640\" height=\"480\" data-id=\"12869\" src=\"https:\/\/xdf.gdu.edu.az\/wp-content\/uploads\/2023\/10\/20231027_135659.jpg\" alt=\"\" class=\"wp-image-12869\" srcset=\"http:\/\/xdf.gdu.edu.az\/wp-content\/uploads\/2023\/10\/20231027_135659.jpg 640w, http:\/\/xdf.gdu.edu.az\/wp-content\/uploads\/2023\/10\/20231027_135659-480x360.jpg 480w, http:\/\/xdf.gdu.edu.az\/wp-content\/uploads\/2023\/10\/20231027_135659-320x240.jpg 320w, http:\/\/xdf.gdu.edu.az\/wp-content\/uploads\/2023\/10\/20231027_135659-240x180.jpg 240w\" sizes=\"auto, (max-width: 640px) 100vw, 640px\" \/><\/figure>\n\n\n\n<figure class=\"wp-block-image size-large\"><img loading=\"lazy\" decoding=\"async\" width=\"640\" height=\"480\" data-id=\"12834\" src=\"https:\/\/xdf.gdu.edu.az\/wp-content\/uploads\/2023\/10\/20231027_093555.jpg\" alt=\"\" class=\"wp-image-12834\" srcset=\"http:\/\/xdf.gdu.edu.az\/wp-content\/uploads\/2023\/10\/20231027_093555.jpg 640w, http:\/\/xdf.gdu.edu.az\/wp-content\/uploads\/2023\/10\/20231027_093555-480x360.jpg 480w, http:\/\/xdf.gdu.edu.az\/wp-content\/uploads\/2023\/10\/20231027_093555-320x240.jpg 320w, http:\/\/xdf.gdu.edu.az\/wp-content\/uploads\/2023\/10\/20231027_093555-240x180.jpg 240w\" sizes=\"auto, (max-width: 640px) 100vw, 640px\" \/><\/figure>\n\n\n\n<figure class=\"wp-block-image size-large\"><img loading=\"lazy\" decoding=\"async\" width=\"640\" height=\"480\" data-id=\"12833\" src=\"https:\/\/xdf.gdu.edu.az\/wp-content\/uploads\/2023\/10\/20231027_093343.jpg\" alt=\"\" class=\"wp-image-12833\" srcset=\"http:\/\/xdf.gdu.edu.az\/wp-content\/uploads\/2023\/10\/20231027_093343.jpg 640w, http:\/\/xdf.gdu.edu.az\/wp-content\/uploads\/2023\/10\/20231027_093343-480x360.jpg 480w, http:\/\/xdf.gdu.edu.az\/wp-content\/uploads\/2023\/10\/20231027_093343-320x240.jpg 320w, http:\/\/xdf.gdu.edu.az\/wp-content\/uploads\/2023\/10\/20231027_093343-240x180.jpg 240w\" sizes=\"auto, (max-width: 640px) 100vw, 640px\" \/><\/figure>\n\n\n\n<figure class=\"wp-block-image size-large\"><img loading=\"lazy\" decoding=\"async\" width=\"2560\" height=\"1920\" data-id=\"12790\" src=\"https:\/\/xdf.gdu.edu.az\/wp-content\/uploads\/2023\/10\/20231023_104105-scaled.jpg\" alt=\"\" class=\"wp-image-12790\" srcset=\"http:\/\/xdf.gdu.edu.az\/wp-content\/uploads\/2023\/10\/20231023_104105-scaled.jpg 2560w, http:\/\/xdf.gdu.edu.az\/wp-content\/uploads\/2023\/10\/20231023_104105-768x576.jpg 768w, http:\/\/xdf.gdu.edu.az\/wp-content\/uploads\/2023\/10\/20231023_104105-1536x1152.jpg 1536w, http:\/\/xdf.gdu.edu.az\/wp-content\/uploads\/2023\/10\/20231023_104105-2048x1536.jpg 2048w, http:\/\/xdf.gdu.edu.az\/wp-content\/uploads\/2023\/10\/20231023_104105-960x720.jpg 960w, http:\/\/xdf.gdu.edu.az\/wp-content\/uploads\/2023\/10\/20231023_104105-480x360.jpg 480w, http:\/\/xdf.gdu.edu.az\/wp-content\/uploads\/2023\/10\/20231023_104105-320x240.jpg 320w, http:\/\/xdf.gdu.edu.az\/wp-content\/uploads\/2023\/10\/20231023_104105-240x180.jpg 240w\" sizes=\"auto, (max-width: 2560px) 100vw, 2560px\" \/><\/figure>\n\n\n\n<figure class=\"wp-block-image size-large\"><img loading=\"lazy\" decoding=\"async\" width=\"2560\" height=\"1920\" data-id=\"12791\" src=\"https:\/\/xdf.gdu.edu.az\/wp-content\/uploads\/2023\/10\/20231023_104206-scaled.jpg\" alt=\"\" class=\"wp-image-12791\" srcset=\"http:\/\/xdf.gdu.edu.az\/wp-content\/uploads\/2023\/10\/20231023_104206-scaled.jpg 2560w, http:\/\/xdf.gdu.edu.az\/wp-content\/uploads\/2023\/10\/20231023_104206-768x576.jpg 768w, http:\/\/xdf.gdu.edu.az\/wp-content\/uploads\/2023\/10\/20231023_104206-1536x1152.jpg 1536w, http:\/\/xdf.gdu.edu.az\/wp-content\/uploads\/2023\/10\/20231023_104206-2048x1536.jpg 2048w, http:\/\/xdf.gdu.edu.az\/wp-content\/uploads\/2023\/10\/20231023_104206-960x720.jpg 960w, http:\/\/xdf.gdu.edu.az\/wp-content\/uploads\/2023\/10\/20231023_104206-480x360.jpg 480w, http:\/\/xdf.gdu.edu.az\/wp-content\/uploads\/2023\/10\/20231023_104206-320x240.jpg 320w, http:\/\/xdf.gdu.edu.az\/wp-content\/uploads\/2023\/10\/20231023_104206-240x180.jpg 240w\" sizes=\"auto, (max-width: 2560px) 100vw, 2560px\" \/><\/figure>\n\n\n\n<figure class=\"wp-block-image size-large\"><img loading=\"lazy\" decoding=\"async\" width=\"640\" height=\"480\" data-id=\"12632\" src=\"https:\/\/xdf.gdu.edu.az\/wp-content\/uploads\/2023\/10\/IMG_20231006_141737.jpg\" alt=\"\" class=\"wp-image-12632\" srcset=\"http:\/\/xdf.gdu.edu.az\/wp-content\/uploads\/2023\/10\/IMG_20231006_141737.jpg 640w, http:\/\/xdf.gdu.edu.az\/wp-content\/uploads\/2023\/10\/IMG_20231006_141737-480x360.jpg 480w, http:\/\/xdf.gdu.edu.az\/wp-content\/uploads\/2023\/10\/IMG_20231006_141737-320x240.jpg 320w, http:\/\/xdf.gdu.edu.az\/wp-content\/uploads\/2023\/10\/IMG_20231006_141737-240x180.jpg 240w\" sizes=\"auto, (max-width: 640px) 100vw, 640px\" \/><\/figure>\n\n\n\n<figure class=\"wp-block-image size-large\"><img loading=\"lazy\" decoding=\"async\" width=\"640\" height=\"480\" data-id=\"12630\" src=\"https:\/\/xdf.gdu.edu.az\/wp-content\/uploads\/2023\/10\/IMG_20231006_141659.jpg\" alt=\"\" class=\"wp-image-12630\" srcset=\"http:\/\/xdf.gdu.edu.az\/wp-content\/uploads\/2023\/10\/IMG_20231006_141659.jpg 640w, http:\/\/xdf.gdu.edu.az\/wp-content\/uploads\/2023\/10\/IMG_20231006_141659-480x360.jpg 480w, http:\/\/xdf.gdu.edu.az\/wp-content\/uploads\/2023\/10\/IMG_20231006_141659-320x240.jpg 320w, http:\/\/xdf.gdu.edu.az\/wp-content\/uploads\/2023\/10\/IMG_20231006_141659-240x180.jpg 240w\" sizes=\"auto, (max-width: 640px) 100vw, 640px\" \/><\/figure>\n\n\n\n<figure class=\"wp-block-image size-large\"><img loading=\"lazy\" decoding=\"async\" width=\"640\" height=\"480\" data-id=\"12605\" src=\"https:\/\/xdf.gdu.edu.az\/wp-content\/uploads\/2023\/10\/20231004_113929.jpg\" alt=\"\" class=\"wp-image-12605\" srcset=\"http:\/\/xdf.gdu.edu.az\/wp-content\/uploads\/2023\/10\/20231004_113929.jpg 640w, http:\/\/xdf.gdu.edu.az\/wp-content\/uploads\/2023\/10\/20231004_113929-480x360.jpg 480w, http:\/\/xdf.gdu.edu.az\/wp-content\/uploads\/2023\/10\/20231004_113929-320x240.jpg 320w, http:\/\/xdf.gdu.edu.az\/wp-content\/uploads\/2023\/10\/20231004_113929-240x180.jpg 240w\" sizes=\"auto, (max-width: 640px) 100vw, 640px\" \/><\/figure>\n\n\n\n<figure class=\"wp-block-image size-large\"><img loading=\"lazy\" decoding=\"async\" width=\"448\" height=\"336\" data-id=\"12578\" src=\"https:\/\/xdf.gdu.edu.az\/wp-content\/uploads\/2023\/10\/901d3676-60d3-4955-9a71-dcaaa89203f7.jpg\" alt=\"\" class=\"wp-image-12578\" srcset=\"http:\/\/xdf.gdu.edu.az\/wp-content\/uploads\/2023\/10\/901d3676-60d3-4955-9a71-dcaaa89203f7.jpg 448w, http:\/\/xdf.gdu.edu.az\/wp-content\/uploads\/2023\/10\/901d3676-60d3-4955-9a71-dcaaa89203f7-320x240.jpg 320w, http:\/\/xdf.gdu.edu.az\/wp-content\/uploads\/2023\/10\/901d3676-60d3-4955-9a71-dcaaa89203f7-240x180.jpg 240w\" sizes=\"auto, (max-width: 448px) 100vw, 448px\" \/><\/figure>\n<\/figure>\n\n\n\n<p> <a rel=\"noreferrer noopener\" target=\"_blank\" href=\"http:\/\/xdf.gdu.edu.az\/?p=8465\">N\u00f6vb\u0259ti Fak\u00fclt\u0259 Elmi \u015euras\u0131<\/a> <\/p>\n\n\n<p style=\"text-align: center;\"><span style=\"color: #000000;\"><em><strong>G\u018fNC\u018f&nbsp;&nbsp; D\u00d6VL\u018fT &nbsp;&nbsp;UN\u0130VERS\u0130TET\u0130<\/strong><\/em><\/span><\/p>\n<p style=\"text-align: center;\"><span style=\"color: #000000;\"><em><strong>XAR\u0130C\u0130&nbsp;&nbsp; D\u0130LL\u018fR&nbsp; FAK\u00dcLT\u018fS\u0130&nbsp; ELM\u0130 \u015eURAS\u0130N\u0130N<\/strong><\/em><\/span><\/p>\n<p style=\"text-align: center;\"><span style=\"color: #000000;\"><em><strong>2018\/2019 T\u018fDR\u0130S \u0130L\u0130N\u018f A\u0130D<\/strong><\/em><\/span><\/p>\n<p style=\"text-align: center;\"><span style=\"color: #000000;\"><em><strong>04&nbsp; &nbsp; SAYL\u0130&nbsp;&nbsp; \u0130CLAS PROTOKOLU<\/strong><\/em><\/span><\/p>\n<p align=\"justify\"><span style=\"color: #000000;\">21.12.2018-ci il<\/span><\/p>\n<p align=\"justify\"><span style=\"color: #000000;\">saat&nbsp;<span style=\"font-family: 'Times New Roman', serif;\"><span style=\"font-size: large;\"><span lang=\"az-Latn-AZ\">14<\/span><\/span><\/span><sup><span style=\"font-family: 'Times New Roman', serif;\"><span style=\"font-size: large;\"><span lang=\"az-Latn-AZ\">00<\/span><\/span><\/span><\/sup><\/span><\/p>\n<p lang=\"az-Latn-AZ\" style=\"text-align: center;\"><span style=\"font-family: 'Times New Roman', serif; color: #000000;\"><span style=\"font-size: x-large;\"><span lang=\"az-Latn-AZ\">G\u00fcnd\u0259lik m\u0259s\u0259l\u0259l\u0259r<\/span><\/span><\/span><\/p>\n<ol>\n<li><span style=\"color: #000000;\">Pay\u0131z imtahan sessiyas\u0131na haz\u0131rl\u0131q<\/span><\/li>\n<li><span style=\"color: #000000;\">T\u0259dris ili \u00fc\u00e7\u00fcn elmi-t\u0259dqiqat i\u015fl\u0259rinin AAK t\u0259l\u0259bl\u0259rin\u0259 uy\u011funla\u015fd\u0131r\u0131lmas\u0131<\/span><\/li>\n<li><span style=\"color: #000000;\">Leksika v\u0259 \u00f6lk\u0259\u015f\u00fcnasl\u0131q v\u0259 Rus dili kafedralar\u0131nda t\u0259dris-metodiki v\u0259 elmi m\u0259qal\u0259l\u0259rin yaz\u0131lmas\u0131 v\u0259ziyy\u0259ti (Tomsan Rocers jurnallar\u0131)<\/span><\/li>\n<li><span style=\"color: #000000;\">\u0130lkin xarici dilin \u00f6yr\u0259nilm\u0259si v\u0259ziyy\u0259ti<\/span><\/li>\n<li><span style=\"color: #000000;\">II kurslar \u00fczr\u0259 tyutorun hesabat\u0131<\/span><\/li>\n<li><span style=\"color: #000000;\">M\u00fc\u0259llim se\u00e7kisi<\/span><\/li>\n<li><span style=\"color: #000000;\">Cari m\u0259s\u0259l\u0259l\u0259r<\/span><\/li>\n<\/ol>\n<p style=\"text-align: center;\"><span style=\"color: #000000;\"><div id=\"metaslider-id-5831\" style=\"max-width: 360px;\" class=\"ml-slider-3-107-0 metaslider metaslider-flex metaslider-5831 ml-slider has-dots-nav ms-theme-default\" role=\"region\" aria-label=\"elmi \u015fura 20.12.18\" data-height=\"640\" data-width=\"360\">\n    <div id=\"metaslider_container_5831\">\n        <div id=\"metaslider_5831\">\n            <ul class='slides'>\n                <li style=\"display: block; width: 100%;\" class=\"slide-5836 ms-image \" aria-roledescription=\"slide\" data-date=\"2018-12-21 07:45:49\" data-filename=\"WhatsApp-Image-2018-12-20-at-17.33.38.jpeg\" data-slide-type=\"image\"><img loading=\"lazy\" decoding=\"async\" src=\"http:\/\/xdf.gdu.edu.az\/wp-content\/uploads\/2018\/12\/WhatsApp-Image-2018-12-20-at-17.33.38.jpeg\" height=\"640\" width=\"360\" alt=\"\" class=\"slider-5831 slide-5836 msDefaultImage\" \/><\/li>\n                <li style=\"display: none; width: 100%;\" class=\"slide-5837 ms-image \" aria-roledescription=\"slide\" data-date=\"2018-12-21 07:45:50\" data-filename=\"WhatsApp-Image-2018-12-20-at-17.33.46.jpeg\" data-slide-type=\"image\"><img loading=\"lazy\" decoding=\"async\" src=\"http:\/\/xdf.gdu.edu.az\/wp-content\/uploads\/2018\/12\/WhatsApp-Image-2018-12-20-at-17.33.46.jpeg\" height=\"640\" width=\"360\" alt=\"\" class=\"slider-5831 slide-5837 msDefaultImage\" \/><\/li>\n                <li style=\"display: none; width: 100%;\" class=\"slide-5838 ms-image \" aria-roledescription=\"slide\" data-date=\"2018-12-21 07:45:51\" data-filename=\"WhatsApp-Image-2018-12-20-at-17.33.47-1.jpeg\" data-slide-type=\"image\"><img loading=\"lazy\" decoding=\"async\" src=\"http:\/\/xdf.gdu.edu.az\/wp-content\/uploads\/2018\/12\/WhatsApp-Image-2018-12-20-at-17.33.47-1.jpeg\" height=\"640\" width=\"360\" alt=\"\" class=\"slider-5831 slide-5838 msDefaultImage\" \/><\/li>\n                <li style=\"display: none; width: 100%;\" class=\"slide-5839 ms-image \" aria-roledescription=\"slide\" data-date=\"2018-12-21 07:45:51\" data-filename=\"WhatsApp-Image-2018-12-20-at-17.33.48-1.jpeg\" data-slide-type=\"image\"><img loading=\"lazy\" decoding=\"async\" src=\"http:\/\/xdf.gdu.edu.az\/wp-content\/uploads\/2018\/12\/WhatsApp-Image-2018-12-20-at-17.33.48-1.jpeg\" height=\"640\" width=\"360\" alt=\"\" class=\"slider-5831 slide-5839 msDefaultImage\" \/><\/li>\n            <\/ul>\n        <\/div>\n        \n    <\/div>\n<\/div><\/span><\/p>\n<p style=\"text-align: center;\">\n<hr>\n<p style=\"text-align: left;\">\n<p align=\"justify\"><span style=\"font-family: 'Times New Roman', serif; color: #000000;\"><span style=\"font-size: large;\"><span lang=\"az-Latn-AZ\">31oktyabr 2017-ci il<\/span><\/span><\/span><\/p>\n<p align=\"justify\"><span style=\"color: #000000;\"><span style=\"font-family: 'Times New Roman', serif;\"><span style=\"font-size: large;\"><span lang=\"az-Latn-AZ\">saat 14<\/span><\/span><\/span><sup><span style=\"font-family: 'Times New Roman', serif;\"><span style=\"font-size: large;\"><span lang=\"az-Latn-AZ\">00<\/span><\/span><\/span><\/sup><\/span><\/p>\n<p lang=\"az-Latn-AZ\" style=\"text-align: center;\"><span style=\"font-family: 'Times New Roman', serif; color: #000000;\"><span style=\"font-size: x-large;\"><span lang=\"az-Latn-AZ\">G\u00fcnd\u0259lik m\u0259s\u0259l\u0259l\u0259r<\/span><\/span><\/span><\/p>\n<ol>\n<li>\n<p align=\"justify\"><span style=\"font-family: 'Times New Roman', serif; color: #000000;\"><span style=\"font-size: large;\"><span lang=\"az-Latn-AZ\">Fak\u00fclt\u0259d\u0259 I kurs magistrantlar\u0131n dissertasiya v\u0259 bakalavr m\u00f6vzular\u0131 v\u0259 r\u0259hb\u0259rl\u0259rinin t\u0259sdiqi<\/span><\/span><\/span><\/p>\n<\/li>\n<li>\n<p align=\"justify\"><span style=\"font-family: 'Times New Roman', serif; color: #000000;\"><span style=\"font-size: large;\"><span lang=\"az-Latn-AZ\">T\u0259dris- Metodiki \u015euras\u0131n\u0131n i\u015finin t\u0259\u015fkili<\/span><\/span><\/span><\/p>\n<\/li>\n<li>\n<p align=\"justify\"><span style=\"font-family: 'Times New Roman', serif; color: #000000;\"><span style=\"font-size: large;\"><span lang=\"az-Latn-AZ\">\u0130xtisas f\u0259nl\u0259rinin t\u0259drisi t\u0259\u015fkili.<\/span><\/span><\/span><\/p>\n<\/li>\n<li>\n<p align=\"justify\"><span style=\"font-family: 'Times New Roman', serif; color: #000000;\"><span style=\"font-size: large;\"><span lang=\"az-Latn-AZ\">Kafedralarda a\u00e7\u0131q d\u0259rsl\u0259rin t\u0259\u015fkili v\u0259 qrafikl\u0259rinin m\u00fc\u0259yy\u0259nl\u0259\u015fdirilm\u0259si<\/span><\/span><\/span><\/p>\n<\/li>\n<li>\n<p align=\"justify\"><span style=\"font-family: 'Times New Roman', serif; color: #000000;\"><span style=\"font-size: large;\"><span lang=\"az-Latn-AZ\">Alman dili v\u0259 Frans\u0131z dili kafedralar\u0131nda t\u0259dris- metodiki i\u015fl\u0259rin v\u0259 elmi m\u0259qal\u0259l\u0259rin yaz\u0131lmas\u0131 v\u0259ziyy\u0259ti<\/span><\/span><\/span><\/p>\n<\/li>\n<li>\n<p align=\"justify\"><span style=\"font-family: 'Times New Roman', serif; color: #000000;\"><span style=\"font-size: large;\"><span lang=\"az-Latn-AZ\">\u0130xtisaslar \u00fczr\u0259 s\u0259rb\u0259st i\u015fl\u0259rin m\u00f6vzular\u0131n\u0131n verilm\u0259si v\u0259ziyy\u0259ti<\/span><\/span><\/span><\/p>\n<\/li>\n<li>\n<p align=\"justify\"><span style=\"font-family: 'Times New Roman', serif; color: #000000;\"><span style=\"font-size: large;\"><span lang=\"az-Latn-AZ\">I kurs \u00fczr\u0259 tyutorun t\u0259l\u0259b\u0259l\u0259rl\u0259 i\u015finin t\u0259\u015fkili<\/span><\/span><\/span><\/p>\n<\/li>\n<li>\n<p align=\"justify\"><span style=\"font-family: 'Times New Roman', serif; color: #000000;\"><span style=\"font-size: large;\"><span lang=\"az-Latn-AZ\">M\u00fc\u0259llim se\u00e7kisi<\/span><\/span><\/span><\/p>\n<\/li>\n<li>\n<p align=\"justify\"><span style=\"font-family: 'Times New Roman', serif; color: #000000;\"><span style=\"font-size: large;\"><span lang=\"az-Latn-AZ\">Cari m\u0259s\u0259l\u0259l\u0259r<\/span><\/span><\/span><\/p>\n<\/li>\n<\/ol>\n<ol>\n<li>\n<p align=\"justify\"><span style=\"font-family: 'Times New Roman', serif; color: #000000;\"><span style=\"font-size: large;\"><span lang=\"az-Latn-AZ\"><b>Fak\u00fclt\u0259d\u0259 I kurs magistrantlar\u0131n dissertasiya v\u0259 bakalavr m\u00f6vzular\u0131 v\u0259 r\u0259hb\u0259rl\u0259rinin t\u0259sdiqi<\/b><\/span><\/span><\/span><\/p>\n<\/li>\n<\/ol>\n<ol>\n<li>\n<p align=\"justify\"><span style=\"font-family: 'Times New Roman', serif; color: #000000;\"><span style=\"font-size: large;\"><span lang=\"az-Latn-AZ\">Qrammatika v\u0259 ingilis dili kafedras\u0131n\u0131n m\u00fcdiri dos. Mehdi R\u0259himov fak\u00fclt\u0259d\u0259 I kurs magistrantlar\u0131n dissertasiya v\u0259 bakalavr m\u00f6vzular\u0131 v\u0259 r\u0259hb\u0259rl\u0259rinin t\u0259sdiqi haqq\u0131nda m\u0259lumat ver\u0259r\u0259k bildirdi ki, kafedran\u0131n 2017\/2018ci t\u0259dris ilind\u0259 5 n\u0259f\u0259r disertant\u0131 v\u0259 6 n\u0259f\u0259r burax\u0131l\u0131\u015f i\u015fi yazan bakalavriyat\u0131 vard\u0131r. H\u0259r iki t\u0259dris pill\u0259si \u00fc\u00e7\u00fcn t\u0259l\u0259b\u0259l\u0259rin say\u0131ndan daha \u00e7ox m\u00f6vzular haz\u0131rlanm\u0131\u015f v\u0259 t\u0259l\u0259b\u0259l\u0259rin se\u00e7imin\u0259 verilmi\u015fdir. Qeyd etm\u0259k ist\u0259yir\u0259m ki, se\u00e7ilmi\u015f m\u00f6vzular kafedra iclas\u0131nda m\u00fczakir\u0259 edilmi\u015f, yeni aktual m\u00f6vzular saxlan\u0131lm\u0131\u015fd\u0131r. H\u0259r bir m\u00f6vzuya aid \u0259d\u0259biyyat siyah\u0131s\u0131 t\u0259rtib edilmi\u015f, v\u0259 istiqam\u0259tverici giri\u015f haz\u0131rlanm\u0131\u015fd\u0131r.<\/span><\/span><\/span><\/p>\n<\/li>\n<li>\n<p align=\"justify\"><span style=\"font-family: 'Times New Roman', serif;\"><span style=\"font-size: large;\"><span lang=\"az-Latn-AZ\"><span style=\"color: #000000;\">Leksika v\u0259 \u00f6lk\u0259\u015f\u00fcnasl\u0131q kafedrasn\u0131n m\u00fcdiri dos. Kaz\u0131mova Sevda qeyd etdi ki, kafedran\u0131n 3 n\u0259f\u0259r dissertant\u0131 v\u0259 8 n\u0259f\u0259r burax\u0131l\u0131\u015f i\u015fi yazan bakalavriyat\u0131 vard\u0131r. Se\u00e7ilmi\u015f m\u00f6vzular kafedra iclas\u0131nda m\u00fczakir\u0259 olunmu\u015fdur. M\u00f6vzulara uy\u011fun elmi r\u0259hb\u0259rl\u0259r t\u0259r\u0259find\u0259n \u0259<\/span>d\u0259biyyat siyah\u0131s\u0131 v\u0259 i\u015f plan\u0131 haz\u0131rlanm\u0131\u015fd\u0131r.<\/span><\/span><\/span><\/p>\n<\/li>\n<li>\n<p align=\"justify\"><span style=\"font-family: 'Times New Roman', serif;\"><span style=\"font-size: large;\"><span lang=\"az-Latn-AZ\">Frans\u0131z dili kafedras\u0131n\u0131n m\u00fcdiri ba\u015f m\u00fc\u0259llim Orucov M\u0259h\u0259rr\u0259m \u00e7\u0131x\u0131\u015f\u0131nda bildirdi ki, kafedran\u0131n 1 n\u0259f\u0259r burax\u0131l\u0131\u015f i\u015fi yazan t\u0259l\u0259b\u0259si vard\u0131r. Kafedra iclas\u0131nda m\u00f6vzular se\u00e7ilmi\u015f v\u0259 m\u00fc\u0259lliml\u0259r t\u0259r\u0259dind\u0259n m\u00fczakir\u0259 olunmu\u015fdur.<\/span><\/span><\/span><\/p>\n<\/li>\n<\/ol>\n<p align=\"justify\"><span style=\"font-family: 'Times New Roman', serif;\"><span style=\"font-size: large;\"><span lang=\"az-Latn-AZ\"><b>Q\u018fRAR:<\/b><\/span><\/span><\/span><span style=\"font-family: 'Times New Roman', serif;\"><span style=\"font-size: large;\"><span lang=\"az-Latn-AZ\">&nbsp;Fak\u00fclt\u0259d\u0259 I kurs magistrantlar\u0131n dissertasiya v\u0259 bakalavr m\u00f6vzular\u0131 v\u0259 r\u0259hb\u0259rl\u0259rinin t\u0259sdiqi q\u0259nay\u0259tb\u0259x\u015f hesab edilsin.<\/span><\/span><\/span><\/p>\n<ol start=\"2\">\n<li>\n<p align=\"justify\"><span style=\"font-family: 'Times New Roman', serif;\"><span style=\"font-size: large;\"><span lang=\"az-Latn-AZ\"><b>T\u0259dris- Metodiki \u015euras\u0131n\u0131n i\u015finin t\u0259\u015fkili<\/b><\/span><\/span><\/span><\/p>\n<\/li>\n<\/ol>\n<ol>\n<li>\n<p align=\"justify\"><span style=\"font-family: 'Times New Roman', serif;\"><span style=\"font-size: large;\"><span lang=\"az-Latn-AZ\">Fak\u00fclt\u0259 \u00fczt\u0259 T\u0259dris- Metodiki \u015euras\u0131n\u0131n s\u0259dri ba\u015f m\u00fc\u0259llim M\u0259h\u0259rr\u0259m Orucov \u015eura \u00fczvl\u0259rinini g\u00f6r\u00fcl\u0259n i\u015fl\u0259r bar\u0259d\u0259 m\u0259lumatland\u0131raraq bildirdi ki, hesabat d\u00f6vr\u00fc \u0259rzind\u0259 T\u0259dris- Metodiki \u015eura a\u00e7\u0131q d\u0259rsl\u0259rin qrafikin\u0259 uy\u011fun olaraq d\u0259rsl\u0259ri dinl\u0259mi\u015f v\u0259 onlar\u0131n m\u00fczakir\u0259sini t\u0259\u015fkil etmi\u015fdir. T\u0259dris- Metodiki \u015eura t\u0259r\u0259find\u0259n ixtisas f\u0259nl\u0259rin sillabusuna bax\u0131\u015f ke\u00e7irilmi\u015f, m\u00fc\u0259lliml\u0259r\u0259 laz\u0131m olan m\u0259sl\u0259h\u0259tl\u0259r verilmi\u015fdir.<\/span><\/span><\/span><\/p>\n<\/li>\n<li>\n<p align=\"justify\"><span style=\"font-family: 'Times New Roman', serif;\"><span style=\"font-size: large;\"><span lang=\"az-Latn-AZ\">Leksika v\u0259 \u00f6lk\u0259\u015f\u00fcnasl\u0131q kafedras\u0131n\u0131n ba\u015f m\u00fc\u0259llimi \u015e\u0259bn\u0259m M\u0259mm\u0259dova qeyd etdi ki, T\u0259dris- Metodiki \u015euras\u0131n\u0131n s\u0259dri M\u0259h\u0259rr\u0259m Orucov d\u0259f\u0259l\u0259rl\u0259 m\u0259nim d\u0259rsl\u0259rimd\u0259 oturmu\u015f v\u0259 laz\u0131m\u0131 m\u0259sl\u0259h\u0259tl\u0259r verm\u0131\u015fdir.<\/span><\/span><\/span><\/p>\n<\/li>\n<\/ol>\n<p align=\"justify\"><span style=\"font-family: 'Times New Roman', serif;\"><span style=\"font-size: large;\"><span lang=\"az-Latn-AZ\"><b>Q\u018fRAR:<\/b><\/span><\/span><\/span><span style=\"font-family: 'Times New Roman', serif;\"><span style=\"font-size: large;\"><span lang=\"az-Latn-AZ\">T\u0259dris- Metodiki \u015euras\u0131n\u0131n i\u015finin t\u0259\u015fkili q\u0259nay\u0259tb\u0259x\u015f hesab edilsin.<\/span><\/span><\/span><\/p>\n<ol start=\"3\">\n<li>\n<p align=\"justify\"><span style=\"font-family: 'Times New Roman', serif;\"><span style=\"font-size: large;\"><span lang=\"az-Latn-AZ\"><b>\u0130xtisas f\u0259nl\u0259rinin t\u0259drisi t\u0259\u015fkili.<\/b><\/span><\/span><\/span><\/p>\n<\/li>\n<\/ol>\n<ol>\n<li>\n<p align=\"justify\"><span style=\"font-family: 'Times New Roman', serif;\"><span style=\"font-size: large;\"><span lang=\"az-Latn-AZ\">Alman dili kafedras\u0131n\u0131n m\u00fcdiri ba\u015f m\u00fc\u0259llim Ataki\u015fiyev Elvin qeyd etdi ki, kafedran\u0131n ixtisas f\u0259nnl\u0259rinin t\u0259drisi il\u0259 ba\u011fl\u0131 z\u0259if t\u0259r\u0259fl\u0259rind\u0259n biri d\u0259rslikl\u0259rin olmamas\u0131 idis\u0259, son vaxtlar bir-birinin ard\u0131nca ixtisas v\u0259 qeyri-ixtisas qruplar\u0131 \u00fc\u00e7\u00fcn d\u0259rslikl\u0259r hazirlanm\u0131\u015f, \u00e7ap edilmi\u015fdir. \u0130nan\u0131ram ki, bundan sonra bizim kafedra \u00fczr\u0259 d\u0259 ixtisas f\u0259nl\u0259rinin t\u0259drisi seviyy\u0259si y\u00fcks\u0259l\u0259c\u0259kdir.<\/span><\/span><\/span><\/p>\n<\/li>\n<li>\n<p align=\"justify\"><a name=\"_GoBack\"><\/a><span style=\"font-family: 'Times New Roman', serif;\"><span style=\"font-size: large;\"><span lang=\"az-Latn-AZ\">Qrammatika v\u0259 ingilis dilinin t\u0259drisi kafedras\u0131n\u0131n m\u00fcdiri dosent Mehdi R\u0259himov bildirdi ki, kafedranin d\u0259rs y\u00fck\u00fcnd\u0259 ixtisas f\u0259nnl\u0259ri qrammatika v\u0259 fonetika t\u0259\u015fkil edir. M\u0259n kafedra m\u00fcdiri kimi bu f\u0259nnl\u0259rin t\u0259drisini \u0259n hazirliqli m\u00fc\u0259lliml\u0259r\u0259 verilm\u0259sin\u0259 \u00e7al\u0131\u015fm\u0131\u015fam. M\u00fct\u0259madi olaraq h\u0259min d\u0259rsl\u0259ri dinl\u0259yir\u0259m v\u0259 irad v\u0259 t\u0259klifl\u0259rimi bildirir\u0259m. Halhazirda ixtisas dili f\u0259nnl\u0259rinin t\u0259drisind\u0259n tam raz\u0131yam.<\/span><\/span><\/span><\/p>\n<\/li>\n<\/ol>\n<p><span style=\"font-family: 'Times New Roman', serif;\"><span style=\"font-size: large;\"><span lang=\"az-Latn-AZ\"><b>Q\u018fRAR:<\/b><\/span><\/span><\/span><span style=\"font-family: 'Times New Roman', serif;\"><span style=\"font-size: large;\"><span lang=\"az-Latn-AZ\">\u0130xtisas f\u0259nl\u0259rinin t\u0259drisi q\u0259nay\u0259t b\u0259x\u015f hesab edilsin.<\/span><\/span><\/span><\/p>\n<ol start=\"4\">\n<li>\n<p align=\"justify\"><span style=\"font-family: 'Times New Roman', serif;\"><span style=\"font-size: large;\"><span lang=\"az-Latn-AZ\"><b>Kafedralarda a\u00e7\u0131q d\u0259rsl\u0259rin t\u0259\u015fkili v\u0259 qrafikl\u0259rinin m\u00fc\u0259yy\u0259nl\u0259\u015fdirilm\u0259si<\/b><\/span><\/span><\/span><\/p>\n<\/li>\n<\/ol>\n<p style=\"text-align: center;\"><em><strong>G\u018fNC\u018f&nbsp;&nbsp; D\u00d6VL\u018fT &nbsp;&nbsp;UN\u0130VERS\u0130TET\u0130<\/strong><\/em><\/p>\n<p style=\"text-align: center;\"><em><strong>XAR\u0130C\u0130&nbsp;&nbsp; D\u0130LL\u018fR&nbsp; FAK\u00dcLT\u018fS\u0130&nbsp; ELM\u0130 \u015eURAS\u0130N\u0130N<\/strong><\/em><\/p>\n<p style=\"text-align: center;\"><em><strong>2016\/2017 T\u018fDR\u0130S \u0130L\u0130N\u018f A\u0130D<\/strong><\/em><\/p>\n<p style=\"text-align: center;\"><em><strong>08&nbsp;&nbsp;&nbsp; SAYL\u0130&nbsp;&nbsp; \u0130CLAS PROTOKOLU<\/strong><\/em><\/p>\n<p style=\"text-align: center;\">saat: 14.00<\/p>\n<p style=\"text-align: center;\">G\u00fcnd\u0259lik m\u0259s\u0259l\u0259l\u0259r<\/p>\n<p style=\"text-align: justify;\">1.Yaz imtahan sessiyas\u0131na haz\u0131rl\u0131\u011f\u0131n v\u0259ziyy\u0259ti<\/p>\n<p style=\"text-align: justify;\">2.Burax\u0131l\u0131\u015f i\u015fl\u0259rinin m\u00fcdafi\u0259y\u0259 haz\u0131rl\u0131q v\u0259ziyy\u0259ti<\/p>\n<p style=\"text-align: justify;\">3.T\u0259l\u0259b\u0259l\u0259rin t\u0259lim- t\u0259rbiy\u0259 v\u0259ziyy\u0259ti bar\u0259d\u0259<\/p>\n<p style=\"text-align: justify;\">&nbsp;4.M\u00fc\u0259llim se\u00e7kisi<\/p>\n<p style=\"text-align: justify;\">5.Cari m\u0259s\u0259l\u0259l\u0259r<\/p>\n<p><a href=\"http:\/\/xd.gdu.edu.az\/wp-content\/uploads\/2016\/03\/20170502_144948.jpg\"><img loading=\"lazy\" decoding=\"async\" class=\"size-full wp-image-2440\" src=\"http:\/\/xd.gdu.edu.az\/wp-content\/uploads\/2016\/03\/20170502_144948.jpg\" alt=\"?\" width=\"336\" height=\"448\" srcset=\"http:\/\/xdf.gdu.edu.az\/wp-content\/uploads\/2016\/03\/20170502_144948.jpg 336w, http:\/\/xdf.gdu.edu.az\/wp-content\/uploads\/2016\/03\/20170502_144948-225x300.jpg 225w\" sizes=\"auto, (max-width: 336px) 100vw, 336px\" \/><\/a><\/p>\n<p style=\"text-align: center;\"><em><strong>G\u018fNC\u018f&nbsp;&nbsp; D\u00d6VL\u018fT &nbsp;&nbsp;UN\u0130VERS\u0130TET\u0130<\/strong><\/em><\/p>\n<p style=\"text-align: center;\"><em><strong>XAR\u0130C\u0130&nbsp;&nbsp; D\u0130LL\u018fR&nbsp; FAK\u00dcLT\u018fS\u0130&nbsp; ELM\u0130 \u015eURAS\u0130N\u0130N<\/strong><\/em><\/p>\n<p style=\"text-align: center;\"><em><strong>2015\/2016 T\u018fDR\u0130S \u0130L\u0130N\u018f A\u0130D<\/strong><\/em><\/p>\n<p style=\"text-align: center;\"><em><strong>08&nbsp;&nbsp;&nbsp; SAYL\u0130&nbsp;&nbsp; \u0130CLAS PROTOKOLU<\/strong><\/em><\/p>\n<p>17 Mart &nbsp;2016-ci il<\/p>\n<p>saat 12<sup>00<\/sup><\/p>\n<p style=\"text-align: center;\"><em><strong>G\u00fcnd\u0259lik m\u0259s\u0259l\u0259l\u0259r:<\/strong><\/em><\/p>\n<p>&nbsp;&nbsp;&nbsp;&nbsp;&nbsp;&nbsp;&nbsp; M\u00fcsabiq\u0259&nbsp; komissiyas\u0131n\u0131n se\u00e7kisi<\/p>\n<p><strong>&nbsp; &nbsp;&nbsp;&nbsp;&nbsp;&nbsp;&nbsp;&nbsp;&nbsp;&nbsp;&nbsp;\u00c7 \u0131 x \u0131 \u015f l a r:<\/strong><\/p>\n<ol>\n<li>Fak\u00fclt\u0259 dekan\u0131 dos. \u018fjd\u0259r \u018fsg\u0259rov \u00e7\u0131x\u0131\u015f ed\u0259r\u0259k Universitet \u00fczr\u0259 M\u00fcsabiq\u0259 Komissiyas\u0131na Frans\u0131z dili kafedras\u0131n\u0131n ba\u015f m\u00fc\u0259llimi, filologiya \u00fczr\u0259 f\u0259ls\u0259f\u0259 doktoru Ayg\u00fcn \u018fliyevan\u0131n namiz\u0259dliyini ir\u0259li s\u00fcrd\u00fc. Onun g\u0259nc alim, prinsipial pedaqoq, y\u00fcks\u0259k intizaml\u0131 m\u00fc\u0259llim v\u0259 ba\u015fqa m\u00fcsb\u0259t keyfiyy\u0259tl\u0259rini n\u0259z\u0259r\u0259 al\u0131b M\u00fcsabiq\u0259 Komissiyas\u0131na \u00fczvl\u00fcy\u0259 layiq olmas\u0131n\u0131 vur\u011fulad\u0131.<\/li>\n<li>Leksika v\u0259 \u00f6lk\u0259\u015f\u00fcnasl\u0131q kafedras\u0131n\u0131n dosenti, Allahverdi H\u0259midov qeyd etdi ki, Ayg\u00fcn \u018fliyeva, do\u011frudan da saf, prinsipial insand\u0131r, g\u0259nc alimdir, t\u0259l\u0259b\u0259l\u0259rin v\u0259 m\u00fc\u0259llim yolda\u015flar\u0131n\u0131n aras\u0131nda \u00e7ox b\u00f6y\u00fck h\u00f6rm\u0259t qazanm\u0131\u015fd\u0131r. M\u0259n d\u0259 onun namiz\u0259dliyini b\u0259y\u0259nir\u0259m.<\/li>\n<li>Qrammatika v\u0259 ingilis dilinin t\u0259drisi kafedras\u0131n\u0131n m\u00fcdiri, dosent Mehdi R\u0259himov \u00e7\u0131x\u0131\u015f ed\u0259r\u0259k bildirdi ki, Ayg\u00fcn \u018fliyevan\u0131n \u00fcnvan\u0131na deyil\u0259n m\u00fcsb\u0259t fikirl\u0259r\u0259 m\u0259n d\u0259 qo\u015fuluram. Mehdi m\u00fc\u0259llim d\u0259 Ayg\u00fcn \u018fliyevan\u0131n Universitet \u00fczr\u0259 M\u00fcsabiq\u0259 Komissiyas\u0131na fak\u00fclt\u0259mizd\u0259n \u00fczv se\u00e7ilm\u0259sini m\u0259qs\u0259d\u0259uy\u011fun hesab etdi.<\/li>\n<\/ol>\n<p><strong>&nbsp;&nbsp;&nbsp;&nbsp;&nbsp;&nbsp;&nbsp;&nbsp;&nbsp;&nbsp;&nbsp;&nbsp; <\/strong><\/p>\n<p><strong>&nbsp;&nbsp;&nbsp;&nbsp;&nbsp;&nbsp;&nbsp;&nbsp;&nbsp;&nbsp; Q \u0259 r a r:<\/strong><\/p>\n<ol>\n<li>Universitet \u00fczr\u0259 M\u00fcsabiq\u0259 Komissiyas\u0131na Frans\u0131z dili kafedras\u0131n\u0131n ba\u015f m\u00fc\u0259llimi, filologiya \u00fczr\u0259 f\u0259ls\u0259f\u0259 doktoru \u018fliyeva Ayg\u00fcn \u0130lham q\u0131z\u0131 se\u00e7ilsin.<\/li>\n<li>R\u0259smil\u0259\u015fdirilm\u0259si bar\u0259d\u0259 S\u0259r\u0259ncam verm\u0259yi Universitet rektorundan xahi\u015f edilsin.<\/li>\n<\/ol>\n<p><strong>&nbsp;&nbsp;&nbsp;&nbsp;&nbsp;&nbsp;&nbsp;&nbsp;&nbsp;&nbsp;&nbsp;&nbsp;&nbsp;&nbsp;&nbsp;&nbsp;&nbsp;&nbsp;&nbsp;&nbsp;&nbsp;&nbsp;&nbsp;&nbsp;&nbsp;&nbsp;&nbsp;&nbsp;&nbsp;&nbsp;&nbsp;&nbsp;&nbsp;&nbsp;&nbsp;&nbsp;&nbsp;&nbsp;&nbsp;&nbsp;&nbsp;&nbsp;&nbsp; <\/strong><\/p>\n<p><strong>&nbsp;<\/strong><\/p>\n<p><strong>&nbsp;&nbsp;&nbsp;&nbsp;&nbsp;&nbsp;&nbsp;&nbsp;&nbsp;&nbsp;&nbsp;&nbsp;&nbsp;&nbsp;&nbsp;&nbsp;&nbsp;&nbsp;&nbsp;&nbsp;&nbsp;&nbsp;&nbsp;&nbsp;&nbsp;&nbsp;&nbsp;&nbsp;&nbsp;&nbsp;&nbsp;&nbsp;&nbsp;&nbsp; &nbsp;&nbsp;&nbsp;&nbsp;&nbsp;&nbsp;&nbsp;&nbsp;&nbsp;&nbsp;&nbsp;\u0130clas\u0131n s\u0259dri:&nbsp;&nbsp;&nbsp;&nbsp;&nbsp;&nbsp;&nbsp;&nbsp;&nbsp;&nbsp;&nbsp;&nbsp;&nbsp;&nbsp;&nbsp;&nbsp;&nbsp;&nbsp;&nbsp;&nbsp;&nbsp;&nbsp;&nbsp;&nbsp; dos.\u018f.\u018fsg\u0259rov<\/strong><\/p>\n<p><strong>&nbsp;&nbsp;&nbsp;&nbsp;&nbsp;&nbsp;&nbsp;&nbsp;&nbsp;&nbsp;&nbsp;&nbsp;&nbsp;&nbsp;&nbsp;&nbsp;&nbsp;&nbsp;&nbsp;&nbsp;&nbsp;&nbsp;&nbsp;&nbsp;&nbsp;&nbsp;&nbsp;&nbsp;&nbsp;&nbsp;&nbsp;&nbsp;&nbsp;&nbsp;&nbsp;&nbsp;&nbsp;&nbsp;&nbsp;&nbsp;&nbsp;&nbsp;&nbsp;&nbsp; \u0130clas\u0131n katibi:&nbsp;&nbsp;&nbsp;&nbsp;&nbsp;&nbsp;&nbsp;&nbsp;&nbsp;&nbsp;&nbsp;&nbsp;&nbsp;&nbsp;&nbsp;&nbsp;&nbsp;&nbsp;&nbsp;&nbsp;&nbsp;&nbsp;&nbsp;&nbsp; \u018f.\u015eahverdiyev<\/strong><\/p>\n<p style=\"text-align: center;\"><em><strong>G\u018fNC\u018f&nbsp;&nbsp; D\u00d6VL\u018fT &nbsp;&nbsp;UN\u0130VERS\u0130TET\u0130<\/strong><\/em><\/p>\n<p style=\"text-align: center;\"><em><strong>XAR\u0130C\u0130&nbsp;&nbsp; D\u0130LL\u018fR&nbsp; FAK\u00dcLT\u018fS\u0130&nbsp; ELM\u0130 \u015eURAS\u0130N\u0130N<\/strong><\/em><\/p>\n<p style=\"text-align: center;\"><em><strong>2015\/2016 T\u018fDR\u0130S \u0130L\u0130N\u018f A\u0130D<\/strong><\/em><\/p>\n<p style=\"text-align: center;\"><em><strong>09&nbsp;&nbsp;&nbsp; SAYL\u0130&nbsp;&nbsp; \u0130CLAS PROTOKOLU<\/strong><\/em><\/p>\n<p>15 aprel &nbsp;2016-ci il tarixd\u0259 ke\u00e7iril\u0259c\u0259kdir.<\/p>\n<p>saat 12<sup>00<br \/><\/sup><\/p>\n<p style=\"text-align: center;\"><em><strong>G\u00fcnd\u0259lik m\u0259s\u0259l\u0259l\u0259r<\/strong><\/em><\/p>\n<ol>\n<li>Burax\u0131l\u0131\u015f qruplar\u0131nda yaz imtahan sessiyas\u0131na haz\u0131rl\u0131q v\u0259ziyy\u0259ti<\/li>\n<li>Fak\u00fclt\u0259 \u00fczr\u0259 \u0130xtisas dili f\u0259nl\u0259rinin t\u0259drisi v\u0259ziyy\u0259ti<\/li>\n<li>Fak\u00fclt\u0259 T\u0259dris -metodiki \u015furan\u0131n hesabat\u0131<\/li>\n<li>II kollokviumun yekunlar\u0131 f\u0259nl\u0259r \u00fczr\u0259 n\u0259tic\u0259l\u0259rin v\u0259ziyy\u0259ti<\/li>\n<li>M\u00fc\u0259llim se\u00e7kisi<\/li>\n<li>Cari m\u0259s\u0259l\u0259l\u0259r<\/li>\n<\/ol>\n<p style=\"text-align: center;\"><em><strong>G\u018fNC\u018f&nbsp;&nbsp; D\u00d6VL\u018fT &nbsp;&nbsp;UN\u0130VERS\u0130TET\u0130<\/strong><\/em><\/p>\n<p style=\"text-align: center;\"><em><strong>XAR\u0130C\u0130&nbsp;&nbsp; D\u0130LL\u018fR&nbsp; FAK\u00dcLT\u018fS\u0130&nbsp; ELM\u0130 \u015eURAS\u0130N\u0130N<\/strong><\/em><\/p>\n<p style=\"text-align: center;\"><em><strong>2015\/2016 T\u018fDR\u0130S \u0130L\u0130N\u018f A\u0130D<\/strong><\/em><\/p>\n<p style=\"text-align: center;\"><em><strong>10&nbsp;&nbsp;&nbsp; SAYL\u0130&nbsp;&nbsp; \u0130CLAS PROTOKOLU<\/strong><\/em><\/p>\n<p><strong>31 may &nbsp;2016-ci il<\/strong><\/p>\n<p><strong>saat 15<sup>00<\/sup><\/strong><\/p>\n<p style=\"text-align: center;\"><strong>G\u00fcnd\u0259lik m\u0259s\u0259l\u0259l\u0259r<\/strong><\/p>\n<ol>\n<li style=\"text-align: left;\"><strong>Yaz imtahan sessiyas\u0131na haz\u0131rl\u0131\u011f\u0131n v\u0259ziyy\u0259ti<\/strong><\/li>\n<li style=\"text-align: left;\"><strong>Burax\u0131l\u0131\u015f i\u015fl\u0259rinin m\u00fcdafi\u0259y\u0259 haz\u0131rl\u0131q v\u0259ziyy\u0259ti<\/strong><\/li>\n<li style=\"text-align: left;\"><strong>M\u00fc\u0259llim se\u00e7kisi<\/strong><\/li>\n<li style=\"text-align: left;\"><strong>Cari m\u0259s\u0259l\u0259l\u0259r<\/strong><\/li>\n<\/ol>\n<p style=\"text-align: center;\">G\u018fNC\u018f&nbsp;&nbsp; D\u00d6VL\u018fT &nbsp;&nbsp;UN\u0130VERS\u0130TET\u0130<\/p>\n<p style=\"text-align: center;\">XAR\u0130C\u0130&nbsp;&nbsp; D\u0130LL\u018fR&nbsp; FAK\u00dcLT\u018fS\u0130&nbsp; ELM\u0130 \u015eURAS\u0130N\u0130N<\/p>\n<p style=\"text-align: center;\">2015\/2016 T\u018fDR\u0130S \u0130L\u0130N\u018f A\u0130D<\/p>\n<p style=\"text-align: center;\"><span style=\"color: #ff0000;\">&nbsp; I &nbsp; &nbsp;SAYL\u0130&nbsp;&nbsp; \u0130CLAS PROTOKOLU<\/span><\/p>\n<p><span style=\"color: #000000;\"><em><strong>30 sentyabr &nbsp;2016-c\u0131 il<\/strong><\/em><\/span><\/p>\n<p>saat 14<sup>00<\/sup><\/p>\n<p style=\"text-align: center;\"><span style=\"color: #ff0000;\">G\u00fcnd\u0259lik m\u0259s\u0259l\u0259l\u0259r<\/span><\/p>\n<ol style=\"text-align: left;\">\n<li>2015\/2016 t\u0259dris dilinin yekunlar\u0131na dair hesabat v\u0259 yeni t\u0259dris ilind\u0259 qar\u015f\u0131da duran v\u0259zif\u0259l\u0259r<\/li>\n<li>Kredit borclar\u0131n\u0131n \u00f6d\u0259nilm\u0259si il\u0259 ba\u011fl\u0131 i\u015fl\u0259rin t\u0259\u015fkili<\/li>\n<li>M\u00fc\u0259llim v\u0259 t\u0259dris k\u00f6m\u0259k\u00e7i hey\u0259tinin i\u015f intizam\u0131 v\u0259ziyy\u0259ti<\/li>\n<li>T\u0259rbiy\u0259 i\u015fl\u0259ri \u00fczr\u0259 dekan m\u00fcavinin i\u015f plan\u0131n\u0131n t\u0259sdiqi<\/li>\n<li>Ty\u00fctorlar\u0131n i\u015f plan\u0131n\u0131n m\u00fczakir\u0259si v\u0259 t\u0259sdiqi<\/li>\n<li>M\u00fc\u0259llim se\u00e7kisi<\/li>\n<li>Cari m\u0259s\u0259l\u0259l\u0259r<\/li>\n<\/ol>\n<p style=\"text-align: center;\"><span style=\"color: #ff0000;\">2 sayl\u0131 iclas protokolu<\/span><\/p>\n<p><span style=\"color: #ff0000;\">28 okryabr 2016-c\u0131 il<\/span><\/p>\n<p><span style=\"color: #ff0000;\">saat 14<sup>00<\/sup><\/span><\/p>\n<p style=\"text-align: center;\">G\u00fcnd\u0259lik m\u0259s\u0259l\u0259l\u0259r<\/p>\n<ol>\n<li>Fak\u00fclt\u0259d\u0259 I kurs magistrantlar\u0131n dissertasiya v\u0259 bakalavr m\u00f6vzular\u0131 v\u0259 r\u0259hb\u0259rl\u0259rinin t\u0259sdiqi<\/li>\n<li>T\u0259dris- Metodiki \u015euras\u0131n\u0131n i\u015finin t\u0259\u015fkili<\/li>\n<li>\u0130xtisas f\u0259nl\u0259rinin t\u0259drisi t\u0259\u015fkili.<\/li>\n<li>Kafedralarda a\u00e7\u0131q d\u0259rsl\u0259rin t\u0259\u015fkili v\u0259 qrafikl\u0259rinin m\u00fc\u0259yy\u0259nl\u0259\u015fdirilm\u0259si<\/li>\n<li>Alman dili v\u0259 Frans\u0131z dili kafedralar\u0131nda t\u0259dris- metodiki i\u015fl\u0259rin v\u0259 elmi m\u0259qal\u0259l\u0259rin yaz\u0131lmas\u0131 v\u0259ziyy\u0259ti<\/li>\n<li>\u0130xtisaslar \u00fczr\u0259 s\u0259rb\u0259st i\u015fl\u0259rin m\u00f6vzular\u0131n\u0131n verilm\u0259si v\u0259ziyy\u0259ti<\/li>\n<li>I kurs \u00fczr\u0259 tyutorun t\u0259l\u0259b\u0259l\u0259rl\u0259 i\u015finin t\u0259\u015fkili<\/li>\n<li>Burax\u0131l\u0131\u015f i\u015fl\u0259rinin yaz\u0131lmas\u0131na dair hesabat<\/li>\n<li>M\u00fc\u0259llim se\u00e7kisi<\/li>\n<li>Cari m\u0259s\u0259l\u0259l\u0259r<\/li>\n<\/ol>\n<p style=\"text-align: center;\"><em><strong><span style=\"color: #ff0000;\">T\u0259qdimat:<\/span><\/strong><\/em><\/p>\n<p><a href=\"http:\/\/xd.gdu.edu.az\/wp-content\/uploads\/2016\/03\/20161028_141339.jpg\"><img loading=\"lazy\" decoding=\"async\" class=\"size-full wp-image-1505\" src=\"http:\/\/xd.gdu.edu.az\/wp-content\/uploads\/2016\/03\/20161028_141339.jpg\" alt=\"?\" width=\"640\" height=\"360\" srcset=\"http:\/\/xdf.gdu.edu.az\/wp-content\/uploads\/2016\/03\/20161028_141339.jpg 640w, http:\/\/xdf.gdu.edu.az\/wp-content\/uploads\/2016\/03\/20161028_141339-300x169.jpg 300w\" sizes=\"auto, (max-width: 640px) 100vw, 640px\" \/><\/a><\/p>\n<p><a href=\"http:\/\/xd.gdu.edu.az\/wp-content\/uploads\/2016\/03\/20161028_141414.jpg\"><img loading=\"lazy\" decoding=\"async\" class=\"size-full wp-image-1504\" src=\"http:\/\/xd.gdu.edu.az\/wp-content\/uploads\/2016\/03\/20161028_141414.jpg\" alt=\"?\" width=\"640\" height=\"360\" srcset=\"http:\/\/xdf.gdu.edu.az\/wp-content\/uploads\/2016\/03\/20161028_141414.jpg 640w, http:\/\/xdf.gdu.edu.az\/wp-content\/uploads\/2016\/03\/20161028_141414-300x169.jpg 300w\" sizes=\"auto, (max-width: 640px) 100vw, 640px\" \/><\/a><\/p>\n<p style=\"text-align: center;\">G\u018fNC\u018f&nbsp;&nbsp; D\u00d6VL\u018fT&nbsp;&nbsp; UN\u0130VERS\u0130TET\u0130<\/p>\n<p style=\"text-align: center;\">XAR\u0130C\u0130&nbsp;&nbsp; D\u0130LL\u018fR&nbsp; FAK\u00dcLT\u018fS\u0130&nbsp; ELM\u0130 \u015eURAS\u0130N\u0130N<\/p>\n<p style=\"text-align: center;\">2016\/2017 T\u018fDR\u0130S \u0130L\u0130N\u018f A\u0130D<\/p>\n<p style=\"text-align: center;\">03&nbsp;&nbsp; SAYL\u0130&nbsp;&nbsp; \u0130CLAS PROTOKOLU<\/p>\n<p>29 noyabr 2016-c\u0131 il<\/p>\n<p>saat 14<sup>00<\/sup><\/p>\n<p>G\u00fcnd\u0259lik m\u0259s\u0259l\u0259l\u0259r<\/p>\n<ol>\n<li>Fak\u00fclt\u0259d\u0259 t\u0259rbiy\u0259 i\u015finin t\u0259\u015fkili v\u0259ziyy\u0259ti<\/li>\n<li>Qrammatika v\u0259 ingilis dilinin t\u0259drisi v\u0259 Praktik Xarici dill\u0259r kafedralar\u0131n\u0131n t\u0259dris \u2013 metodiki v\u0259 t\u0259rbiy\u0259 i\u015fl\u0259rinin v\u0259ziyy\u0259ti<\/li>\n<li>Fak\u00fclt\u0259d\u0259 qeyri- ixtisas f\u0259nl\u0259rinin t\u0259drisi v\u0259ziyy\u0259ti<\/li>\n<li>Fak\u00fclt\u0259 ictimai t\u0259\u015fkilatlar\u0131n i\u015finin t\u0259\u015fkili v\u0259ziyy\u0259ti<\/li>\n<li>Kafedralar\u0131n dig\u0259r ali m\u0259kt\u0259bl\u0259rl\u0259 (yerli v\u0259 xarici) \u0259laq\u0259l\u0259rinin t\u0259\u015fkili v\u0259ziyy\u0259ti<\/li>\n<li>TEC-in i\u015finin t\u0259\u015fkili v\u0259ziyy\u0259ti<\/li>\n<li>F\u0259nl\u0259rin d\u0259rslikl\u0259rl\u0259 t\u0259minat\u0131 v\u0259 sisteml\u0259\u015fdirilm\u0259si v\u0259 yaz\u0131lma v\u0259ziyy\u0259ti<\/li>\n<li>M\u00fc\u0259llim se\u00e7kisi<\/li>\n<li>Cari m\u0259s\u0259l\u0259l\u0259r<\/li>\n<\/ol>\n<ol>\n<li><strong>Fak\u00fclt\u0259d\u0259 t\u0259rbiy\u0259 i\u015finin t\u0259\u015fkili v\u0259ziyy\u0259ti <\/strong><\/li>\n<\/ol>\n<p>1.Fak\u00fclt\u0259 dekan\u0131 dosent \u018fjd\u0259r \u018fsg\u0259rov qeyd etdi ki, bu sah\u0259 il\u0259 kurslar \u00fczr\u0259 t\u0259yin olunmu\u015f tyutorlar yax\u0131ndan m\u0259\u015f\u011ful olurlar. G\u00fcnd\u0259lik tyutorlar qruplarda olur t\u0259l\u0259b\u0259l\u0259rin probleml\u0259ri il\u0259 yax\u0131ndan maraqlan\u0131rlar, ciddi probleml\u0259ri dekanl\u0131qda, fak\u00fclt\u0259 elmi \u015furas\u0131nda m\u00fczakir\u0259y\u0259 \u00e7\u0131xar\u0131rlar. X\u00fcsusi olaraq t\u0259rbiy\u0259 i\u015finin \u0259sas y\u00fck\u00fc tyutor Nuriyeva Ayselin \u00fcz\u0259rin\u0259 d\u00fc\u015f\u00fcr. T\u0259l\u0259b\u0259l\u0259rimiz Universitetin v\u0259 \u015f\u0259h\u0259rin t\u0259dbirl\u0259rind\u0259 yax\u0131ndan i\u015ftirak edirl\u0259r. Universitet r\u0259hb\u0259rliyi t\u0259r\u0259find\u0259n t\u0259rbiy\u0259 sayh\u0259sind\u0259 bir ne\u00e7\u0259 m\u0259s\u0259l\u0259 daima diqq\u0259t m\u0259rk\u0259zind\u0259di. Bunlardan o\u011flan t\u0259l\u0259b\u0259l\u0259rin \u00fczl\u0259rinin Universitetin nizam-intizam\u0131na uy\u011fun saxlan\u0131lmas\u0131, b\u00fct\u00fcn t\u0259l\u0259b\u0259l\u0259rin xalq\u0131m\u0131z\u0131n mentalitetin\u0259 uy\u011fun geyiml\u0259ri, hicabl\u0131 t\u0259l\u0259b\u0259l\u0259rn\u0259n s\u00f6hb\u0259t daim diqq\u0259t m\u0259rk\u0259zind\u0259dir.<\/p>\n<ol start=\"2\">\n<li>Tyutor Nuriyeva Aysel \u00e7\u0131x\u0131\u015f ed\u0259r\u0259k bildirdi ki, fak\u00fclt\u0259d\u0259 t\u0259rbiy\u0259 i\u015fi h\u0259r bir m\u00fc\u0259llimin v\u0259 \u0259m\u0259kda\u015f\u0131n i\u015fidir. Bel\u0259 ki, h\u0259r bir t\u0259l\u0259b\u0259nin h\u0259r\u0259k\u0259tind\u0259 ist\u0259r d\u0259rs vaxti ist\u0259rs\u0259 d\u0259 t\u0259n\u0259ff\u00fcsd\u0259 yol veril\u0259n qayda pozuntusu m\u00fc\u0259llim v\u0259 \u0259makda\u015flarin diqq\u0259tini \u00e7\u0259km\u0259li v\u0259 onlar t\u0259r\u0259find\u0259n m\u00fcdaxil\u0259 edilib d\u00fcz\u0259lm\u0259lidir.<\/li>\n<\/ol>\n<p>Bizim qruplarnan g\u00f6r\u00fc\u015f\u00fcm\u00fczd\u0259 t\u0259l\u0259b\u0259l\u0259rin davran\u0131\u015flar\u0131, davamiyy\u0259tl\u0259ri, gecikm\u0259l\u0259ri, t\u0259l\u0259b\u0259l\u0259rin asud\u0259&nbsp; vaxt\u0131n\u0131n t\u0259\u015fkili,&nbsp; onlar\u0131n ail\u0259 m\u0259i\u015f\u0259t probleml\u0259ri m\u00fczakir\u0259 olunur v\u0259 h\u0259lli yollar\u0131 tap\u0131l\u0131r.<\/p>\n<p><strong>Q\u018fRAR: <\/strong>Fak\u00fclt\u0259d\u0259 t\u0259rbiy\u0259 i\u015finin t\u0259\u015fkili v\u0259ziyy\u0259ti q\u0259na\u0259tb\u0259x\u015f hesab olunsun.<\/p>\n<ol start=\"2\">\n<li><strong>Qrammatika v\u0259 ingilis dilinin t\u0259drisi v\u0259 Praktik Xarici dill\u0259r kafedralar\u0131n\u0131n t\u0259dris \u2013 metodiki v\u0259 t\u0259rbiy\u0259 i\u015fl\u0259rinin v\u0259ziyy\u0259ti<\/strong><\/li>\n<\/ol>\n<p>1.Qrammatika v\u0259 ingilis dilinin t\u0259drisi kafedras\u0131n\u0131n dosenti Mehdi R\u0259himov bildirdi ki, h\u0259r zaman kafedra iclaslar\u0131nda a\u00e7\u0131q&nbsp; d\u0259rsl\u0259r m\u00fczakir\u0259 olunur, m\u00fc\u0259llimin d\u0259rsin t\u0259\u015fkilind\u0259&nbsp; m\u00fcsb\u0259t v\u0259 m\u0259nfi keyfiyy\u0259tl\u0259ri ara\u015fd\u0131r\u0131l\u0131r. Bu t\u0259drisin keyfiyy\u0259tinin y\u00fcks\u0259ldilm\u0259sin\u0259 \u00e7ox k\u00f6m\u0259k edir. M\u0259n \u015f\u0259xs\u0259n kafedra m\u00fcdiri kimi b\u00fct\u00fcn a\u00e7\u0131q d\u0259rsl\u0259rd\u0259 i\u015ftirak edir\u0259m, eyni zamanda \u00f6z\u00fcm\u00fcn t\u0259dris etdiyim dersl\u0259r\u0259 m\u00fc\u0259lliml\u0259ri d\u0259v\u0259t edir\u0259m. Kafedran\u0131n b\u00fct\u00fcn \u0259m\u0259kda\u015flar\u0131ndan daima t\u0259l\u0259b olunur ki,&nbsp; d\u0259rsin t\u0259\u015fkilind\u0259 h\u0259r zaman&nbsp; elektron vasit\u0259l\u0259rd\u0259n istifad\u0259 etsinl\u0259r. H\u0259r bir kafedra \u0259m\u0259kda\u015f\u0131ndan t\u0259l\u0259b olunur ki, t\u0259lim il\u0259 b\u0259rab\u0259r, t\u0259rbiy\u0259 i\u015finid\u0259 yaddan \u00e7\u0131xarmas\u0131nlar.<\/p>\n<p>2.Praktik Xarici dill\u0259r kafedras\u0131n\u0131n m\u00fcdiri&nbsp; dosent Zahir\u0259 \u018fliyeva&nbsp; \u00e7\u0131x\u0131\u015f ed\u0259r\u0259k bildirdi ki, bizim kafedran\u0131n m\u00fc\u0259lliml\u0259ri fars dilini \u00e7\u0131xmaq \u015f\u0259rti il\u0259 bir sillabus \u0259sas\u0131nda i\u015fimizi qurmu\u015fuq. Bu biz\u0259 imkan verir ki, b\u00fct\u00fcn m\u00fc\u0259lliml\u0259rin t\u0259cr\u00fcb\u0259sind\u0259n istifad\u0259 ed\u0259r\u0259k t\u0259drisin keyfiyy\u0259tini y\u00fcks\u0259ld\u0259k. M\u0259n kafedra m\u00fcdiri kimi b\u00fct\u00fcn m\u00fc\u0259lliml\u0259rin a\u00e7\u0131q d\u0259rsl\u0259rind\u0259 i\u015ftirak edir\u0259m v\u0259 \u00e7al\u0131\u015f\u0131ram ki, dinl\u0259nil\u0259n d\u0259rsl\u0259rd\u0259 yax\u015f\u0131 n\u0259 varsa dig\u0259r m\u00fc\u0259lliml\u0259r d\u0259 istifad\u0259 etsinl\u0259r.<\/p>\n<p><strong>Q\u018fRAR:<\/strong> Qrammatika v\u0259 ingilis dilinin t\u0259drisi v\u0259 Praktik Xarici dill\u0259r kafedralar\u0131n\u0131n t\u0259dris-metodiki v\u0259 t\u0259rbiy\u0259 i\u015fl\u0259rinin v\u0259ziyy\u0259ti q\u0259na\u0259tb\u0259x\u015f hesab edilsin.<\/p>\n<ol start=\"3\">\n<li><strong> Fak\u00fclt\u0259d\u0259 qeyri- ixtisas f\u0259nl\u0259rinin t\u0259drisi v\u0259ziyy\u0259ti<\/strong><\/li>\n<\/ol>\n<p>1.T\u0259dris i\u015fl\u0259ri \u00fczr\u0259 dekan m\u00fcavini M\u0259leyk\u0259 Aslanova&nbsp; bildirdi ki,&nbsp; qeyri-ixtisas f\u0259nl\u0259rin v\u0259ziyy\u0259ti yax\u015f\u0131d\u0131r. M\u00fc\u0259lliml\u0259rin s\u0259n\u0259dl\u0259ri: sillabuslar\u0131, f\u0259nn proqramlar\u0131, d\u0259rs\u0259 aid materiallar qaydas\u0131nda olur. M\u00fc\u0259lliml\u0259rin d\u0259rs\u0259 gecikm\u0259si v\u0259 d\u0259rsd\u0259n qalma hallar\u0131na rast g\u0259linmir. M\u00fchazir\u0259 materiallar\u0131 internet saytimizda yerl\u0259\u015fdirilm\u0131\u015fdir.&nbsp; T\u0259rtib edil\u0259n test suallar\u0131 b\u00fct\u00fcn f\u0259nn proqram\u0131n\u0131 \u0259had\u0259 edir.<\/p>\n<ol start=\"2\">\n<li>Fransiz dili kafedra m\u00fcdiri t\u0259dris-metodiki \u015furanin s\u0259dri ba\u015f m\u00fc\u0259llim M\u0259h\u0259rr\u0259m Orucov \u00e7\u0131x\u0131\u015f ed\u0259r\u0259k s\u00f6yl\u0259di ki, m\u0259n m\u00fct\u0259madi olaraq qeyri-ixtisas f\u0259nl\u0259rinin a\u00e7\u0131q d\u0259sl\u0259rind\u0259 i\u015ftirak edir\u0259m&nbsp; v\u0259 dersl\u0259rin t\u0259limata uy\u011fun apar\u0131ld\u0131\u011f\u0131n\u0131 qeyd etm\u0259k ist\u0259yir\u0259m.<\/li>\n<\/ol>\n<p><strong>Q\u018fRAR<\/strong>: Fak\u00fclt\u0259d\u0259 qeyri-ixtisas f\u0259nl\u0259rinin t\u0259drisi v\u0259ziyy\u0259ti q\u0259na\u0259tb\u0259x\u015f hesab edilsin.<\/p>\n<p><strong>4.Fak\u00fclt\u0259 ictimai t\u0259\u015fkilatlar\u0131n i\u015finin t\u0259\u015fkili v\u0259ziyy\u0259ti<\/strong><\/p>\n<p>Fak\u00fclt\u0259 dekan\u0131&nbsp; dosent \u018fjd\u0259r \u018fsg\u0259rov&nbsp; \u00e7\u0131x\u0131\u015f ed\u0259r\u0259k bildirdi ki, fak\u00fclt\u0259d\u0259 f\u0259aliyy\u0259t g\u00f6st\u0259r\u0259n ictimayi t\u0259\u015fkilatlar\u0131n i\u015fini kardinasiya etm\u0259k, onlar\u0131n t\u0259limin v\u0259 t\u0259rbiy\u0259nin y\u00fcs\u0259lm\u0259sin\u0259 istiqam\u0259tl\u0259ndirm\u0259k q\u0259na\u0259t b\u0259x\u015f hesab edir\u0259. Fak\u00fclt\u0259 h\u0259mkarlar t\u0259\u015fkilat\u0131n\u0131n, t\u0259l\u0259b\u0259 elmi c\u0259miyy\u0259tinin, t\u0259l\u0259b\u0259 g\u0259ncl\u0259r t\u0259\u015fkilat\u0131n\u0131n, fak\u00fclt\u0259 t\u0259l\u0259b\u0259 h\u0259mkarlar t\u0259\u015fkilat\u0131n\u0131n, t\u0259l\u0259b\u0259 \u015furas\u0131n\u0131n ayr\u0131 ayr\u0131l\u0131qda i\u015fl\u0259ri d\u00fczg\u00fcn qurulmu\u015fdur. X\u00fcsusil\u0259 t\u0259l\u0259b\u0259 elmi&nbsp; c\u0259miyy\u0259tinin s\u0259dri ba\u015f m\u00fc\u0259llim \u015eahnaz \u015eamilovan\u0131n f\u0259aliyy\u0259ti n\u0259tic\u0259sind\u0259 fak\u00fclt\u0259mizin t\u0259l\u0259b\u0259l\u0259ri Universitetin t\u0259l\u0259b\u0259 elmi konfrans\u0131nda ilk be\u015fliy\u0259 daxil olmu\u015flar. Ingilis dili ixtisas\u0131n\u0131n t\u0259l\u0259b\u0259si Leyla \u0130slay\u0131lova birinci yeri qazanm\u0131\u015fd\u0131r. Ictimai t\u0259\u015fkilatlarin s\u0259drl\u0259ri \u015f\u0259h\u0259rimizin v\u0259 Universitetimizin&nbsp; t\u0259dbirl\u0259rind\u0259 f\u0259al i\u015ftirak edirl\u0259r.<\/p>\n<p><strong>Q\u018fRAR <\/strong>: Fak\u00fclt\u0259 ictimai t\u0259\u015fkilatlar\u0131n i\u015finin t\u0259\u015fkili v\u0259ziyy\u0259ti q\u0259na\u0259tb\u0259x\u015f hesab edilsn.<\/p>\n<p>5.<strong>Kafedralar<\/strong><strong>\u0131<\/strong><strong>n<\/strong> <strong>dig<\/strong><strong>\u0259<\/strong><strong>r<\/strong> <strong>ali<\/strong> <strong>m<\/strong><strong>\u0259<\/strong><strong>kt<\/strong><strong>\u0259<\/strong><strong>bl<\/strong><strong>\u0259<\/strong><strong>rl<\/strong><strong>\u0259 (<\/strong><strong>yerli<\/strong> <strong>v<\/strong><strong>\u0259 <\/strong><strong>xarici<\/strong><strong>) \u0259<\/strong><strong>laq<\/strong><strong>\u0259<\/strong><strong>l<\/strong><strong>\u0259<\/strong><strong>rinin<\/strong> <strong>t<\/strong><strong>\u0259\u015f<\/strong><strong>kili<\/strong> <strong>v<\/strong><strong>\u0259<\/strong><strong>ziyy<\/strong><strong>\u0259<\/strong><strong>ti<\/strong><\/p>\n<p>1.Frans\u0131z dili kafedras\u0131n\u0131n&nbsp; ba\u015f m\u00fc\u0259llimi Roma Allahverdiyeva&nbsp; \u00e7\u0131x\u0131\u015f\u0131nda bildirdi ki, frans\u0131z dili \u00fczr\u0259 Fransa al\u0131 m\u0259kt\u0259bl\u0259rind\u0259n Strasburq&nbsp; v\u0259 Miluz Unuversiteti il\u0259 s\u0131x \u0259laq\u0259l\u0259rimiz vard\u0131r. 2016-c\u0131 il \u0259rzind\u0259 kafedram\u0131z\u0131n \u0259m\u0259kda\u015flar\u0259 Fransan\u0131n Miluz Universitetind\u0259, v\u0259 Miluz Universitetinin \u0259m\u0259kda\u015flar\u0131 G\u0259nc\u0259 D\u00f6vl\u0259t Universitetind\u0259 olmu\u015flar.<\/p>\n<p>2.Alman dili kafedras\u0131n\u0131n m\u00fcdiri ba\u015f m\u00fc\u0259llim Elvin Ataki\u015fiyev&nbsp; kafedran\u0131n Almanyan\u0131n H\u00f6ti Universiteti il\u0259&nbsp; kafedran\u0131n \u0259laq\u0259l\u0259rind\u0259n dan\u0131\u015faraq bildirdi ki, m\u00fc\u0259lliml\u0259rimiz v\u0259 t\u0259l\u0259b\u0259l\u0259rimiz bu Universitet il\u0259 s\u0131z \u0259laq\u0259 qurmu\u015flar v\u0259 g\u0259l\u0259c\u0259kd\u0259 m\u00fc\u0259llim v\u0259 t\u0259l\u0259b\u0259 m\u00fcbadil\u0259sinin aparilmas\u0131 g\u00f6zl\u0259nilir.<\/p>\n<ol start=\"3\">\n<li>Leksika v\u0259 \u00f6lk\u0259\u015f\u00fcnasl\u0131q kafedras\u0131n\u0131n dosenti Allahverdi H\u0259midov qeyd etdi ki, rus dili v\u0259 ingilis dili ixtisaslar\u0131 \u00fczr\u0259 d\u0259 uy\u011fun Universitetl\u0259rl\u0259 \u0259laq\u0259 qurulsa \u00e7ox yax\u015f\u0131 olar.<\/li>\n<\/ol>\n<p><strong>Q\u018fRAR<\/strong>: Kafedralar\u0131n dig\u0259r ali m\u0259kt\u0259bl\u0259rl\u0259 \u0259laq\u0259l\u0259rinin t\u0259\u015fkili v\u0259ziyy\u0259ti q\u0259na\u0259tb\u0259x\u015f hesab edilsin.<\/p>\n<ol start=\"6\">\n<li><strong>6<\/strong><strong>. <\/strong><strong>TEC-in i\u015finin t\u0259\u015fkili v\u0259ziyy\u0259ti<\/strong><\/li>\n<\/ol>\n<p>1.Fak\u00fclt\u0259 \u00fczr\u0259 TEC-in sedri \u015eahnaz \u015eamilova \u00e7ixi\u015f ederek bildirdi ki,&nbsp; \u0259l\u0259b\u0259l\u0259rimiz T\u0259l\u0259b\u0259 Elmi C\u0259miyy\u0259tind\u0259 i\u015find\u0259 yax\u0131ndan i\u015ftirak edirl\u0259r, 2016-ci ild\u0259 fak\u00fclt\u0259 \u00fczr\u0259 t\u0259l\u0259b\u0259 elmi konfrans\u0131 i\u015find\u0259&nbsp; \u00f6z m\u0259qal\u0259 il\u0259 32 n\u0259f\u0259r t\u0259l\u0259b\u0259 i\u015ftirak etmi\u015fdir. Fak\u00fclt\u0259nin t\u0259l\u0259b\u0259l\u0259ri fak\u00fclt\u0259 elmi konfrans\u0131nda \u0259n y\u00fcks\u0259k yerl\u0259ri tutmu\u015flar.&nbsp; Kafedra m\u00fcdirinin i\u015ftirak\u0131ndan istifad\u0259 ed\u0259r\u0259k bildirm\u0259k ist\u0259yir\u0259m ki, elmi d\u0259r\u0259c\u0259li m\u00fc\u0259lliml\u0259rimiz,ba\u015f m\u00fc\u0259lliml\u0259rimiz&nbsp; t\u0259\u0259ss\u00fcfl\u0259 qeyd edir\u0259m ki, kafedra m\u00fcdiri ba\u015fda olmaqla t\u0259l\u0259b\u0259l\u0259r\u0259 elmi r\u0259hb\u0259rlik etm\u0259y\u0259 \u00e7ox laqeid yana\u015f\u0131rlar.<\/p>\n<p>2.Alaman dili kafdras\u0131n\u0131n ba\u015f m\u00fc\u0259llimi V\u00fcsal\u0259 K\u0259rimova etiraf etdi&nbsp; ki, t\u0259l\u0259b\u0259l\u0259r\u0259 elmi r\u0259hb\u0259rlik etm\u0259k i\u015fin\u0259 yana\u015fma \u00e7ox a\u015fa\u011f\u0131 s\u0259viyy\u0259d\u0259dir. Biz bunu aradan qald\u0131rmal\u0131y\u0131q.<\/p>\n<p><strong>Q\u018fRAR:<\/strong>TEC-in i\u015finin t\u0259\u015fkili v\u0259ziyy\u0259ti iradlar\u0131 n\u0259z\u0259r\u0259 almaqla q\u0259na\u0259tb\u0259x\u015f hesab edilsin.<\/p>\n<p>7.<strong>F\u0259nl\u0259rin d\u0259rslikl\u0259rl\u0259 t\u0259minat\u0131 v\u0259 sisteml\u0259\u015fdirilm\u0259si v\u0259 yaz\u0131lma v\u0259ziyy\u0259ti<\/strong><\/p>\n<p>1.Frans\u0131z dili kaderas\u0131n\u0131n ba\u015f m\u00fc\u0259llimi V\u00fcsal\u0259 \u0130sg\u0259nd\u0259rova bildirdi ki, frans\u0131z dili ixtisasi \u00fczr\u0259&nbsp; b\u00fct\u00fcn ixtisas f\u0259nl\u0259ri d\u0259rslikl\u0259rl\u0259 tam t\u0259min edilmi\u015fdir v\u0259 sisteml\u0259\u015fdirilmi\u015fdir.<\/p>\n<p>2.Alaman dili kafedras\u0131n\u0131n m\u00fcdiri Elvin Atak\u0131\u015f\u0131yev bildirdi ki, Alman dili ixtisasi \u00fczr\u0259 b\u00fct\u00fcn f\u0259nl\u0259r keyfiyy\u0259tli d\u0259rslikl\u0259rl\u0259 t\u0259min edilmi\u015fdir.<\/p>\n<p>3.Rus dili kafedras\u0131n\u0131n m\u00fcdiri dosent K\u0259mal\u0259 \u018fhm\u0259dova \u00e7\u0131x\u0131\u015f\u0131nda bildirdi ki, \u0259vv\u0259lki ill\u0259rd\u0259 rus dili ixtisas\u0131 \u00fczr\u0259 d\u0259rslikl\u0259rl\u0259 ba\u011fl\u0131 \u00e7\u0259tinlikl\u0259rimiz olsada hazirda bu v\u0259ziyy\u0259t qism\u0259n aradan qald\u0131r\u0131lm\u0131\u015fd\u0131r.<\/p>\n<p>4.Leksika v\u0259 \u00f6lk\u0259\u015f\u00fcnasl\u0131q kafedras\u0131n\u0131n m\u00fcdiri dosent Sevda Kaz\u0131mova qeyd etdi ki, ingilis dili ixtisas\u0131 \u00fczr\u0259 d\u0259rslikl\u0259rl\u0259 ba\u011fl\u0131 he\u00e7 bir \u00e7\u0259tinlik yoxdur.<\/p>\n<p>Q\u018fRAR: F\u0259nl\u0259rin d\u0259rslikl\u0259rl\u0259 t\u0259minat\u0131 v\u0259 sisteml\u0259\u015fdirilm\u0259si v\u0259 yaz\u0131lma v\u0259ziyy\u0259ti q\u0259na\u0259tb\u0259x\u015f hesab edilsin.<\/p>\n<p><strong>8.<\/strong><strong>M\u00fc\u0259llim se\u00e7kisi <\/strong><\/p>\n<p><strong>9.Cari m\u0259s\u0259l\u0259l\u0259r<\/strong><\/p>\n<p><strong>1.<\/strong>Dosent \u018fliyeva Sevda C\u0259lal q\u0131z\u0131n\u0131n \u201cT\u0259rc\u00fcm\u0259 n\u0259z\u0259riyy\u0259si\u201d&nbsp; f\u0259nni \u00fc\u00e7\u00fcn metodik v\u0259sait.<\/p>\n<p><strong>E\u015e\u0130D\u0130LD\u0130:<\/strong><\/p>\n<p>\u0130clas\u0131n s\u0259dri fak\u00fclt\u0259 dekan\u0131 dos. \u018f.\u018fsg\u0259rov qeyd etdi ki, iclas\u0131m\u0131z\u0131n 1 \u2013ci m\u0259s\u0259l\u0259si dosent \u018fliyeva Sevda C\u0259lal q\u0131z\u0131n\u0131n&nbsp; t\u0259rtib etdiyi&nbsp; \u201cT\u0259rc\u00fcm\u0259 n\u0259z\u0259riyy\u0259si\u201d&nbsp; f\u0259nni \u00fc\u00e7\u00fcn metodik v\u0259saitin m\u00fczakir\u0259sidir.<\/p>\n<p>Kafedran\u0131n bu v\u0259sait\u0259 ehtiyac\u0131 vard\u0131r. Odur ki, dosent \u018fliyeva Sevda C\u0259lal q\u0131z\u0131n\u0131n ehtiyac\u0131 n\u0259z\u0259r\u0259 al\u0131b bu v\u0259saiti t\u0259rtib etmi\u015fdir. V\u0259sait sizl\u0259rin m\u00fczakir\u0259sin\u0259 verilir. Xahi\u015f edir\u0259m m\u00fcnasib\u0259tinizi bildir\u0259siniz.<\/p>\n<p><strong>\u00c7IXI\u015eLAR:<\/strong><\/p>\n<p><strong>Dosent M.R\u0259himov:<\/strong>\u201cT\u0259rc\u00fcm\u0259 n\u0259z\u0259riyy\u0259si\u201d&nbsp; f\u0259nni il\u0259 tan\u0131\u015f oldum. Bu v\u0259sait&nbsp; t\u0259l\u0259b\u0259l\u0259rin t\u0259rc\u00fcm\u0259 v\u0259rdi\u015fl\u0259rinin inki\u015faf\u0131na b\u00f6y\u00fck yard\u0131m\u00e7\u0131 ola bil\u0259r. Onlar\u0131n t\u0259rc\u00fcm\u0259 qabily\u0259tl\u0259rinin, dill\u0259rd\u0259n d\u00fczg\u00fcn ekvivalentl\u0259tin se\u00e7ilm\u0259sin\u0259 v\u0259 lirik \u015feirl\u0259rd\u0259 yol veril\u0259n m\u00fc\u0259llif tap\u0131nt\u0131lar\u0131n\u0131n d\u00fczg\u00fcn isifad\u0259sin\u0259 k\u00f6m\u0259klik ed\u0259 bil\u0259r. V\u0259sait 2 hiss\u0259d\u0259n ibar\u0259dir: birinci hiss\u0259d\u0259 m\u00fc\u0259llif t\u0259rc\u00fcm\u0259 zaman\u0131 rast g\u0259ldiyi c\u0259tinlikl\u0259ri nec\u0259 d\u0259f etm\u0259yini (yeni h\u0259r hans\u0131 bir ekvivalentin se\u00e7\u0131lm\u0259 qaydas\u0131n\u0131)izah edir. \u0130kinc\u0131 hiss\u0259d\u0259 is\u0259 t\u0259rc\u00fcm\u0259l\u0259r t\u0259qdim olunub ki, burada da t\u0259l\u0259b\u0259l\u0259r t\u0259rc\u00fcm\u0259nin apar\u0131lma qaydalar\u0131n\u0131 m\u00fcst\u0259qil ara\u015fd\u0131raraq, t\u0259rc\u00fcm\u0259 v\u0259 orjinal\u0131 m\u00fcqais\u0259 ed\u0259r\u0259k, f\u0259rqliliyi&nbsp; \u0259yani sur\u0259td\u0259 t\u0259qdim etm\u0259lidirl\u0259r.<\/p>\n<p><strong>Dosent K.\u018fhm\u0259dova:<\/strong>Lirik \u015feirl\u0259rin t\u0259rc\u00fcm\u0259si m\u00fc\u0259llifd\u0259n x\u00fcsusi bacar\u0131q v\u0259 qabiliyy\u0259t t\u0259l\u0259b edir. \u201cT\u0259rc\u00fcm\u0259 n\u0259z\u0259riyy\u0259si\u201d f\u0259nind\u0259 prakrik v\u0259saitin azl\u0131\u011f\u0131n\u0131 n\u0259z\u0259r\u0259 alaraq qeyd etm\u0259liy\u0259m ki, bu v\u0259sait t\u0259l\u0259b\u0259l\u0259rin t\u0259rc\u00fcm\u0259 sah\u0259sind\u0259 bilik v\u0259 bacar\u0131qlar\u0131n\u0131n inki\u015faf\u0131 \u00fc\u00e7\u00fcn vaxd\u0131nda yaz\u0131lm\u0131\u015f elmi i\u015fl\u0259rd\u0259n biridir v\u0259 t\u0259rc\u00fcm\u0259 d\u0259rsl\u0259rind\u0259 \u0259yani v\u0259sait kimi istifad\u0259 olunmas\u0131&nbsp; m\u0259qs\u0259d\u0259 uy\u011fun hesab edil\u0259 bil\u0259r.<\/p>\n<p><strong>Q\u018fRAR:<\/strong>Kafedran\u0131n dosenti \u018fliyeva Sevda C\u0259lal q\u0131z\u0131 t\u0259r\u0259find\u0259n haz\u0131rlanan \u201cT\u0259rc\u00fcm\u0259 n\u0259z\u0259riyy\u0259si\u201d f\u0259nni \u00fc\u00e7\u00fcn metodik v\u0259saitin \u00e7ap olunmas\u0131 m\u0259sl\u0259h\u0259t bilinsin.<\/p>\n<p><strong>&nbsp;&nbsp;&nbsp;&nbsp;&nbsp;&nbsp;&nbsp;&nbsp;&nbsp;&nbsp;&nbsp;&nbsp;&nbsp;&nbsp;&nbsp;&nbsp;&nbsp;&nbsp;&nbsp;&nbsp;&nbsp;&nbsp;&nbsp;&nbsp;&nbsp;&nbsp;&nbsp;&nbsp;&nbsp;&nbsp;&nbsp;&nbsp;&nbsp;&nbsp;&nbsp;&nbsp;&nbsp;&nbsp;&nbsp;&nbsp;&nbsp;&nbsp;&nbsp;&nbsp;&nbsp; S\u0259dr:&nbsp;&nbsp;&nbsp;&nbsp;&nbsp;&nbsp;&nbsp;&nbsp;&nbsp;&nbsp;&nbsp;&nbsp;&nbsp;&nbsp;&nbsp;&nbsp;&nbsp;&nbsp;&nbsp;&nbsp;&nbsp;&nbsp;&nbsp;&nbsp;&nbsp;&nbsp;&nbsp;&nbsp;&nbsp;&nbsp;&nbsp;&nbsp;&nbsp;&nbsp;&nbsp;&nbsp;&nbsp; <\/strong>Dos.\u018f.\u018fsg\u0259rov<\/p>\n<p><strong>&nbsp;&nbsp;&nbsp;&nbsp;&nbsp;&nbsp;&nbsp;&nbsp;&nbsp;&nbsp;&nbsp;&nbsp;&nbsp;&nbsp;&nbsp;&nbsp;&nbsp;&nbsp;&nbsp;&nbsp;&nbsp;&nbsp;&nbsp;&nbsp;&nbsp;&nbsp;&nbsp;&nbsp;&nbsp;&nbsp;&nbsp;&nbsp;&nbsp;&nbsp;&nbsp;&nbsp;&nbsp;&nbsp;&nbsp; &nbsp;&nbsp;&nbsp;&nbsp;&nbsp;&nbsp;&nbsp;Katib:&nbsp;&nbsp;&nbsp;&nbsp;&nbsp;&nbsp;&nbsp;&nbsp;&nbsp;&nbsp;&nbsp;&nbsp;&nbsp;&nbsp;&nbsp;&nbsp;&nbsp;&nbsp;&nbsp;&nbsp;&nbsp;&nbsp;&nbsp;&nbsp;&nbsp;&nbsp;&nbsp;&nbsp;&nbsp;&nbsp;&nbsp;&nbsp;&nbsp;&nbsp;&nbsp; <\/strong>V.\u0130sg\u0259nd\u0259rova<\/p>\n<p><strong>&nbsp;<\/strong><\/p>\n<p>26 dekabr&nbsp; 2016-c\u0131 il<\/p>\n<p>saat 14<sup>00<\/sup><\/p>\n<p>G\u00fcnd\u0259lik m\u0259s\u0259l\u0259l\u0259r<\/p>\n<ol>\n<li>Pay\u0131z imtahan sessiyas\u0131na haz\u0131rl\u0131q t\u0259dbirl\u0259ri<\/li>\n<li>Burax\u0131l\u0131\u015f i\u015fl\u0259rinin icra v\u0259ziyy\u0259tin\u0259 dair m\u0259lumatlar<\/li>\n<li>T\u0259dris ili \u00fc\u00e7\u00fcn elmi-t\u0259qdiqat i\u015fl\u0259rinin AAK t\u0259l\u0259bl\u0259rin\u0259 uy\u011funla\u015fd\u0131r\u0131lmas\u0131<\/li>\n<li>Leksika v\u0259 \u00f6lk\u0259\u015f\u00fcnasl\u0131q v\u0259 Rus dili kafedras\u0131nda t\u0259dris \u2013 metodiki v\u0259 elmi m\u0259qal\u0259l\u0259rin yaz\u0131lmas\u0131 v\u0259ziyy\u0259ti (Tomsan Rocers jurnallari)<\/li>\n<li>\u0130kinci xarici dilin \u00f6yr\u0259nilm\u0259si v\u0259ziyy\u0259ti<\/li>\n<li>II kurslar \u00fczr\u0259 tyutorun hesabat\u0131<\/li>\n<li>M\u00fc\u0259llim se\u00e7kisi<\/li>\n<li>Cari m\u0259s\u0259l\u0259l\u0259r<\/li>\n<\/ol>\n<ol>\n<li><strong>Pay\u0131z imtahan sessiyas\u0131na haz\u0131rl\u0131q t\u0259dbirl\u0259ri<\/strong><\/li>\n<\/ol>\n<p>T\u0259dris i\u015fl\u0259ri \u00fczr\u0259 dekan m\u00fcavini M\u0259leyk\u0259 Aslanova bildirdi ki,&nbsp; payiz imtahan sesyasina haz\u0131rl\u0131q i\u015fl\u0259ri t\u0259limata uy\u011fun gedir, imtahan c\u0259dv\u0259li t\u0259l\u0259b\u0259l\u0259rin n\u0259z\u0259rin\u0259 \u00e7atd\u0131rmaq \u00fc\u00e7\u00fcn elanlar l\u00f6vh\u0259sind\u0259n as\u0131lm\u0131\u015fd\u0131r. Xeyli vaxtdan sonra ilk d\u0259f\u0259 olaraq&nbsp; I kurs t\u0259l\u0259b\u0259l\u0259rimiz yaz\u0131l\u0131 imtahan verm\u0259y\u0259 haz\u0131rla\u015f\u0131rlar. Bunun \u00fc\u00e7\u00fcn yaz\u0131l\u0131 imtahana aid olan b\u00fct\u00fcn s\u0259n\u0259dl\u0259r haz\u0131rlanm\u0131\u015fd\u0131r. Yaz\u0131l\u0131 imtahan\u0131n biletl\u0259ri t\u0259rtib olunmu\u015f, t\u0259dris hiss\u0259si t\u0259r\u0259find\u0259n t\u0259rtib olunmu\u015fdur. Yaz\u0131l\u0131 imtahana aid olan b\u00fct\u00fcn s\u0259n\u0259dl\u0259r bir papqada toplan\u0131b t\u0259dris hiss\u0259sin\u0259 verilmi\u015fdir. Universitet r\u0259hb\u0259rliyinin q\u0259rar\u0131 il\u0259 yazili imtahan&nbsp; m\u0259rk\u0259zl\u0259\u015fdirilmi\u015f qaydada 29 dekabr 2016-c\u0131 ild\u0259&nbsp; II korpusda ke\u00e7irilm\u0259si n\u0259z\u0259rd\u0259 tutulmu\u015fdur.&nbsp; \u0130mtahan suallar\u0131 t\u0259rtib olunmu\u015f, t\u0259l\u0259b\u0259l\u0259r\u0259 verilmi\u015f v\u0259 m\u0259sl\u0259h\u0259t saatlar\u0131 m\u00fc\u0259yy\u0259nl\u0259\u015fdirilmi\u015f v\u0259 elanlar l\u00f6vh\u0259sind\u0259n as\u0131lm\u0131\u015fd\u0131r. T\u0259dris imtahanlar\u0131na aid suallar v\u0259 m\u00fchazir\u0259 materiallar\u0131 Universitetin saytinda yel\u0259\u015fdirilm\u0131\u015fdir.<\/p>\n<p><strong>2.Burax\u0131l\u0131\u015f i\u015fl\u0259rinin icra v\u0259ziyy\u0259tin\u0259 dair m\u0259lumatlar<\/strong><\/p>\n<p>1.Frans\u0131z dili kafedras\u0131n\u0131n ba\u015f m\u00fc\u0259llimi M\u0259h\u0259rr\u0259m Orucov bildirdi ki, kafedram\u0131za aid olan burax\u0131l\u0131\u015f m\u00f6vzular\u0131 t\u0259sdiq edilmi\u015fdir, t\u0259l\u0259b\u0259l\u0259r \u00fc\u00e7\u00fcn m\u0259sl\u0259h\u0259t saat\u0131n\u0131n qrafiki t\u0259rtib olunmu\u015f, tap\u015f\u0131r\u0131q v\u0259r\u0259q\u0259l\u0259ri haz\u0131rlanm\u0131\u015fdir.<\/p>\n<p>2.Leksika v\u0259 \u00f6lk\u0259\u015f\u00fcnasl\u0131q kafedras\u0131n\u0131n m\u00fcdiri dosent Sevda K\u0259rimova&nbsp; qeyd etdi ki, t\u0259l\u0259b\u0259l\u0259r \u00fc\u00e7\u00fcn tap\u015f\u0131r\u0131q v\u0259r\u0259q\u0259l\u0259ri v\u0259 ilkin m\u00fcdafi\u0259 vaxti m\u00fc\u0259yy\u0259nl\u0259\u015fdirilmi\u015fdir. Kafedra iclas\u0131nda burax\u0131l\u0131\u015f i\u015fl\u0259rinin m\u00f6vzular\u0131&nbsp; v\u0259 r\u0259hb\u0259rl\u0259ri t\u0259sdiq edilmi\u015fdir.<\/p>\n<p><strong>3.T\u0259dris ili \u00fc\u00e7\u00fcn elmi-t\u0259qdiqat i\u015fl\u0259rinin AAK t\u0259l\u0259bl\u0259rin\u0259 uy\u011funla\u015fd\u0131r\u0131lmas\u0131<\/strong><\/p>\n<p>1.Fak\u00fclt\u0259 dekan\u0131 dosent \u018fjd\u0259r \u018fsg\u0259rov bildirdi ki, n\u00f6vb\u0259ti 3 il \u00fc\u00e7\u00fcn n\u0259z\u0259rd\u0259 tutulan&nbsp; elmi t\u0259dqiqat i\u015fl\u0259rinin m\u00f6vzular\u0131 AAK t\u0259l\u0259bl\u0259rin\u0259 uy\u011funla\u015fd\u0131r\u0131lmas\u0131 \u00fc\u00e7\u00fcn kafedralarda ara\u015fd\u0131rmalar apar\u0131lmal\u0131d\u0131r.&nbsp; M\u00f6vzular aktual v\u0259 praktik olmal\u0131d\u0131r.<\/p>\n<ol start=\"2\">\n<li>Alman dili kafedras\u0131n\u0131n m\u00fcdiri ba\u015f m\u00fc\u0259llim Elvin Ataki\u015fiyev \u00e7\u0131x\u0131\u015f ed\u0259r\u0259k bildirdi ki, m\u0259nd\u0259 raziyam ki, elm\u0131 t\u0259dqiqat i\u015fl\u0259rin\u0259 yeni yana\u015fma olmal\u0131d\u0131r.<\/li>\n<\/ol>\n<p><strong>4.Leksika v\u0259 \u00f6lk\u0259\u015f\u00fcnasl\u0131q v\u0259 Rus dili kafedras\u0131nda t\u0259dris \u2013 metodiki v\u0259 elmi m\u0259qal\u0259l\u0259rin yaz\u0131lmas\u0131 v\u0259ziyy\u0259ti (Tomsan Rocers jurnallari)<\/strong><\/p>\n<p>1.Rus dili kafedras\u0131n\u0131n m\u00fcdiri dosent K\u0259mal\u0259 \u018fhm\u0259dova&nbsp;&nbsp; qeyd etdi ki, t\u0259l\u0259b\u0259l\u0259r \u00fc\u00e7\u00fcn tap\u015f\u0131r\u0131q v\u0259r\u0259q\u0259l\u0259ri v\u0259 ilkin m\u00fcdafi\u0259 vaxti m\u00fc\u0259yy\u0259nl\u0259\u015fdirilm\u0131\u015fdir. Kafedra iclas\u0131nda burax\u0131l\u0131\u015f i\u015fl\u0259rinin m\u00f6vzular\u0131&nbsp; v\u0259 r\u0259hb\u0259rl\u0259ri t\u0259sdiq edilmi\u015fdir.<\/p>\n<ol start=\"2\">\n<li>Leksika v\u0259 \u00f6lk\u0259\u015f\u00fcnasl\u0131q kafedras\u0131n\u0131n m\u00fcdiri Sevda K\u0259rimova bildirdi ki, kafedram\u0131za aid olan burax\u0131l\u0131\u015f m\u00f6vzular\u0131 t\u0259sdiq edilm\u0131\u015fdir, t\u0259l\u0259b\u0259l\u0259r \u00fc\u00e7\u00fcn m\u0259sl\u0259h\u0259t saatlar\u0131n\u0131n qrafiki t\u0259rtib olunmu\u015f, tap\u015f\u0131r\u0131q v\u0259r\u0259q\u0259l\u0259ri haz\u0131rlanm\u0131\u015fdir.<\/li>\n<\/ol>\n<p><strong>Q\u018fRAR<\/strong>: Leksika v\u0259 \u00f6lk\u0259\u015f\u00fcnasl\u0131q v\u0259 Rus dili kafedras\u0131nda t\u0259dris\u2013metodiki v\u0259 elmi m\u0259qal\u0259l\u0259rin yaz\u0131lmas\u0131 v\u0259ziyy\u0259ti q\u0259na\u0259tb\u0259x\u015f hesab edilsin.<\/p>\n<p>5.<strong>\u0130kinci xarici dilin \u00f6yr\u0259nilm\u0259si v\u0259ziyy\u0259ti<\/strong><\/p>\n<p>1.Praktik xarici dill\u0259r kafedras\u0131n\u0131n m\u00fcdiri Zahir\u0259 \u018fliyeva&nbsp; bildirdi ki, II xarici dilin \u00f6yr\u0259nilm\u0259si Universitetin b\u00fct\u00fcn ixtisaslar\u0131nda t\u0259dris olunur. Xarici dilin \u00f6yr\u0259nilm\u0259si 6 pill\u0259d\u0259n olan \u201cKatinq Eyc\u201d d\u0259rsliyind\u0259n istifad\u0259 olunur. Asandan \u00e7\u0259tin\u0259 prinsipi il\u0259 yaz\u0131lan bu d\u0259rslik t\u0259l\u0259b\u0259l\u0259r \u00fc\u00e7\u00fcn&nbsp; II xarici dilin \u00f6yr\u0259nilm\u0259si \u00fc\u00e7\u00fcn \u00e7ox \u0259lver\u015fli v\u0259saitdir.<\/p>\n<p>2.Alman dili kafedras\u0131n\u0131n m\u00fcdiri ba\u015f m\u00fc\u0259llim Elvin Ataki\u015fiyev \u00e7\u0131x\u0131\u015f\u0131nda bildirdi ki, Alaman dili II xarici dil kimi bizim fak\u00fclt\u0259nin&nbsp; ingilis dili v\u0259 t\u0259rc\u00fcm\u0259 ixtisaslar\u0131nda el\u0259c\u0259 d\u0259 pedaqoji fak\u00fclt\u0259nin bir ne\u00e7e ixtisasinda t\u0259dris olunur.<\/p>\n<p>Yuxar\u0131da qeyd olunan ixtisaslarda&nbsp; alman dili yeni derslikl\u0259r \u0259sas\u0131nda t\u0259dris edilir.<\/p>\n<p>3.Fransiz dili kafedras\u0131n\u0131n ba\u015f m\u00fc\u0259llimi M\u0259h\u0259rr\u0259m Orucov \u00e7\u0131x\u0131\u015f ed\u0259r\u0259k bildirdi ki, Frans\u0131z dili II xarici dil kimi m\u00fcasir t\u0259l\u0259bl\u0259r\u0259 cavab ver\u0259n d\u0259rslikl\u0259r \u0259sas\u0131nda bizim fak\u00fclt\u0259d\u0259 ingilis dili ixtisas\u0131nda v\u0259 iqtisadiyyat fak\u00fclt\u0259sind\u0259 t\u0259dris edilir. Bu ixtisaslar da m\u0259nims\u0259m\u0259nin y\u00fcks\u0259k oldu\u011funu qeyd etm\u0259k ist\u0259yir\u0259m.<\/p>\n<p><strong>Q\u018fRAR: <\/strong>\u0130kinci xarici dilin \u00f6yr\u0259nilm\u0259si v\u0259ziyy\u0259ti qenaetb\u0259x\u015f hesab edilsin.<\/p>\n<ol start=\"6\">\n<li><strong> II kurslar \u00fczr\u0259 tyutorun hesabat\u0131<\/strong><\/li>\n<\/ol>\n<p>II kurslar \u00fczr\u0259 tyutor&nbsp; Frans\u0131z dili kafedras\u0131n\u0131n m\u00fc\u0259llimi G\u00fcnel H\u00fcseynova bildirdi ki, ona aid olan qruplarda m\u00fct\u0259madi iclaslar ke\u00e7irir. T\u0259l\u0259b\u0259l\u0259rin oxuma\u011fi, davran\u0131\u015f\u0131, ail\u0259 v\u0259 m\u0259i\u015f\u0259t probleml\u0259ri il\u0259 maraqlan\u0131r, onlar\u0131n asud\u0259 vaxtlar\u0131n\u0131n s\u0259m\u0259r\u0259li ke\u00e7irim\u0259l\u0259rin\u0259 \u00e7al\u0131\u015f\u0131r. G\u00fcnel m\u00fc\u0259llim\u0259 \u00e7\u0131x\u0131\u015f\u0131nda bildirdi ki, ona&nbsp; aid olan t\u0259l\u0259b\u0259l\u0259rin valideyinl\u0259ri il\u0259 m\u00fct\u0259madi olaraq \u0259laq\u0259 saxlay\u0131r, onlardan m\u0259sl\u0259h\u0259t alir v\u0259 \u00f6vladlar\u0131n\u0131n oxuma\u011f\u0131 bar\u0259d\u0259 onlara m\u0259lumat verir. O, qeyd etdi ki, t\u0259l\u0259b\u0259l\u0259rin geyiml\u0259ri, davran\u0131\u015flar\u0131 Azerbaycan mentalitetin\u0259 uy\u011fun olmas\u0131 bar\u0259d\u0259 onlarla f\u0259rdi s\u00f6hb\u0259tl\u0259r apar\u0131r.<\/p>\n<p>(hesabati protokola elave edilir)<\/p>\n<p><strong>Q\u018fRAR:<\/strong> II kurslar \u00fczr\u0259 tyutor Gunel H\u00fcseyovan\u0131n hesabat\u0131 m\u0259qbul hesab edilsin.<\/p>\n<p><strong>&nbsp;<\/strong><\/p>\n<p><strong>&nbsp;<\/strong><\/p>\n<p><strong>&nbsp;&nbsp;&nbsp;&nbsp;&nbsp; 7.M\u00fc\u0259llim se\u00e7kisi <\/strong><\/p>\n<ol>\n<li><strong>E\u015e\u0130D\u0130LD\u0130:<\/strong> Fak\u00fclt\u0259 dekan\u0131 dos. \u018f. \u018fsg\u0259rov qeyd etdi ki, Leksika v\u0259 \u00f6lk\u0259\u015f\u00fcnasl\u0131q kafedras\u0131n\u0131n b\/m. \u018fliyeva Genel M\u00fcbariz q\u0131z\u0131&nbsp; h\u0259min kafedrada bo\u015f olan b\/m yerin\u0259 se\u00e7ilm\u0259si \u00fc\u00e7\u00fcn rektorlu\u011fa \u0259riz\u0259 il\u0259 m\u00fcraci\u0259t etmi\u015fdir. Bu bar\u0259d\u0259&nbsp; \u201cAz\u0259baycan\u201d q\u0259zetinin 05.11.2016-c\u0131 il tarixli 43&nbsp; (8707) say\u0131nda elan&nbsp; d\u0259rc edilmi\u015fdir.&nbsp;&nbsp; G.\u018fliyevan\u0131n&nbsp; s\u0259n\u0259dl\u0259ri il\u0259 tan\u0131\u015f olub r\u0259y v\u0259 t\u0259klifl\u0259rinizi bildirm\u0259yinizi xahi\u015f edir\u0259m.<\/li>\n<\/ol>\n<p>\u00c7IXI\u015eLAR:<\/p>\n<ol>\n<li>Leksika v\u0259 \u00f6lk\u0259\u015f\u00fcnasl\u0131q kafedras\u0131n\u0131n m\u00fcdiri dos. Kaz\u0131mova Sevda qeyd etdi ki, G\u00fcnel m\u00fc\u0259llim\u0259 kafedran\u0131n \u0259n m\u0259suliyy\u0259tli , t\u0259cr\u00fcb\u0259li v\u0259 savadl\u0131 m\u00fc\u0259lliml\u0259rind\u0259ndi. Art\u0131q bir ne\u00e7\u0259 ildir ki, kafedram\u0131zda cal\u0131\u015f\u0131r. D\u0259rsl\u0259ri y\u00fcks\u0259k s\u0259viyy\u0259d\u0259 apar\u0131r. D\u0259f\u0259l\u0259rl\u0259 d\u0259rsl\u0259rind\u0259 dekan m\u00fcavini il\u0259 birlikd\u0259 i\u015ftirak etmi\u015fik. D\u0259rs aparmas\u0131ndan raz\u0131 qalm\u0131\u015f\u0131q.Gizli s\u0259sverm\u0259y\u0259 burax\u0131lmas\u0131n\u0131 t\u0259klif edir\u0259m.<\/li>\n<li>T\u0259dris i\u015fl\u0259ri \u00fczr\u0259 dekan m\u00fcavini b\/m. Aslanova M\u0259leyk\u0259 qeyd etdi ki, G\u00fcnel m\u00fc\u0259llim\u0259 kafedran\u0131n bacar\u0131ql\u0131 m\u00fc\u0259lim\u0259l\u0259rind\u0259ndir. D\u0259rsl\u0259rini g\u00fcn\u00fcn t\u0259l\u0259bl\u0259rin\u0259 uy\u011fun ke\u00e7irm\u0259y\u0259 cal\u0131\u015f\u0131r. T\u0259l\u0259b\u0259l\u0259rl\u0259 g\u00f6z\u0259l v\u0259 s\u0259mimi \u00fcnsiyy\u0259t yarad\u0131r. T\u0259l\u0259bkar v\u0259 m\u0259sulyy\u0259tlidir. S\u0259sverm\u0259y\u0259 burax\u0131lmas\u0131n\u0131 t\u0259klif edir\u0259m.<\/li>\n<\/ol>\n<p>\u00c7\u0131x\u0131\u015flar\u0131 n\u0259z\u0259r\u0259 alaraq ELM\u0130 \u015eURA Q\u018fRARA ALIR:<\/p>\n<ol>\n<li>\u018fliyeva G\u00fcnel M\u00fcbariz q\u0131z\u0131 \u201cAz\u0259baycan\u201d q\u0259zetinin 05.11.2016-c\u00fc il tarixli 43(8708) say\u0131nda d\u0259rc edilmi\u015f m\u00fcsabiq\u0259 elan\u0131na \u0259sas\u0259n gizli s\u0259sverm\u0259 n\u0259tic\u0259sind\u0259 \u015eura \u00fczvl\u0259rinin s\u0259s \u00e7oxlu\u011funu toplad\u0131\u011f\u0131ndan&nbsp; Leksika v\u0259 \u00f6lk\u0259\u015f\u00fcnasl\u0131q kafedras\u0131n\u0131n&nbsp;&nbsp;&nbsp; bo\u015f olan b\/m yerin\u0259 se\u00e7ilsin&nbsp; .<\/li>\n<li>Bu q\u0259rar\u0131n t\u0259sdiq edilm\u0259si rektorluqdan xahi\u015f edilsin.<\/li>\n<\/ol>\n<ol start=\"2\">\n<li><strong>E\u015e\u0130D\u0130LD\u0130:<\/strong> Fak\u00fclt\u0259 dekan\u0131 dos. \u018f. \u018fsg\u0259rov qeyd etdi ki, Frans\u0131z dili kafedras\u0131n\u0131n b\/m&nbsp; \u018fliyeva Ayg\u00fcn \u0130lham &nbsp;q\u0131z\u0131&nbsp; h\u0259min kafedrada bo\u015f olan b\\m&nbsp; yerin\u0259 se\u00e7ilm\u0259si \u00fc\u00e7\u00fcn rektorlu\u011fa \u0259riz\u0259 il\u0259 m\u00fcraci\u0259t etmi\u015fdir. Bu bar\u0259d\u0259&nbsp; \u201cAz\u0259baycan\u201d q\u0259zetinin 05.11.2016-c\u0131 il tarixli 43&nbsp; (8707) say\u0131nda elan&nbsp; d\u0259rc edilmi\u015fdir.&nbsp;&nbsp; A.\u018fliyevan\u0131n s\u0259n\u0259dl\u0259ri il\u0259 tan\u0131\u015f olub r\u0259y v\u0259 t\u0259klifl\u0259rinizi bildirm\u0259yinizi xahi\u015f edir\u0259m.<\/li>\n<\/ol>\n<p>\u00c7IXI\u015eLAR:<\/p>\n<ol>\n<li>Frans\u0131z dili kafedras\u0131n\u0131n m\u00fcdiri b\/m. Orucov M\u0259h\u0259rr\u0259m qeyd etdi ki, Ayg\u00fcn m\u00fc\u0259llim\u0259 kafedran\u0131n \u0259n m\u0259suliyy\u0259tli , t\u0259cr\u00fcb\u0259li v\u0259 savadl\u0131 m\u00fc\u0259lliml\u0259rind\u0259ndi. Art\u0131q bir ne\u00e7\u0259 ildir ki, kafedram\u0131zda cal\u0131\u015f\u0131r. D\u0259rsl\u0259ri y\u00fcks\u0259k s\u0259viyy\u0259d\u0259 apar\u0131r. D\u0259f\u0259l\u0259rl\u0259 d\u0259rsl\u0259rind\u0259 dekan m\u00fcavini il\u0259 birlikd\u0259 i\u015ftirak etmi\u015fik. D\u0259rs aparmas\u0131ndan raz\u0131 qalm\u0131\u015f\u0131q.Gizli s\u0259sverm\u0259y\u0259 burax\u0131lmas\u0131n\u0131 t\u0259klif edir\u0259m.<\/li>\n<li>T\u0259dris i\u015fl\u0259ri \u00fczr\u0259 dekan m\u00fcavini b\/m. Aslanova M\u0259leyk\u0259 qeyd etdi ki, Ayg\u00fcn m\u00fc\u0259llim\u0259 kafedran\u0131n bacar\u0131ql\u0131 m\u00fc\u0259lim\u0259l\u0259rind\u0259ndir. D\u0259rsl\u0259rini g\u00fcn\u00fcn t\u0259l\u0259bl\u0259rin\u0259 uy\u011fun ke\u00e7irm\u0259y\u0259 cal\u0131\u015f\u0131r. T\u0259l\u0259b\u0259l\u0259rl\u0259 g\u00f6z\u0259l v\u0259 s\u0259mimi \u00fcnsiyy\u0259t yarad\u0131r. T\u0259l\u0259bkar v\u0259 m\u0259sulyy\u0259tlidir. S\u0259sverm\u0259y\u0259 burax\u0131lmas\u0131n\u0131 t\u0259klif edir\u0259m.<\/li>\n<\/ol>\n<p>\u00c7\u0131x\u0131\u015flar\u0131 n\u0259z\u0259r\u0259 alaraq ELM\u0130 \u015eURA Q\u018fRARA ALIR:<\/p>\n<p>1.\u018fliyeva Ayg\u00fcn \u0130lham&nbsp; q\u0131z\u0131 \u201cAz\u0259baycan\u201d q\u0259zetinin 05.11.2016-c\u00fc il tarixli 43(8708)&nbsp;&nbsp; say\u0131nda d\u0259rc edilmi\u015f m\u00fcsabiq\u0259 elan\u0131na \u0259sas\u0259n gizli s\u0259sverm\u0259 n\u0259tic\u0259sind\u0259 \u015eura \u00fczvl\u0259rinin s\u0259s \u00e7oxlu\u011funu toplad\u0131\u011f\u0131ndan&nbsp; Frans\u0131z dili kafedras\u0131n\u0131n&nbsp;&nbsp;&nbsp; bo\u015f olan b\\m yerin\u0259 se\u00e7ilsin&nbsp; .<\/p>\n<p>2.Bu q\u0259rar\u0131n t\u0259sdiq edilm\u0259si rektorluqdan xahi\u015f edilsin.<\/p>\n<ol start=\"3\">\n<li><strong> E\u015e\u0130D\u0130LD\u0130<\/strong>: Fak\u00fclt\u0259 dekan\u0131 dos. \u018f. \u018fsg\u0259rov qeyd etdi ki, Leksika v\u0259 \u00f6lk\u0259\u015f\u00fcnasl\u0131q kafedras\u0131n\u0131n dos. H\u0259midov Allahverdi \u0130sam\u0259ddin o\u011flu&nbsp; h\u0259min kafedrada bo\u015f olan dosent&nbsp; yerin\u0259 se\u00e7ilm\u0259si \u00fc\u00e7\u00fcn rektorlu\u011fa \u0259riz\u0259 il\u0259 m\u00fcraci\u0259t etmi\u015fdir. Bu bar\u0259d\u0259&nbsp; \u201cAz\u0259baycan\u201d q\u0259zetinin 05.11.2016-c\u0131 il tarixli 43&nbsp; (8707) say\u0131nda elan&nbsp; d\u0259rc edilmi\u015fdir.&nbsp;&nbsp; A.H\u0259midovun s\u0259n\u0259dl\u0259ri il\u0259 tan\u0131\u015f olub r\u0259y v\u0259 t\u0259klifl\u0259rinizi bildirm\u0259yinizi xahi\u015f edir\u0259m.<\/li>\n<\/ol>\n<p>\u00c7IXI\u015eLAR:<\/p>\n<ol>\n<li>Leksika v\u0259 \u00f6lk\u0259\u015f\u00fcnasl\u0131q kafedras\u0131n\u0131n m\u00fcdiri dos. Kaz\u0131mova Sevda qeyd etdi ki, Allahverdi m\u00fc\u0259llim\u0259 kafedran\u0131n \u0259n m\u0259suliyy\u0259tli , t\u0259cr\u00fcb\u0259li v\u0259 savadl\u0131 m\u00fc\u0259lliml\u0259rind\u0259ndi. Art\u0131q bir ne\u00e7\u0259 ildir ki, kafedram\u0131zda cal\u0131\u015f\u0131r. D\u0259rsl\u0259ri y\u00fcks\u0259k s\u0259viyy\u0259d\u0259 apar\u0131r. D\u0259f\u0259l\u0259rl\u0259 d\u0259rsl\u0259rind\u0259 dekan m\u00fcavini il\u0259 birlikd\u0259 i\u015ftirak etmi\u015fik. D\u0259rs aparmas\u0131ndan raz\u0131 qalm\u0131\u015f\u0131q.Gizli s\u0259sverm\u0259y\u0259 burax\u0131lmas\u0131n\u0131 t\u0259klif edir\u0259m.<\/li>\n<li>T\u0259dris i\u015fl\u0259ri \u00fczr\u0259 dekan m\u00fcavini b\/m. Aslanova M\u0259leyk\u0259 qeyd etdi ki, Allahverdi m\u00fc\u0259llim\u0259 kafedran\u0131n bacar\u0131ql\u0131 m\u00fc\u0259lim\u0259l\u0259rind\u0259ndir. D\u0259rsl\u0259rini g\u00fcn\u00fcn t\u0259l\u0259bl\u0259rin\u0259 uy\u011fun ke\u00e7irm\u0259y\u0259 cal\u0131\u015f\u0131r. T\u0259l\u0259b\u0259l\u0259rl\u0259 g\u00f6z\u0259l v\u0259 s\u0259mimi \u00fcnsiyy\u0259t yarad\u0131r. T\u0259l\u0259bkar v\u0259 m\u0259sulyy\u0259tlidir. S\u0259sverm\u0259y\u0259 burax\u0131lmas\u0131n\u0131 t\u0259klif edir\u0259m.<\/li>\n<\/ol>\n<p>\u00c7\u0131x\u0131\u015flar\u0131 n\u0259z\u0259r\u0259 alaraq ELM\u0130 \u015eURA Q\u018fRARA ALIR:<\/p>\n<p>1.H\u0259midov Allahverdi \u0130sam\u0259ddin o\u011flu \u201cAz\u0259baycan\u201d q\u0259zetinin 05.11.2016-c\u00fc il tarixli 43(8708)&nbsp;&nbsp; say\u0131nda d\u0259rc edilmi\u015f m\u00fcsabiq\u0259 elan\u0131na \u0259sas\u0259n gizli s\u0259sverm\u0259 n\u0259tic\u0259sind\u0259 \u015eura \u00fczvl\u0259rinin s\u0259s \u00e7oxlu\u011funu toplad\u0131\u011f\u0131ndan&nbsp; Leksika v\u0259 \u00f6lk\u0259\u015f\u00fcnasl\u0131q kafedras\u0131n\u0131n&nbsp;&nbsp;&nbsp; bo\u015f olan dosent yerin\u0259 se\u00e7ilsin&nbsp; .<\/p>\n<p>2.Bu q\u0259rar\u0131n t\u0259sdiq edilm\u0259si rektorluqdan xahi\u015f edilsin.<\/p>\n<ol start=\"4\">\n<li><strong>E\u015e\u0130D\u0130LD\u0130:<\/strong> Fak\u00fclt\u0259 dekan\u0131 dos. \u018f. \u018fsg\u0259rov qeyd etdi ki, Rus dili kafedras\u0131n\u0131n dos.&nbsp; Heyd\u0259rova Elmira Xeyr\u0259ddin q\u0131z\u0131&nbsp; h\u0259min kafedrada bo\u015f olan dosent&nbsp; yerin\u0259 se\u00e7ilm\u0259si \u00fc\u00e7\u00fcn rektorlu\u011fa \u0259riz\u0259 il\u0259 m\u00fcraci\u0259t etmi\u015fdir. Bu bar\u0259d\u0259&nbsp; \u201cAz\u0259baycan\u201d q\u0259zetinin 05.11.2016-c\u0131 il tarixli 43&nbsp; (8707) say\u0131nda elan&nbsp; d\u0259rc edilmi\u015fdir.&nbsp;&nbsp; E.Heyd\u0259rovan\u0131n s\u0259n\u0259dl\u0259ri il\u0259 tan\u0131\u015f olub r\u0259y v\u0259 t\u0259klifl\u0259rinizi bildirm\u0259yinizi xahi\u015f edir\u0259m.<\/li>\n<\/ol>\n<p>\u00c7IXI\u015eLAR:<\/p>\n<ol>\n<li>Rus dili kafedras\u0131n\u0131n m\u00fcdiri dos. \u018fhm\u0259dova K\u0259mal\u0259 qeyd etdi ki, Elmira m\u00fc\u0259llim\u0259 kafedran\u0131n \u0259n m\u0259suliyy\u0259tli , t\u0259cr\u00fcb\u0259li v\u0259 savadl\u0131 m\u00fc\u0259lliml\u0259rind\u0259ndi. Art\u0131q bir ne\u00e7\u0259 ildir ki, kafedram\u0131zda cal\u0131\u015f\u0131r. D\u0259rsl\u0259ri y\u00fcks\u0259k s\u0259viyy\u0259d\u0259 apar\u0131r. D\u0259f\u0259l\u0259rl\u0259 d\u0259rsl\u0259rind\u0259 dekan m\u00fcavini il\u0259 birlikd\u0259 i\u015ftirak etmi\u015fik. D\u0259rs aparmas\u0131ndan raz\u0131 qalm\u0131\u015f\u0131q.Gizli s\u0259sverm\u0259y\u0259 burax\u0131lmas\u0131n\u0131 t\u0259klif edir\u0259m.<\/li>\n<li>T\u0259dris i\u015fl\u0259ri \u00fczr\u0259 dekan m\u00fcavini b\/m. Aslanova M\u0259leyk\u0259 qeyd etdi ki, Elmira m\u00fc\u0259llim\u0259 kafedran\u0131n bacar\u0131ql\u0131 m\u00fc\u0259lim\u0259l\u0259rind\u0259ndir. D\u0259rsl\u0259rini g\u00fcn\u00fcn t\u0259l\u0259bl\u0259rin\u0259 uy\u011fun ke\u00e7irm\u0259y\u0259 cal\u0131\u015f\u0131r. T\u0259l\u0259b\u0259l\u0259rl\u0259 g\u00f6z\u0259l v\u0259 s\u0259mimi \u00fcnsiyy\u0259t yarad\u0131r. T\u0259l\u0259bkar v\u0259 m\u0259sulyy\u0259tlidir. S\u0259sverm\u0259y\u0259 burax\u0131lmas\u0131n\u0131 t\u0259klif edir\u0259m.<\/li>\n<\/ol>\n<p>\u00c7\u0131x\u0131\u015flar\u0131 n\u0259z\u0259r\u0259 alaraq ELM\u0130 \u015eURA Q\u018fRARA ALIR:<\/p>\n<p>1.Heyd\u0259rova Elmira Xeyr\u0259ddin&nbsp; q\u0131z\u0131 \u201cAz\u0259baycan\u201d q\u0259zetinin 05.11.2016-c\u00fc il tarixli 43(8708)&nbsp;&nbsp; say\u0131nda d\u0259rc edilmi\u015f m\u00fcsabiq\u0259 elan\u0131na \u0259sas\u0259n gizli s\u0259sverm\u0259 n\u0259tic\u0259sind\u0259 \u015eura \u00fczvl\u0259rinin s\u0259s \u00e7oxlu\u011funu toplad\u0131\u011f\u0131ndan&nbsp; Rus dili kafedras\u0131n\u0131n&nbsp;&nbsp;&nbsp; bo\u015f olan dosent yerin\u0259 se\u00e7ilsin&nbsp; .<\/p>\n<p>2.Bu q\u0259rar\u0131n t\u0259sdiq edilm\u0259si rektorluqdan xahi\u015f edilsin.<\/p>\n<ol start=\"5\">\n<li><strong>E\u015e\u0130D\u0130LD\u0130:<\/strong> Fak\u00fclt\u0259 dekan\u0131 dos. \u018f. \u018fsg\u0259rov qeyd etdi ki, Frans\u0131z dili kafedras\u0131n\u0131n b\/m&nbsp; H\u00fcseynova Zenfira Qanboy &nbsp;q\u0131z\u0131&nbsp; h\u0259min kafedrada bo\u015f olan b\\m&nbsp; yerin\u0259 se\u00e7ilm\u0259si \u00fc\u00e7\u00fcn rektorlu\u011fa \u0259riz\u0259 il\u0259 m\u00fcraci\u0259t etmi\u015fdir. Bu bar\u0259d\u0259&nbsp; \u201cAz\u0259baycan\u201d q\u0259zetinin 05.11.2016-c\u0131 il tarixli 43&nbsp; (8707) say\u0131nda elan&nbsp; d\u0259rc edilmi\u015fdir.&nbsp;&nbsp; Z.H\u00fcseynovan\u0131n s\u0259n\u0259dl\u0259ri il\u0259 tan\u0131\u015f olub r\u0259y v\u0259 t\u0259klifl\u0259rinizi bildirm\u0259yinizi xahi\u015f edir\u0259m.<\/li>\n<\/ol>\n<p>\u00c7IXI\u015eLAR:<\/p>\n<ol>\n<li>Frans\u0131z dili kafedras\u0131n\u0131n m\u00fcdiri b\/m. Orucov M\u0259h\u0259rr\u0259m qeyd etdi ki, Zenfira m\u00fc\u0259llim\u0259 kafedran\u0131n \u0259n m\u0259suliyy\u0259tli , t\u0259cr\u00fcb\u0259li v\u0259 savadl\u0131 m\u00fc\u0259lliml\u0259rind\u0259ndi. Art\u0131q bir ne\u00e7\u0259 ildir ki, kafedram\u0131zda cal\u0131\u015f\u0131r. D\u0259rsl\u0259ri y\u00fcks\u0259k s\u0259viyy\u0259d\u0259 apar\u0131r. D\u0259f\u0259l\u0259rl\u0259 d\u0259rsl\u0259rind\u0259 dekan m\u00fcavini il\u0259 birlikd\u0259 i\u015ftirak etmi\u015fik. D\u0259rs aparmas\u0131ndan raz\u0131 qalm\u0131\u015f\u0131q.Gizli s\u0259sverm\u0259y\u0259 burax\u0131lmas\u0131n\u0131 t\u0259klif edir\u0259m.<\/li>\n<li>T\u0259dris i\u015fl\u0259ri \u00fczr\u0259 dekan m\u00fcavini b\/m. Aslanova M\u0259leyk\u0259 qeyd etdi ki, Zenfira m\u00fc\u0259llim\u0259 kafedran\u0131n bacar\u0131ql\u0131 m\u00fc\u0259lim\u0259l\u0259rind\u0259ndir. D\u0259rsl\u0259rini g\u00fcn\u00fcn t\u0259l\u0259bl\u0259rin\u0259 uy\u011fun ke\u00e7irm\u0259y\u0259 cal\u0131\u015f\u0131r. T\u0259l\u0259b\u0259l\u0259rl\u0259 g\u00f6z\u0259l v\u0259 s\u0259mimi \u00fcnsiyy\u0259t yarad\u0131r. T\u0259l\u0259bkar v\u0259 m\u0259sulyy\u0259tlidir. S\u0259sverm\u0259y\u0259 burax\u0131lmas\u0131n\u0131 t\u0259klif edir\u0259m.<\/li>\n<\/ol>\n<p>\u00c7\u0131x\u0131\u015flar\u0131 n\u0259z\u0259r\u0259 alaraq ELM\u0130 \u015eURA Q\u018fRARA ALIR:<\/p>\n<p>1.H\u00fcseynova Zenfira Qanboy&nbsp; q\u0131z\u0131 \u201cAz\u0259baycan\u201d q\u0259zetinin 05.11.2016-c\u00fc il tarixli 43(8708)&nbsp;&nbsp; say\u0131nda d\u0259rc edilmi\u015f m\u00fcsabiq\u0259 elan\u0131na \u0259sas\u0259n gizli s\u0259sverm\u0259 n\u0259tic\u0259sind\u0259 \u015eura \u00fczvl\u0259rinin s\u0259s \u00e7oxlu\u011funu toplad\u0131\u011f\u0131ndan&nbsp; Frans\u0131z dili kafedras\u0131n\u0131n&nbsp;&nbsp;&nbsp; bo\u015f olan b\\m yerin\u0259 se\u00e7ilsin&nbsp; .<\/p>\n<p>2.Bu q\u0259rar\u0131n t\u0259sdiq edilm\u0259si rektorluqdan xahi\u015f edilsin.<\/p>\n<ol start=\"6\">\n<li><strong>E\u015e\u0130D\u0130LD\u0130<\/strong>: Fak\u00fclt\u0259 dekan\u0131 dos. \u018f. \u018fsg\u0259rov qeyd etdi ki, Frans\u0131z dili kafedras\u0131n\u0131n b\/m&nbsp; \u0130sg\u0259nd\u0259rova V\u00fcsal\u0259 Fazil &nbsp;q\u0131z\u0131&nbsp; h\u0259min kafedrada bo\u015f olan b\\m&nbsp; yerin\u0259 se\u00e7ilm\u0259si \u00fc\u00e7\u00fcn rektorlu\u011fa \u0259riz\u0259 il\u0259 m\u00fcraci\u0259t etmi\u015fdir. Bu bar\u0259d\u0259&nbsp; \u201cAz\u0259baycan\u201d q\u0259zetinin 05.11.2016-c\u0131 il tarixli 43&nbsp; (8707) say\u0131nda elan&nbsp; d\u0259rc edilmi\u015fdir.&nbsp;&nbsp; V.\u0130sg\u0259nd\u0259rovan\u0131n&nbsp; s\u0259n\u0259dl\u0259ri il\u0259 tan\u0131\u015f olub r\u0259y v\u0259 t\u0259klifl\u0259rinizi bildirm\u0259yinizi xahi\u015f edir\u0259m.<\/li>\n<\/ol>\n<p>\u00c7IXI\u015eLAR:<\/p>\n<ol>\n<li>Frans\u0131z dili kafedras\u0131n\u0131n m\u00fcdiri b\/m. Orucov M\u0259h\u0259rr\u0259m qeyd etdi ki, V\u00fcsal\u0259 m\u00fc\u0259llim\u0259 kafedran\u0131n \u0259n m\u0259suliyy\u0259tli , t\u0259cr\u00fcb\u0259li v\u0259 savadl\u0131 m\u00fc\u0259lliml\u0259rind\u0259ndi. Art\u0131q bir ne\u00e7\u0259 ildir ki, kafedram\u0131zda cal\u0131\u015f\u0131r. D\u0259rsl\u0259ri y\u00fcks\u0259k s\u0259viyy\u0259d\u0259 apar\u0131r. D\u0259f\u0259l\u0259rl\u0259 d\u0259rsl\u0259rind\u0259 dekan m\u00fcavini il\u0259 birlikd\u0259 i\u015ftirak etmi\u015fik. D\u0259rs aparmas\u0131ndan raz\u0131 qalm\u0131\u015f\u0131q.Gizli s\u0259sverm\u0259y\u0259 burax\u0131lmas\u0131n\u0131 t\u0259klif edir\u0259m.<\/li>\n<li>T\u0259dris i\u015fl\u0259ri \u00fczr\u0259 dekan m\u00fcavini b\/m. Aslanova M\u0259leyk\u0259 qeyd etdi ki, V\u00fcsal\u0259 m\u00fc\u0259llim\u0259 kafedran\u0131n bacar\u0131ql\u0131 m\u00fc\u0259lim\u0259l\u0259rind\u0259ndir. D\u0259rsl\u0259rini g\u00fcn\u00fcn t\u0259l\u0259bl\u0259rin\u0259 uy\u011fun ke\u00e7irm\u0259y\u0259 cal\u0131\u015f\u0131r. T\u0259l\u0259b\u0259l\u0259rl\u0259 g\u00f6z\u0259l v\u0259 s\u0259mimi \u00fcnsiyy\u0259t yarad\u0131r. T\u0259l\u0259bkar v\u0259 m\u0259sulyy\u0259tlidir. S\u0259sverm\u0259y\u0259 burax\u0131lmas\u0131n\u0131 t\u0259klif edir\u0259m.<\/li>\n<\/ol>\n<p>\u00c7\u0131x\u0131\u015flar\u0131 n\u0259z\u0259r\u0259 alaraq ELM\u0130 \u015eURA Q\u018fRARA ALIR:<\/p>\n<p>1.\u0130sg\u0259nd\u0259rova V\u00fcsal\u0259 Fazil&nbsp; q\u0131z\u0131 \u201cAz\u0259baycan\u201d q\u0259zetinin 05.11.2016-c\u00fc il tarixli 43(8708)&nbsp;&nbsp; say\u0131nda d\u0259rc edilmi\u015f m\u00fcsabiq\u0259 elan\u0131na \u0259sas\u0259n gizli s\u0259sverm\u0259 n\u0259tic\u0259sind\u0259 \u015eura \u00fczvl\u0259rinin s\u0259s \u00e7oxlu\u011funu toplad\u0131\u011f\u0131ndan&nbsp; Frans\u0131z dili&nbsp; kafedras\u0131n\u0131n&nbsp;&nbsp;&nbsp; bo\u015f olan b\\m yerin\u0259 se\u00e7ilsin&nbsp; .<\/p>\n<p>2.Bu q\u0259rar\u0131n t\u0259sdiq edilm\u0259si rektorluqdan xahi\u015f edilsin.<\/p>\n<ol start=\"7\">\n<li><strong>E\u015e\u0130D\u0130LD\u0130<\/strong>: Fak\u00fclt\u0259 dekan\u0131 dos. \u018f. \u018fsg\u0259rov qeyd etdi ki, Praktik xarici dill\u0259t kafedras\u0131n\u0131n m\u00fc\u0259llimi&nbsp; K\u0259rimli Ayt\u0259n Tahir q\u0131z\u0131&nbsp; h\u0259min kafedrada bo\u015f olan b\\m&nbsp; yerin\u0259 se\u00e7ilm\u0259si \u00fc\u00e7\u00fcn rektorlu\u011fa \u0259riz\u0259 il\u0259 m\u00fcraci\u0259t etmi\u015fdir. Bu bar\u0259d\u0259&nbsp; \u201cAz\u0259baycan\u201d q\u0259zetinin 05.11.2016-c\u0131 il tarixli 43&nbsp; (8707) say\u0131nda elan&nbsp; d\u0259rc edilmi\u015fdir.&nbsp;&nbsp; A.K\u0259rimlinin s\u0259n\u0259dl\u0259ri il\u0259 tan\u0131\u015f olub r\u0259y v\u0259 t\u0259klifl\u0259rinizi bildirm\u0259yinizi xahi\u015f edir\u0259m.<\/li>\n<\/ol>\n<p>\u00c7IXI\u015eLAR:<\/p>\n<ol>\n<li>Praktik xarici dill\u0259r kafedras\u0131n\u0131n m\u00fcdiri dos. \u018fliyeva Zahr\u0259 qeyd etdi ki, Ayt\u0259n m\u00fc\u0259llim\u0259 kafedran\u0131n \u0259n m\u0259suliyy\u0259tli, t\u0259cr\u00fcb\u0259li v\u0259 savadl\u0131 m\u00fc\u0259lliml\u0259rind\u0259ndir. Art\u0131q bir ne\u00e7\u0259 ildir ki, kafedram\u0131zda cal\u0131\u015f\u0131r. D\u0259rsl\u0259ri y\u00fcks\u0259k s\u0259viyy\u0259d\u0259 apar\u0131r. D\u0259f\u0259l\u0259rl\u0259 d\u0259rsl\u0259rind\u0259 dekan m\u00fcavini il\u0259 birlikd\u0259 i\u015ftirak etmi\u015fik. D\u0259rs aparmas\u0131ndan raz\u0131 qalm\u0131\u015f\u0131q. Gizli s\u0259sverm\u0259y\u0259 burax\u0131lmas\u0131n\u0131 t\u0259klif edir\u0259m.<\/li>\n<li>T\u0259dris i\u015fl\u0259ri \u00fczr\u0259 dekan m\u00fcavini b\/m. Aslanova M\u0259leyk\u0259 qeyd etdi ki, Ayt\u0259n m\u00fc\u0259llim\u0259 kafedran\u0131n bacar\u0131ql\u0131 m\u00fc\u0259lim\u0259l\u0259rind\u0259ndir. D\u0259rsl\u0259rini g\u00fcn\u00fcn t\u0259l\u0259bl\u0259rin\u0259 uy\u011fun ke\u00e7irm\u0259y\u0259 cal\u0131\u015f\u0131r. T\u0259l\u0259b\u0259l\u0259rl\u0259 g\u00f6z\u0259l v\u0259 s\u0259mimi \u00fcnsiyy\u0259t yarad\u0131r. T\u0259l\u0259bkar v\u0259 m\u0259sulyy\u0259tlidir. S\u0259sverm\u0259y\u0259 burax\u0131lmas\u0131n\u0131 t\u0259klif edir\u0259m.<\/li>\n<\/ol>\n<p>\u00c7\u0131x\u0131\u015flar\u0131 n\u0259z\u0259r\u0259 alaraq ELM\u0130 \u015eURA Q\u018fRARA ALIR:<\/p>\n<p>1.K\u0259rimli Ayt\u0259n Tahir q\u0131z\u0131 \u201cAz\u0259baycan\u201d q\u0259zetinin 05.11.2016-c\u00fc il tarixli 43(8708)&nbsp;&nbsp; say\u0131nda d\u0259rc edilmi\u015f m\u00fcsabiq\u0259 elan\u0131na \u0259sas\u0259n gizli s\u0259sverm\u0259 n\u0259tic\u0259sind\u0259 \u015eura \u00fczvl\u0259rinin s\u0259s \u00e7oxlu\u011funu toplad\u0131\u011f\u0131ndan&nbsp; Praktik xarici dill\u0259r kafedras\u0131n\u0131n&nbsp;&nbsp;&nbsp; bo\u015f olan b\\m yerin\u0259 se\u00e7ilsin.<\/p>\n<p>2.Bu q\u0259rar\u0131n t\u0259sdiq edilm\u0259si rektorluqdan xahi\u015f edilsin.<\/p>\n<ol start=\"8\">\n<li><strong>E\u015e\u0130D\u0130LD\u0130<\/strong>: Fak\u00fclt\u0259 dekan\u0131 dos. \u018f. \u018fsg\u0259rov qeyd etdi ki, Alman dili kafedras\u0131n\u0131n b\/m&nbsp; K\u0259rimova V\u00fcsal\u0259 \u018fdal\u0259t q\u0131z\u0131&nbsp; h\u0259min kafedrada bo\u015f olan b\\m&nbsp; yerin\u0259 se\u00e7ilm\u0259si \u00fc\u00e7\u00fcn rektorlu\u011fa \u0259riz\u0259 il\u0259 m\u00fcraci\u0259t etmi\u015fdir. Bu bar\u0259d\u0259&nbsp; \u201cAz\u0259baycan\u201d q\u0259zetinin 05.11.2016-c\u0131 il tarixli 43&nbsp; (8707) say\u0131nda elan&nbsp; d\u0259rc edilmi\u015fdir.&nbsp;&nbsp; V.K\u0259rimovan\u0131n s\u0259n\u0259dl\u0259ri il\u0259 tan\u0131\u015f olub r\u0259y v\u0259 t\u0259klifl\u0259rinizi bildirm\u0259yinizi xahi\u015f edir\u0259m.<\/li>\n<\/ol>\n<p>\u00c7IXI\u015eLAR:<\/p>\n<ol>\n<li>Alman dili kafedras\u0131n\u0131n m\u00fcdiri b\/m. Ataki\u015fiyev Elvin qeyd etdi ki, V\u00fcsal\u0259 m\u00fc\u0259llim\u0259 kafedran\u0131n \u0259n m\u0259suliyy\u0259tli , t\u0259cr\u00fcb\u0259li v\u0259 savadl\u0131 m\u00fc\u0259lliml\u0259rind\u0259ndi. Art\u0131q bir ne\u00e7\u0259 ildir ki, kafedram\u0131zda cal\u0131\u015f\u0131r. D\u0259rsl\u0259ri y\u00fcks\u0259k s\u0259viyy\u0259d\u0259 apar\u0131r. D\u0259f\u0259l\u0259rl\u0259 d\u0259rsl\u0259rind\u0259 dekan m\u00fcavini il\u0259 birlikd\u0259 i\u015ftirak etmi\u015fik. D\u0259rs aparmas\u0131ndan raz\u0131 qalm\u0131\u015f\u0131q.Gizli s\u0259sverm\u0259y\u0259 burax\u0131lmas\u0131n\u0131 t\u0259klif edir\u0259m.<\/li>\n<li>T\u0259dris i\u015fl\u0259ri \u00fczr\u0259 dekan m\u00fcavini b\/m. Aslanova M\u0259leyk\u0259 qeyd etdi ki, V\u00fcsal\u0259 m\u00fc\u0259llim\u0259 kafedran\u0131n bacar\u0131ql\u0131 m\u00fc\u0259lim\u0259l\u0259rind\u0259ndir. D\u0259rsl\u0259rini g\u00fcn\u00fcn t\u0259l\u0259bl\u0259rin\u0259 uy\u011fun ke\u00e7irm\u0259y\u0259 cal\u0131\u015f\u0131r. T\u0259l\u0259b\u0259l\u0259rl\u0259 g\u00f6z\u0259l v\u0259 s\u0259mimi \u00fcnsiyy\u0259t yarad\u0131r. T\u0259l\u0259bkar v\u0259 m\u0259sulyy\u0259tlidir. S\u0259sverm\u0259y\u0259 burax\u0131lmas\u0131n\u0131 t\u0259klif edir\u0259m.<\/li>\n<\/ol>\n<p>\u00c7\u0131x\u0131\u015flar\u0131 n\u0259z\u0259r\u0259 alaraq ELM\u0130 \u015eURA Q\u018fRARA ALIR:<\/p>\n<p>1.K\u0259rimova V\u00fcsal\u0259 \u018fdal\u0259t&nbsp; q\u0131z\u0131 \u201cAz\u0259baycan\u201d q\u0259zetinin 05.11.2016-c\u00fc il tarixli 43(8708)&nbsp;&nbsp; say\u0131nda d\u0259rc edilmi\u015f m\u00fcsabiq\u0259 elan\u0131na \u0259sas\u0259n gizli s\u0259sverm\u0259 n\u0259tic\u0259sind\u0259 \u015eura \u00fczvl\u0259rinin s\u0259s \u00e7oxlu\u011funu toplad\u0131\u011f\u0131ndan&nbsp; Alman dili kafedras\u0131n\u0131n&nbsp;&nbsp;&nbsp; bo\u015f olan b\\m yerin\u0259 se\u00e7ilsin&nbsp; .<\/p>\n<p>2.Bu q\u0259rar\u0131n t\u0259sdiq edilm\u0259si rektorluqdan xahi\u015f edilsin.<\/p>\n<ol start=\"9\">\n<li><strong>E\u015e\u0130D\u0130LD\u0130<\/strong>: Fak\u00fclt\u0259 dekan\u0131 dos. \u018f. \u018fsg\u0259rov qeyd etdi ki, Qrammatika v\u0259 ingilis dilinin t\u0259drisi kafedras\u0131n\u0131n b\/m&nbsp; M\u0259mm\u0259dova G\u00fclnaz Sayyad q\u0131z\u0131&nbsp; h\u0259min kafedrada bo\u015f olan b\\m&nbsp; yerin\u0259 se\u00e7ilm\u0259si \u00fc\u00e7\u00fcn rektorlu\u011fa \u0259riz\u0259 il\u0259 m\u00fcraci\u0259t etmi\u015fdir. Bu bar\u0259d\u0259&nbsp; \u201cAz\u0259baycan\u201d q\u0259zetinin 05.11.2016-c\u0131 il tarixli 43&nbsp; (8707) say\u0131nda elan&nbsp; d\u0259rc edilmi\u015fdir.&nbsp;&nbsp; G.M\u0259mm\u0259dovan\u0131n&nbsp; s\u0259n\u0259dl\u0259ri il\u0259 tan\u0131\u015f olub r\u0259y v\u0259 t\u0259klifl\u0259rinizi bildirm\u0259yinizi xahi\u015f edir\u0259m.<\/li>\n<\/ol>\n<p>\u00c7IXI\u015eLAR:<\/p>\n<ol>\n<li>Qrammatika v\u0259 ingilis dilinin t\u0259drisi kafedras\u0131n\u0131n m\u00fcdiri dos. R\u0259himov Mehdi qeyd etdi ki, G\u00fclnaz m\u00fc\u0259llim\u0259 kafedran\u0131n \u0259n m\u0259suliyy\u0259tli , t\u0259cr\u00fcb\u0259li v\u0259 savadl\u0131 m\u00fc\u0259lliml\u0259rind\u0259ndi. Art\u0131q bir ne\u00e7\u0259 ildir ki, kafedram\u0131zda cal\u0131\u015f\u0131r. D\u0259rsl\u0259ri y\u00fcks\u0259k s\u0259viyy\u0259d\u0259 apar\u0131r. D\u0259f\u0259l\u0259rl\u0259 d\u0259rsl\u0259rind\u0259 dekan m\u00fcavini il\u0259 birlikd\u0259 i\u015ftirak etmi\u015fik. D\u0259rs aparmas\u0131ndan raz\u0131 qalm\u0131\u015f\u0131q.Gizli s\u0259sverm\u0259y\u0259 burax\u0131lmas\u0131n\u0131 t\u0259klif edir\u0259m.<\/li>\n<li>T\u0259dris i\u015fl\u0259ri \u00fczr\u0259 dekan m\u00fcavini b\/m. Aslanova M\u0259leyk\u0259 qeyd etdi ki, G\u00fclnaz m\u00fc\u0259llim\u0259 kafedran\u0131n bacar\u0131ql\u0131 m\u00fc\u0259lim\u0259l\u0259rind\u0259ndir. D\u0259rsl\u0259rini g\u00fcn\u00fcn t\u0259l\u0259bl\u0259rin\u0259 uy\u011fun ke\u00e7irm\u0259y\u0259 cal\u0131\u015f\u0131r. T\u0259l\u0259b\u0259l\u0259rl\u0259 g\u00f6z\u0259l v\u0259 s\u0259mimi \u00fcnsiyy\u0259t yarad\u0131r. T\u0259l\u0259bkar v\u0259 m\u0259sulyy\u0259tlidir. S\u0259sverm\u0259y\u0259 burax\u0131lmas\u0131n\u0131 t\u0259klif edir\u0259m.<\/li>\n<\/ol>\n<p>\u00c7\u0131x\u0131\u015flar\u0131 n\u0259z\u0259r\u0259 alaraq ELM\u0130 \u015eURA Q\u018fRARA ALIR:<\/p>\n<p>1.M\u0259mm\u0259dova G\u00fclnaz Sayyad&nbsp; q\u0131z\u0131 \u201cAz\u0259baycan\u201d q\u0259zetinin 05.11.2016-c\u00fc il tarixli 43(8708)&nbsp;&nbsp; say\u0131nda d\u0259rc edilmi\u015f m\u00fcsabiq\u0259 elan\u0131na \u0259sas\u0259n gizli s\u0259sverm\u0259 n\u0259tic\u0259sind\u0259 \u015eura \u00fczvl\u0259rinin s\u0259s \u00e7oxlu\u011funu toplad\u0131\u011f\u0131ndan&nbsp; Qrammatika v\u0259 ingilis dilinin t\u0259drisi&nbsp; kafedras\u0131n\u0131n&nbsp;&nbsp;&nbsp; bo\u015f olan b\\m yerin\u0259 se\u00e7ilsin&nbsp; .<\/p>\n<p>2.Bu q\u0259rar\u0131n t\u0259sdiq edilm\u0259si rektorluqdan xahi\u015f edilsin.<\/p>\n<ol start=\"10\">\n<li><strong>E\u015e\u0130D\u0130LD\u0130<\/strong>: Fak\u00fclt\u0259 dekan\u0131 dos. \u018f. \u018fsg\u0259rov qeyd etdi ki, Leksika v\u0259 \u00f6lk\u0259\u015f\u00fcnasl\u0131q kafedras\u0131n\u0131n b\/m. M\u0259mm\u0259dova \u015e\u0259bn\u0259m Vilay\u0259t q\u0131z\u0131&nbsp; h\u0259min kafedrada bo\u015f olan b\/m yerin\u0259 se\u00e7ilm\u0259si \u00fc\u00e7\u00fcn rektorlu\u011fa \u0259riz\u0259 il\u0259 m\u00fcraci\u0259t etmi\u015fdir. Bu bar\u0259d\u0259&nbsp; \u201cAz\u0259baycan\u201d q\u0259zetinin 05.11.2016-c\u0131 il tarixli 43&nbsp; (8707) say\u0131nda elan&nbsp; d\u0259rc edilmi\u015fdir. \u015e.M\u0259mm\u0259dovan\u0131n&nbsp; s\u0259n\u0259dl\u0259ri il\u0259 tan\u0131\u015f olub r\u0259y v\u0259 t\u0259klifl\u0259rinizi bildirm\u0259yinizi xahi\u015f edir\u0259m.<\/li>\n<\/ol>\n<p>\u00c7IXI\u015eLAR:<\/p>\n<ol>\n<li>Leksika v\u0259 \u00f6lk\u0259\u015f\u00fcnasl\u0131q kafedras\u0131n\u0131n m\u00fcdiri dos. Kaz\u0131mova Sevda qeyd etdi ki, \u015e\u0259bn\u0259m m\u00fc\u0259llim\u0259 kafedran\u0131n \u0259n m\u0259suliyy\u0259tli , t\u0259cr\u00fcb\u0259li v\u0259 savadl\u0131 m\u00fc\u0259lliml\u0259rind\u0259ndi. Art\u0131q bir ne\u00e7\u0259 ildir ki, kafedram\u0131zda cal\u0131\u015f\u0131r. D\u0259rsl\u0259ri y\u00fcks\u0259k s\u0259viyy\u0259d\u0259 apar\u0131r. D\u0259f\u0259l\u0259rl\u0259 d\u0259rsl\u0259rind\u0259 dekan m\u00fcavini il\u0259 birlikd\u0259 i\u015ftirak etmi\u015fik. D\u0259rs aparmas\u0131ndan raz\u0131 qalm\u0131\u015f\u0131q.Gizli s\u0259sverm\u0259y\u0259 burax\u0131lmas\u0131n\u0131 t\u0259klif edir\u0259m.<\/li>\n<li>T\u0259dris i\u015fl\u0259ri \u00fczr\u0259 dekan m\u00fcavini b\/m. Aslanova M\u0259leyk\u0259 qeyd etdi ki, \u015e\u0259bn\u0259m m\u00fc\u0259llim\u0259 kafedran\u0131n bacar\u0131ql\u0131 m\u00fc\u0259lim\u0259l\u0259rind\u0259ndir. D\u0259rsl\u0259rini g\u00fcn\u00fcn t\u0259l\u0259bl\u0259rin\u0259 uy\u011fun ke\u00e7irm\u0259y\u0259 cal\u0131\u015f\u0131r. T\u0259l\u0259b\u0259l\u0259rl\u0259 g\u00f6z\u0259l v\u0259 s\u0259mimi \u00fcnsiyy\u0259t yarad\u0131r. T\u0259l\u0259bkar v\u0259 m\u0259sulyy\u0259tlidir. S\u0259sverm\u0259y\u0259 burax\u0131lmas\u0131n\u0131 t\u0259klif edir\u0259m.<\/li>\n<\/ol>\n<p>\u00c7\u0131x\u0131\u015flar\u0131 n\u0259z\u0259r\u0259 alaraq ELM\u0130 \u015eURA Q\u018fRARA ALIR:<\/p>\n<p>1.M\u0259mm\u0259dova \u015e\u0259bn\u0259m Vilay\u0259t q\u0131z\u0131 \u201cAz\u0259baycan\u201d q\u0259zetinin 05.11.2016-c\u00fc il tarixli 43(8708)&nbsp;&nbsp; say\u0131nda d\u0259rc edilmi\u015f m\u00fcsabiq\u0259 elan\u0131na \u0259sas\u0259n gizli s\u0259sverm\u0259 n\u0259tic\u0259sind\u0259 \u015eura \u00fczvl\u0259rinin s\u0259s \u00e7oxlu\u011funu toplad\u0131\u011f\u0131ndan&nbsp; Leksika v\u0259 \u00f6lk\u0259\u015f\u00fcnasl\u0131q kafedras\u0131n\u0131n&nbsp;&nbsp;&nbsp; bo\u015f olan b\/m yerin\u0259 se\u00e7ilsin&nbsp; .<\/p>\n<p>2.Bu q\u0259rar\u0131n t\u0259sdiq edilm\u0259si rektorluqdan xahi\u015f edilsin.<\/p>\n<ol start=\"11\">\n<li><strong>E\u015e\u0130D\u0130LD\u0130<\/strong>: Fak\u00fclt\u0259 dekan\u0131 dos. \u018f. \u018fsg\u0259rov qeyd etdi ki, Qrammatika v\u0259 ingilis dilinin t\u0259drisi kafedras\u0131n\u0131n b\/m&nbsp; M\u0259mm\u0259dzad\u0259 Nat\u0259van Yusif q\u0131z\u0131&nbsp; h\u0259min kafedrada bo\u015f olan b\\m &nbsp;yerin\u0259 se\u00e7ilm\u0259si \u00fc\u00e7\u00fcn rektorlu\u011fa \u0259riz\u0259 il\u0259 m\u00fcraci\u0259t etmi\u015fdir. Bu bar\u0259d\u0259&nbsp; \u201cAz\u0259baycan\u201d q\u0259zetinin 05.11.2016-c\u0131 il tarixli 43&nbsp; (8707) say\u0131nda elan&nbsp; d\u0259rc edilmi\u015fdir.&nbsp;&nbsp; N.M\u0259mm\u0259dzad\u0259nin&nbsp; s\u0259n\u0259dl\u0259ri il\u0259 tan\u0131\u015f olub r\u0259y v\u0259 t\u0259klifl\u0259rinizi bildirm\u0259yinizi xahi\u015f edir\u0259m.<\/li>\n<\/ol>\n<p>\u00c7IXI\u015eLAR:<\/p>\n<ol>\n<li>Qrammatika v\u0259 ingilis dilinin t\u0259drisi kafedras\u0131n\u0131n m\u00fcdiri dos. R\u0259himov Mehdi qeyd etdi ki, Nat\u0259van m\u00fc\u0259llim\u0259 kafedran\u0131n \u0259n m\u0259suliyy\u0259tli , t\u0259cr\u00fcb\u0259li v\u0259 savadl\u0131 m\u00fc\u0259lliml\u0259rind\u0259ndi. Art\u0131q bir ne\u00e7\u0259 ildir ki, kafedram\u0131zda cal\u0131\u015f\u0131r. D\u0259rsl\u0259ri y\u00fcks\u0259k s\u0259viyy\u0259d\u0259 apar\u0131r. D\u0259f\u0259l\u0259rl\u0259 d\u0259rsl\u0259rind\u0259 dekan m\u00fcavini il\u0259 birlikd\u0259 i\u015ftirak etmi\u015fik. D\u0259rs aparmas\u0131ndan raz\u0131 qalm\u0131\u015f\u0131q.Gizli s\u0259sverm\u0259y\u0259 burax\u0131lmas\u0131n\u0131 t\u0259klif edir\u0259m.<\/li>\n<li>T\u0259dris i\u015fl\u0259ri \u00fczr\u0259 dekan m\u00fcavini b\/m. Aslanova M\u0259leyk\u0259 qeyd etdi ki, Nat\u0259van m\u00fc\u0259llim\u0259 kafedran\u0131n bacar\u0131ql\u0131 m\u00fc\u0259lim\u0259l\u0259rind\u0259ndir. D\u0259rsl\u0259rini g\u00fcn\u00fcn t\u0259l\u0259bl\u0259rin\u0259 uy\u011fun ke\u00e7irm\u0259y\u0259 cal\u0131\u015f\u0131r. T\u0259l\u0259b\u0259l\u0259rl\u0259 g\u00f6z\u0259l v\u0259 s\u0259mimi \u00fcnsiyy\u0259t yarad\u0131r. T\u0259l\u0259bkar v\u0259 m\u0259sulyy\u0259tlidir. S\u0259sverm\u0259y\u0259 burax\u0131lmas\u0131n\u0131 t\u0259klif edir\u0259m.<\/li>\n<\/ol>\n<p>\u00c7\u0131x\u0131\u015flar\u0131 n\u0259z\u0259r\u0259 alaraq ELM\u0130 \u015eURA Q\u018fRARA ALIR:<\/p>\n<p>1.M\u0259mm\u0259dzad\u0259 Nat\u0259van Yusif&nbsp; q\u0131z\u0131 \u201cAz\u0259baycan\u201d q\u0259zetinin 05.11.2016-c\u00fc il tarixli 43(8708)&nbsp;&nbsp; say\u0131nda d\u0259rc edilmi\u015f m\u00fcsabiq\u0259 elan\u0131na \u0259sas\u0259n gizli s\u0259sverm\u0259 n\u0259tic\u0259sind\u0259 \u015eura \u00fczvl\u0259rinin s\u0259s \u00e7oxlu\u011funu toplad\u0131\u011f\u0131ndan&nbsp; Qrammatika v\u0259 ingilis dilinin t\u0259drisi&nbsp; kafedras\u0131n\u0131n&nbsp;&nbsp;&nbsp; bo\u015f olan b\\m yerin\u0259 se\u00e7ilsin&nbsp; .<\/p>\n<p>2.Bu q\u0259rar\u0131n t\u0259sdiq edilm\u0259si rektorluqdan xahi\u015f edilsin.<\/p>\n<ol start=\"12\">\n<li><strong>E\u015e\u0130D\u0130LD\u0130<\/strong>: Fak\u00fclt\u0259 dekan\u0131 dos. \u018f. \u018fsg\u0259rov qeyd etdi ki, Alman dili kafedras\u0131n\u0131n b\/m&nbsp; M\u00fcsl\u00fcmova Ofelya Surxay q\u0131z\u0131&nbsp; h\u0259min kafedrada bo\u015f olan b\\m&nbsp; yerin\u0259 se\u00e7ilm\u0259si \u00fc\u00e7\u00fcn rektorlu\u011fa \u0259riz\u0259 il\u0259 m\u00fcraci\u0259t etmi\u015fdir. Bu bar\u0259d\u0259&nbsp; \u201cAz\u0259baycan\u201d q\u0259zetinin 05.11.2016-c\u0131 il tarixli 43&nbsp; (8707) say\u0131nda elan&nbsp; d\u0259rc edilmi\u015fdir.&nbsp;&nbsp; O.M\u00fcsl\u00fcmovan\u0131n s\u0259n\u0259dl\u0259ri il\u0259 tan\u0131\u015f olub r\u0259y v\u0259 t\u0259klifl\u0259rinizi bildirm\u0259yinizi xahi\u015f edir\u0259m.<\/li>\n<\/ol>\n<p>\u00c7IXI\u015eLAR:<\/p>\n<ol>\n<li>Alman dili kafedras\u0131n\u0131n m\u00fcdiri b\/m. Ataki\u015fiyev Elvin qeyd etdi ki, Ofelya m\u00fc\u0259llim\u0259 kafedran\u0131n \u0259n m\u0259suliyy\u0259tli , t\u0259cr\u00fcb\u0259li v\u0259 savadl\u0131 m\u00fc\u0259lliml\u0259rind\u0259ndi. Art\u0131q bir ne\u00e7\u0259 ildir ki, kafedram\u0131zda cal\u0131\u015f\u0131r. D\u0259rsl\u0259ri y\u00fcks\u0259k s\u0259viyy\u0259d\u0259 apar\u0131r. D\u0259f\u0259l\u0259rl\u0259 d\u0259rsl\u0259rind\u0259 dekan m\u00fcavini il\u0259 birlikd\u0259 i\u015ftirak etmi\u015fik. D\u0259rs aparmas\u0131ndan raz\u0131 qalm\u0131\u015f\u0131q.Gizli s\u0259sverm\u0259y\u0259 burax\u0131lmas\u0131n\u0131 t\u0259klif edir\u0259m.<\/li>\n<li>T\u0259dris i\u015fl\u0259ri \u00fczr\u0259 dekan m\u00fcavini b\/m. Aslanova M\u0259leyk\u0259 qeyd etdi ki, Ofelya m\u00fc\u0259llim\u0259 kafedran\u0131n bacar\u0131ql\u0131 m\u00fc\u0259lim\u0259l\u0259rind\u0259ndir. D\u0259rsl\u0259rini g\u00fcn\u00fcn t\u0259l\u0259bl\u0259rin\u0259 uy\u011fun ke\u00e7irm\u0259y\u0259 cal\u0131\u015f\u0131r. T\u0259l\u0259b\u0259l\u0259rl\u0259 g\u00f6z\u0259l v\u0259 s\u0259mimi \u00fcnsiyy\u0259t yarad\u0131r. T\u0259l\u0259bkar v\u0259 m\u0259sulyy\u0259tlidir. S\u0259sverm\u0259y\u0259 burax\u0131lmas\u0131n\u0131 t\u0259klif edir\u0259m.<\/li>\n<\/ol>\n<p>\u00c7\u0131x\u0131\u015flar\u0131 n\u0259z\u0259r\u0259 alaraq ELM\u0130 \u015eURA Q\u018fRARA ALIR:<\/p>\n<p>1.M\u00fcsl\u00fcmova Ofelya Surxay&nbsp; q\u0131z\u0131 \u201cAz\u0259baycan\u201d q\u0259zetinin 05.11.2016-c\u00fc il tarixli 43(8708)&nbsp;&nbsp; say\u0131nda d\u0259rc edilmi\u015f m\u00fcsabiq\u0259 elan\u0131na \u0259sas\u0259n gizli s\u0259sverm\u0259 n\u0259tic\u0259sind\u0259 \u015eura \u00fczvl\u0259rinin s\u0259s \u00e7oxlu\u011funu toplad\u0131\u011f\u0131ndan&nbsp; Alman dili kafedras\u0131n\u0131n&nbsp;&nbsp;&nbsp; bo\u015f olan b\\m yerin\u0259 se\u00e7ilsin&nbsp; .<\/p>\n<p>2.Bu q\u0259rar\u0131n t\u0259sdiq edilm\u0259si rektorluqdan xahi\u015f edilsin.<\/p>\n<ol start=\"13\">\n<li><strong>E\u015e\u0130D\u0130LD\u0130<\/strong>: Fak\u00fclt\u0259 dekan\u0131 dos. \u018f. \u018fsg\u0259rov qeyd etdi ki, Alman dili kafedras\u0131n\u0131n b\/m&nbsp; Qas\u0131mova G\u00f6z\u0259l Telman q\u0131z\u0131&nbsp; h\u0259min kafedrada bo\u015f olan b\\m&nbsp; yerin\u0259 se\u00e7ilm\u0259si \u00fc\u00e7\u00fcn rektorlu\u011fa \u0259riz\u0259 il\u0259 m\u00fcraci\u0259t etmi\u015fdir. Bu bar\u0259d\u0259&nbsp; \u201cAz\u0259baycan\u201d q\u0259zetinin 05.11.2016-c\u0131 il tarixli 43&nbsp; (8707) say\u0131nda elan&nbsp; d\u0259rc edilmi\u015fdir.&nbsp;&nbsp; G.Qas\u0131movan\u0131n s\u0259n\u0259dl\u0259ri il\u0259 tan\u0131\u015f olub r\u0259y v\u0259 t\u0259klifl\u0259rinizi bildirm\u0259yinizi xahi\u015f edir\u0259m.<\/li>\n<\/ol>\n<p>\u00c7IXI\u015eLAR:<\/p>\n<ol>\n<li>Alman dili kafedras\u0131n\u0131n m\u00fcdiri b\/m. Ataki\u015fiyev Elvin qeyd etdi ki, G\u00f6z\u0259l m\u00fc\u0259llim\u0259 kafedran\u0131n \u0259n m\u0259suliyy\u0259tli , t\u0259cr\u00fcb\u0259li v\u0259 savadl\u0131 m\u00fc\u0259lliml\u0259rind\u0259ndi. Art\u0131q bir ne\u00e7\u0259 ildir ki, kafedram\u0131zda cal\u0131\u015f\u0131r. D\u0259rsl\u0259ri y\u00fcks\u0259k s\u0259viyy\u0259d\u0259 apar\u0131r. D\u0259f\u0259l\u0259rl\u0259 d\u0259rsl\u0259rind\u0259 dekan m\u00fcavini il\u0259 birlikd\u0259 i\u015ftirak etmi\u015fik. D\u0259rs aparmas\u0131ndan raz\u0131 qalm\u0131\u015f\u0131q.Gizli s\u0259sverm\u0259y\u0259 burax\u0131lmas\u0131n\u0131 t\u0259klif edir\u0259m.<\/li>\n<li>T\u0259dris i\u015fl\u0259ri \u00fczr\u0259 dekan m\u00fcavini b\/m. Aslanova M\u0259leyk\u0259 qeyd etdi ki, G\u00f6z\u0259l m\u00fc\u0259llim\u0259 kafedran\u0131n bacar\u0131ql\u0131 m\u00fc\u0259lim\u0259l\u0259rind\u0259ndir. D\u0259rsl\u0259rini g\u00fcn\u00fcn t\u0259l\u0259bl\u0259rin\u0259 uy\u011fun ke\u00e7irm\u0259y\u0259 cal\u0131\u015f\u0131r. T\u0259l\u0259b\u0259l\u0259rl\u0259 g\u00f6z\u0259l v\u0259 s\u0259mimi \u00fcnsiyy\u0259t yarad\u0131r. T\u0259l\u0259bkar v\u0259 m\u0259sulyy\u0259tlidir. S\u0259sverm\u0259y\u0259 burax\u0131lmas\u0131n\u0131 t\u0259klif edir\u0259m.<\/li>\n<\/ol>\n<p>\u00c7\u0131x\u0131\u015flar\u0131 n\u0259z\u0259r\u0259 alaraq ELM\u0130 \u015eURA Q\u018fRARA ALIR:<\/p>\n<p>1.Qas\u0131mova G\u00f6z\u0259l Telman&nbsp; q\u0131z\u0131 \u201cAz\u0259baycan\u201d q\u0259zetinin 05.11.2016-c\u00fc il tarixli 43(8708)&nbsp;&nbsp; say\u0131nda d\u0259rc edilmi\u015f m\u00fcsabiq\u0259 elan\u0131na \u0259sas\u0259n gizli s\u0259sverm\u0259 n\u0259tic\u0259sind\u0259 \u015eura \u00fczvl\u0259rinin s\u0259s \u00e7oxlu\u011funu toplad\u0131\u011f\u0131ndan&nbsp; Alman dili kafedras\u0131n\u0131n&nbsp;&nbsp;&nbsp; bo\u015f olan b\\m yerin\u0259 se\u00e7ilsin&nbsp; .<\/p>\n<p>2.Bu q\u0259rar\u0131n t\u0259sdiq edilm\u0259si rektorluqdan xahi\u015f edilsin.<\/p>\n<ol start=\"14\">\n<li><strong>E\u015e\u0130D\u0130LD\u0130<\/strong>: Fak\u00fclt\u0259 dekan\u0131 dos. \u018f. \u018fsg\u0259rov qeyd etdi ki, Qrammatika v\u0259 ingilis dilinin t\u0259drisi kafedras\u0131n\u0131n b\/m&nbsp; Tal\u0131bova Ayg\u00fcn Nof\u0259r q\u0131z\u0131&nbsp; h\u0259min kafedrada bo\u015f olan b\\m&nbsp; yerin\u0259 se\u00e7ilm\u0259si \u00fc\u00e7\u00fcn rektorlu\u011fa \u0259riz\u0259 il\u0259 m\u00fcraci\u0259t etmi\u015fdir. Bu bar\u0259d\u0259&nbsp; \u201cAz\u0259baycan\u201d q\u0259zetinin 05.11.2016-c\u0131 il tarixli 43&nbsp; (8707) say\u0131nda elan&nbsp; d\u0259rc edilmi\u015fdir.&nbsp;&nbsp; N.M\u0259mm\u0259dzad\u0259nin&nbsp; s\u0259n\u0259dl\u0259ri il\u0259 tan\u0131\u015f olub r\u0259y v\u0259 t\u0259klifl\u0259rinizi bildirm\u0259yinizi xahi\u015f edir\u0259m.<\/li>\n<\/ol>\n<p>\u00c7IXI\u015eLAR:<\/p>\n<ol>\n<li>Qrammatika v\u0259 ingilis dilinin t\u0259drisi kafedras\u0131n\u0131n m\u00fcdiri dos. R\u0259himov Mehdi qeyd etdi ki, Ayg\u00fcn m\u00fc\u0259llim\u0259 kafedran\u0131n \u0259n m\u0259suliyy\u0259tli , t\u0259cr\u00fcb\u0259li v\u0259 savadl\u0131 m\u00fc\u0259lliml\u0259rind\u0259ndi. Art\u0131q bir ne\u00e7\u0259 ildir ki, kafedram\u0131zda cal\u0131\u015f\u0131r. D\u0259rsl\u0259ri y\u00fcks\u0259k s\u0259viyy\u0259d\u0259 apar\u0131r. D\u0259f\u0259l\u0259rl\u0259 d\u0259rsl\u0259rind\u0259 dekan m\u00fcavini il\u0259 birlikd\u0259 i\u015ftirak etmi\u015fik. D\u0259rs aparmas\u0131ndan raz\u0131 qalm\u0131\u015f\u0131q.Gizli s\u0259sverm\u0259y\u0259 burax\u0131lmas\u0131n\u0131 t\u0259klif edir\u0259m.<\/li>\n<li>T\u0259dris i\u015fl\u0259ri \u00fczr\u0259 dekan m\u00fcavini b\/m. Aslanova M\u0259leyk\u0259 qeyd etdi ki, Ayg\u00fcn m\u00fc\u0259llim\u0259 kafedran\u0131n bacar\u0131ql\u0131 m\u00fc\u0259lim\u0259l\u0259rind\u0259ndir. D\u0259rsl\u0259rini g\u00fcn\u00fcn t\u0259l\u0259bl\u0259rin\u0259 uy\u011fun ke\u00e7irm\u0259y\u0259 cal\u0131\u015f\u0131r. T\u0259l\u0259b\u0259l\u0259rl\u0259 g\u00f6z\u0259l v\u0259 s\u0259mimi \u00fcnsiyy\u0259t yarad\u0131r. T\u0259l\u0259bkar v\u0259 m\u0259sulyy\u0259tlidir. S\u0259sverm\u0259y\u0259 burax\u0131lmas\u0131n\u0131 t\u0259klif edir\u0259m.<\/li>\n<\/ol>\n<p>\u00c7\u0131x\u0131\u015flar\u0131 n\u0259z\u0259r\u0259 alaraq ELM\u0130 \u015eURA Q\u018fRARA ALIR:<\/p>\n<p>1.Tal\u0131bova Ayg\u00fcn Nof\u0259r&nbsp; q\u0131z\u0131 \u201cAz\u0259baycan\u201d q\u0259zetinin 05.11.2016-c\u00fc il tarixli 43(8708)&nbsp;&nbsp; say\u0131nda d\u0259rc edilmi\u015f m\u00fcsabiq\u0259 elan\u0131na \u0259sas\u0259n gizli s\u0259sverm\u0259 n\u0259tic\u0259sind\u0259 \u015eura \u00fczvl\u0259rinin s\u0259s \u00e7oxlu\u011funu toplad\u0131\u011f\u0131ndan&nbsp; Qrammatika v\u0259 ingilis dilinin t\u0259drisi&nbsp; kafedras\u0131n\u0131n&nbsp;&nbsp;&nbsp; bo\u015f olan b\\m yerin\u0259 se\u00e7ilsin .<\/p>\n<p>2.Bu q\u0259rar\u0131n t\u0259sdiq edilm\u0259si rektorluqdan xahi\u015f edilsin.<\/p>\n<p><strong>&nbsp;<\/strong><\/p>\n<p><strong>&nbsp;<\/strong><\/p>\n<p><strong>8.Cari m\u0259s\u0259l\u0259l\u0259r<\/strong><strong><em>&nbsp;&nbsp;&nbsp;&nbsp;&nbsp;&nbsp;&nbsp;&nbsp;&nbsp;&nbsp;&nbsp;&nbsp;&nbsp;&nbsp;&nbsp;&nbsp;&nbsp;&nbsp;&nbsp;&nbsp;&nbsp;&nbsp;&nbsp; <\/em><\/strong>&nbsp;<strong>&nbsp;&nbsp;&nbsp;&nbsp;&nbsp;&nbsp;&nbsp;&nbsp;&nbsp;&nbsp;&nbsp;&nbsp;&nbsp;&nbsp;&nbsp;&nbsp;&nbsp;&nbsp;&nbsp;&nbsp;&nbsp;&nbsp;&nbsp;&nbsp;&nbsp;&nbsp;&nbsp;&nbsp;&nbsp;&nbsp;&nbsp;&nbsp;&nbsp;&nbsp;&nbsp;&nbsp;&nbsp;&nbsp;&nbsp;&nbsp;&nbsp;&nbsp;&nbsp;&nbsp;&nbsp;&nbsp;<\/strong><\/p>\n<p><strong>\u00c7\u0131xar\u0131\u015f:<\/strong><\/p>\n<p>1.Frans\u0131z dili kafedras\u0131n\u0131n m\u00fc\u0259llimi \u015e\u0259milova \u015eahnaz Vagif q\u0131z\u0131n\u0131n&nbsp; haz\u0131rlad\u0131\u011f\u0131 \u201cXarici dilin fonetikas\u0131\u201d (Frans\u0131z dili) f\u0259nn proqram\u0131n\u0131n&nbsp; m\u00fczakir\u0259si.<\/p>\n<p><strong>E\u015e\u0130D\u0130LD\u0130:<\/strong>Frans\u0131z&nbsp; dili &nbsp;kafedras\u0131n\u0131n&nbsp; m\u00fcdiri Orucov M\u0259h\u0259rr\u0259m&nbsp; m\u0259lumat verdi ki, proqram&nbsp; Fak\u00fclt\u0259 Elmi \u015euras\u0131na&nbsp; t\u0259qdim olunmu\u015fdur.<\/p>\n<p>Kafedra m\u00fcdiri&nbsp; M\u0259h\u0259rr\u0259m Orucov&nbsp; \u015e\u0259milova \u015eahnaz Vagif q\u0131z\u0131n\u0131n&nbsp; haz\u0131rlad\u0131\u011f\u0131 \u201cXarici dilin fonetikas\u0131\u201d f\u0259nn proqram\u0131n\u0131n&nbsp; m\u0259zmunu il\u0259 fak\u00fclt\u0259 Elmi \u015euras\u0131n\u0131n \u00fczvl\u0259rini tan\u0131\u015f etdi.<\/p>\n<p><strong>\u00c7IXI\u015eLAR:&nbsp; 1. <\/strong>Fak\u00fclt\u0259 dekan\u0131 dos. \u018f.\u018fsg\u0259rov qeyd etdi ki, m\u0259n m\u00fc\u0259llim \u015e\u0259milova \u015eahnaz Vagif q\u0131z\u0131n\u0131n&nbsp; haz\u0131rlad\u0131\u011f\u0131 \u201cXarici dilin fonetikas\u0131\u201d (Frans\u0131z dili)&nbsp; f\u0259nn proqram\u0131 il\u0259 tan\u0131\u015f olmu\u015fam. Hesab edir\u0259mki, proqram\u0131n qrif almas\u0131 m\u0259qs\u0259d\u0259 uy\u011fundur.<\/p>\n<p>2.\u201cQrammatika v\u0259 ingilis dilinin t\u0259drisi\u201d kafedras\u0131n\u0131n m\u00fcdiri dosent M.R\u0259himov \u00e7\u0131x\u0131\u015f\u0131nda bildirdi ki, \u015eahnaz \u015e\u0259milovan\u0131n t\u0259rtib etdiyi proqramla tan\u0131\u015f oldum. Proqram m\u00fcasir t\u0259l\u0259bl\u0259r\u0259 cavab ver\u0259r\u0259k,b\u00fct\u00fcn m\u00f6vzular\u0131 \u0259hat\u0259 etmi\u015fdir. M\u0259nim fikrimc\u0259 proqram T\u0259hsil Nazirliyinin qrifini&nbsp; almaq \u00fc\u00e7\u00fcn tam haz\u0131rd\u0131r.<\/p>\n<p>3.Xarici dill\u0259r fak\u00fclt\u0259sinin dekan m\u00fcavini b\/m. Aslanova M\u0259leyk\u0259 \u00e7\u0131x\u0131\u015f ed\u0259r\u0259k bildirdi ki,&nbsp; proqram t\u0259dris \u2013 metodik t\u0259l\u0259bl\u0259r s\u0259viyy\u0259sind\u0259 t\u0259rtib olunmu\u015fdur. Bu proqrama kafedrada ehtiyac var idi. M\u0259n d\u0259 proqram\u0131n qrif almas\u0131n\u0131n t\u0259r\u0259fdar\u0131yam.<\/p>\n<p><strong>Q\u018fRARA:<\/strong><\/p>\n<p>M\u00fc\u0259llim \u015e\u0259milova \u015eahnaz Vagif q\u0131z\u0131n\u0131n haz\u0131rlad\u0131\u011f\u0131 \u201cXarici dilin fonetikas\u0131\u201d&nbsp; (Frans\u0131z dili)proqram\u0131na qrif verilm\u0259si Az\u0259rbaycan Respublikas\u0131 T\u0259hsil Nazirliyind\u0259n xahi\u015f olunsun.<\/p>\n<p><strong>&nbsp;&nbsp;&nbsp;&nbsp;&nbsp;&nbsp; &nbsp;&nbsp;&nbsp;&nbsp;&nbsp;&nbsp;&nbsp;&nbsp;&nbsp;&nbsp;&nbsp;&nbsp;&nbsp;&nbsp;&nbsp;&nbsp;&nbsp;&nbsp;&nbsp;&nbsp;&nbsp;&nbsp;&nbsp;&nbsp;&nbsp;&nbsp;&nbsp;&nbsp;&nbsp;&nbsp;&nbsp;&nbsp;&nbsp;&nbsp;&nbsp;&nbsp;&nbsp;&nbsp;&nbsp;&nbsp;&nbsp;&nbsp;&nbsp;&nbsp;&nbsp;&nbsp;&nbsp;&nbsp;&nbsp;&nbsp;&nbsp;&nbsp;&nbsp;&nbsp;<\/strong><\/p>\n<p><strong>&nbsp;<\/strong><\/p>\n<p><strong>&nbsp;<\/strong><\/p>\n<p><strong>&nbsp;<\/strong><\/p>\n<p><strong>&nbsp;&nbsp;&nbsp;&nbsp;&nbsp;&nbsp;&nbsp;&nbsp;&nbsp;&nbsp;&nbsp;&nbsp;&nbsp;&nbsp;&nbsp;&nbsp;&nbsp;&nbsp; &nbsp;&nbsp;&nbsp;&nbsp; <\/strong><strong>S\u0259dr :&nbsp;&nbsp;&nbsp;&nbsp;&nbsp;&nbsp;&nbsp;&nbsp;&nbsp;&nbsp;&nbsp;&nbsp;&nbsp; dos. \u018f.\u018fsg\u0259rov<\/strong><\/p>\n<p><strong>&nbsp;&nbsp;&nbsp;&nbsp;&nbsp;&nbsp;&nbsp;&nbsp;&nbsp;&nbsp;&nbsp;&nbsp;&nbsp;&nbsp;&nbsp;&nbsp;&nbsp;&nbsp;&nbsp;&nbsp;&nbsp;&nbsp;&nbsp;&nbsp;&nbsp;&nbsp;&nbsp;&nbsp;&nbsp;&nbsp;&nbsp;&nbsp;&nbsp;&nbsp;&nbsp;&nbsp;&nbsp;&nbsp;&nbsp;&nbsp;&nbsp;&nbsp;&nbsp;&nbsp;&nbsp;&nbsp;&nbsp;&nbsp;&nbsp;&nbsp;&nbsp;&nbsp;&nbsp;&nbsp;&nbsp;&nbsp;&nbsp;&nbsp;&nbsp;&nbsp;&nbsp;&nbsp;&nbsp;&nbsp;&nbsp; <\/strong><\/p>\n<p><strong>&nbsp;&nbsp;&nbsp;&nbsp;&nbsp;&nbsp;&nbsp;&nbsp;&nbsp;&nbsp;&nbsp;&nbsp;&nbsp;&nbsp;&nbsp;&nbsp;&nbsp;&nbsp;&nbsp;&nbsp;&nbsp;&nbsp;&nbsp;&nbsp; Katib :&nbsp;&nbsp;&nbsp;&nbsp;&nbsp;&nbsp;&nbsp;&nbsp;&nbsp;&nbsp;&nbsp; b\/m V.\u0130sg\u0259nd\u0259rova&nbsp;&nbsp;&nbsp;&nbsp;&nbsp;&nbsp;&nbsp;&nbsp;&nbsp;&nbsp;&nbsp;&nbsp;&nbsp;&nbsp;&nbsp;&nbsp;&nbsp;&nbsp;&nbsp;&nbsp;&nbsp;&nbsp;&nbsp;&nbsp;&nbsp;&nbsp;&nbsp;&nbsp;&nbsp;&nbsp;&nbsp;&nbsp;&nbsp;&nbsp;&nbsp;&nbsp;&nbsp;&nbsp;&nbsp;&nbsp;&nbsp;&nbsp;&nbsp;&nbsp;&nbsp;&nbsp;&nbsp;&nbsp;&nbsp;&nbsp;&nbsp;&nbsp;&nbsp;&nbsp;&nbsp;&nbsp;&nbsp;&nbsp;&nbsp;&nbsp;&nbsp;&nbsp;&nbsp;&nbsp;&nbsp;&nbsp;&nbsp;&nbsp;&nbsp;&nbsp;&nbsp;&nbsp; <\/strong><\/p>\n<p><strong>&nbsp;<\/strong><\/p>\n<p>G\u018fNC\u018f&nbsp;&nbsp; D\u00d6VL\u018fT &nbsp;&nbsp;UN\u0130VERS\u0130TET\u0130<\/p>\n<p>XAR\u0130C\u0130&nbsp;&nbsp; D\u0130LL\u018fR&nbsp; FAK\u00dcLT\u018fS\u0130&nbsp; ELM\u0130 \u015eURAS\u0130N\u0130N<\/p>\n<p>2016\/2017 T\u018fDR\u0130S \u0130L\u0130N\u018f A\u0130D<\/p>\n<p>07&nbsp;&nbsp; SAYL\u0130&nbsp;&nbsp; \u0130CLAS PROTOKOLU<\/p>\n<p>G\u00fcnd\u0259lik m\u0259s\u0259l\u0259l\u0259r<\/p>\n<ol>\n<li>Burax\u0131l\u0131\u015f qruplar\u0131nda yaz imtahan sessiyas\u0131na haz\u0131rl\u0131q v\u0259ziyy\u0259ti<\/li>\n<li>Fak\u00fclt\u0259 \u00fczr\u0259 \u0130xtisas dili f\u0259nl\u0259rinin t\u0259drisi v\u0259ziyy\u0259ti<\/li>\n<li>Fakult\u0259 T\u0259dris -metodiki \u015furan\u0131n hesabat\u0131<\/li>\n<li>II kollokviumun yekunlar\u0131 f\u0259nl\u0259r \u00fczr\u0259 n\u0259tic\u0259l\u0259rin v\u0259ziyy\u0259ti<\/li>\n<li>Cari m\u0259s\u0259l\u0259l\u0259r<\/li>\n<\/ol>\n<p><strong>&nbsp;<\/strong><\/p>\n<p><strong>&nbsp;<\/strong><\/p>\n<p><a href=\"http:\/\/xd.gdu.edu.az\/wp-content\/uploads\/2016\/03\/20170404_130427.jpg\"><img loading=\"lazy\" decoding=\"async\" class=\"wp-image-2178 size-medium\" src=\"http:\/\/xd.gdu.edu.az\/wp-content\/uploads\/2016\/03\/20170404_130427-225x300.jpg\" alt=\"?\" width=\"225\" height=\"300\" srcset=\"http:\/\/xdf.gdu.edu.az\/wp-content\/uploads\/2016\/03\/20170404_130427-225x300.jpg 225w, http:\/\/xdf.gdu.edu.az\/wp-content\/uploads\/2016\/03\/20170404_130427.jpg 480w\" sizes=\"auto, (max-width: 225px) 100vw, 225px\" \/><\/a><\/p>\n<p><a href=\"http:\/\/xd.gdu.edu.az\/wp-content\/uploads\/2016\/03\/20170404_130434.jpg\"><img loading=\"lazy\" decoding=\"async\" class=\"wp-image-2179 size-medium\" src=\"http:\/\/xd.gdu.edu.az\/wp-content\/uploads\/2016\/03\/20170404_130434-225x300.jpg\" alt=\"?\" width=\"225\" height=\"300\" srcset=\"http:\/\/xdf.gdu.edu.az\/wp-content\/uploads\/2016\/03\/20170404_130434-225x300.jpg 225w, http:\/\/xdf.gdu.edu.az\/wp-content\/uploads\/2016\/03\/20170404_130434.jpg 480w\" sizes=\"auto, (max-width: 225px) 100vw, 225px\" \/><\/a><\/p>\n<p><a href=\"http:\/\/xd.gdu.edu.az\/wp-content\/uploads\/2016\/03\/20170404_130439.jpg\"><img loading=\"lazy\" decoding=\"async\" class=\"wp-image-2180 size-medium\" src=\"http:\/\/xd.gdu.edu.az\/wp-content\/uploads\/2016\/03\/20170404_130439-225x300.jpg\" alt=\"?\" width=\"225\" height=\"300\" srcset=\"http:\/\/xdf.gdu.edu.az\/wp-content\/uploads\/2016\/03\/20170404_130439-225x300.jpg 225w, http:\/\/xdf.gdu.edu.az\/wp-content\/uploads\/2016\/03\/20170404_130439.jpg 480w\" sizes=\"auto, (max-width: 225px) 100vw, 225px\" \/><\/a><\/p>\n<p><strong>&nbsp;<\/strong><\/p>\n<p><strong>&nbsp;<\/strong><\/p>\n<p><strong>&nbsp;<\/strong><\/p>\n\n\n<p><\/p>\n","protected":false},"excerpt":{"rendered":"<p>Filologiya fak\u00fclt\u0259si Elmi \u015euras\u0131n\u0131n 27.02.2025-ci il tarixli iclas\u0131 N\u00f6vb\u0259ti Fak\u00fclt\u0259 Elmi \u015euras\u0131 G\u018fNC\u018f&nbsp;&nbsp; D\u00d6VL\u018fT &nbsp;&nbsp;UN\u0130VERS\u0130TET\u0130 XAR\u0130C\u0130&nbsp;&nbsp; D\u0130LL\u018fR&nbsp; FAK\u00dcLT\u018fS\u0130&nbsp; ELM\u0130 \u015eURAS\u0130N\u0130N 2018\/2019 T\u018fDR\u0130S \u0130L\u0130N\u018f A\u0130D 04&nbsp; &nbsp; SAYL\u0130&nbsp;&nbsp; \u0130CLAS PROTOKOLU 21.12.2018-ci il saat&nbsp;1400 G\u00fcnd\u0259lik m\u0259s\u0259l\u0259l\u0259r Pay\u0131z imtahan sessiyas\u0131na haz\u0131rl\u0131q T\u0259dris ili \u00fc\u00e7\u00fcn elmi-t\u0259dqiqat i\u015fl\u0259rinin AAK t\u0259l\u0259bl\u0259rin\u0259 uy\u011funla\u015fd\u0131r\u0131lmas\u0131 Leksika v\u0259 \u00f6lk\u0259\u015f\u00fcnasl\u0131q v\u0259 Rus dili kafedralar\u0131nda t\u0259dris-metodiki v\u0259 [&hellip;]<\/p>\n","protected":false},"author":4,"featured_media":0,"parent":0,"menu_order":0,"comment_status":"closed","ping_status":"closed","template":"","meta":{"footnotes":""},"categories":[],"tags":[],"class_list":["post-308","page","type-page","status-publish","hentry"],"_links":{"self":[{"href":"http:\/\/xdf.gdu.edu.az\/index.php?rest_route=\/wp\/v2\/pages\/308","targetHints":{"allow":["GET"]}}],"collection":[{"href":"http:\/\/xdf.gdu.edu.az\/index.php?rest_route=\/wp\/v2\/pages"}],"about":[{"href":"http:\/\/xdf.gdu.edu.az\/index.php?rest_route=\/wp\/v2\/types\/page"}],"author":[{"embeddable":true,"href":"http:\/\/xdf.gdu.edu.az\/index.php?rest_route=\/wp\/v2\/users\/4"}],"replies":[{"embeddable":true,"href":"http:\/\/xdf.gdu.edu.az\/index.php?rest_route=%2Fwp%2Fv2%2Fcomments&post=308"}],"version-history":[{"count":33,"href":"http:\/\/xdf.gdu.edu.az\/index.php?rest_route=\/wp\/v2\/pages\/308\/revisions"}],"predecessor-version":[{"id":18512,"href":"http:\/\/xdf.gdu.edu.az\/index.php?rest_route=\/wp\/v2\/pages\/308\/revisions\/18512"}],"wp:attachment":[{"href":"http:\/\/xdf.gdu.edu.az\/index.php?rest_route=%2Fwp%2Fv2%2Fmedia&parent=308"}],"wp:term":[{"taxonomy":"category","embeddable":true,"href":"http:\/\/xdf.gdu.edu.az\/index.php?rest_route=%2Fwp%2Fv2%2Fcategories&post=308"},{"taxonomy":"post_tag","embeddable":true,"href":"http:\/\/xdf.gdu.edu.az\/index.php?rest_route=%2Fwp%2Fv2%2Ftags&post=308"}],"curies":[{"name":"wp","href":"https:\/\/api.w.org\/{rel}","templated":true}]}}