{"id":265,"date":"2016-03-16T12:23:24","date_gmt":"2016-03-16T10:23:24","guid":{"rendered":"http:\/\/xd.gdu.edu.az\/?page_id=265"},"modified":"2025-04-07T10:05:43","modified_gmt":"2025-04-07T08:05:43","slug":"alman-dili","status":"publish","type":"page","link":"http:\/\/xdf.gdu.edu.az\/?page_id=265","title":{"rendered":"Alman dili"},"content":{"rendered":"<div class=\"wp-block-image\">\n<figure class=\"aligncenter size-large is-resized\"><img loading=\"lazy\" decoding=\"async\" width=\"2324\" height=\"1549\" src=\"http:\/\/xdf.gdu.edu.az\/wp-content\/uploads\/2023\/05\/IMG_2868.jpg\" alt=\"\" class=\"wp-image-12269\" style=\"width:438px;height:291px\" srcset=\"http:\/\/xdf.gdu.edu.az\/wp-content\/uploads\/2023\/05\/IMG_2868.jpg 2324w, http:\/\/xdf.gdu.edu.az\/wp-content\/uploads\/2023\/05\/IMG_2868-768x512.jpg 768w, http:\/\/xdf.gdu.edu.az\/wp-content\/uploads\/2023\/05\/IMG_2868-1536x1024.jpg 1536w, http:\/\/xdf.gdu.edu.az\/wp-content\/uploads\/2023\/05\/IMG_2868-2048x1365.jpg 2048w, http:\/\/xdf.gdu.edu.az\/wp-content\/uploads\/2023\/05\/IMG_2868-960x640.jpg 960w, http:\/\/xdf.gdu.edu.az\/wp-content\/uploads\/2023\/05\/IMG_2868-480x320.jpg 480w, http:\/\/xdf.gdu.edu.az\/wp-content\/uploads\/2023\/05\/IMG_2868-320x213.jpg 320w, http:\/\/xdf.gdu.edu.az\/wp-content\/uploads\/2023\/05\/IMG_2868-240x160.jpg 240w\" sizes=\"auto, (max-width: 2324px) 100vw, 2324px\" \/><\/figure>\n<\/div>\n\n\n<p class=\"has-text-align-center\"><strong><em>Kafedran\u0131n tarixi haqq\u0131nda m\u0259lumat:<\/em><\/strong> &nbsp;<\/p>\n\n\n\n<p class=\"has-text-align-left\">\u00a0\u00a0\u00a0\u00a0\u00a0\u00a0\u00a0\u00a0\u00a0\u00a0\u00a0 Alman dili kafedras\u0131 Xarici dill\u0259r fak\u00fclt\u0259si t\u0259rkibind\u0259 2005-ci ild\u0259 yarad\u0131lm\u0131\u015fd\u0131r. Xarici dil m\u00fc\u0259llimliyi (alman) ixtisas\u0131 fak\u00fclt\u0259nin be\u015f ixtisas\u0131ndan biridir. Kafedran\u0131n Almaniya Universitetl\u0259ri il\u0259 s\u0131x \u0259laq\u0259si vard\u0131r. Kafedrada 8 m\u00fc\u0259llim v\u0259 5 t\u0259dris k\u00f6m\u0259k\u00e7i hey\u0259ti \u00e7al\u0131\u015f\u0131r. M\u00fc\u0259lliml\u0259rin bir \u00e7oxu Almaniya Universitetl\u0259rind\u0259 t\u0259lim v\u0259 seminarlarda i\u015ftirak etmi\u015f sertifikatlar alm\u0131\u015flar.<\/p>\n\n\n\n<p class=\"has-text-align-left\">Alman dili kafedras\u0131 Alman Akademik M\u00fcbadil\u0259 Xidm\u0259ti (DAAD) il\u0259 s\u0131x \u0259laq\u0259 saxlay\u0131r.<\/p>\n\n\n\n<p class=\"has-text-align-left\">\u00a0\u00a0\u00a0\u00a0\u00a0 Kafedran\u0131n m\u00fcdiri dosent Atakiyev Elvin M\u00fcbariz o\u011fludur.<\/p>\n\n\n\n<p>\u00a0\u00a0\u00a0\u00a0\u00a0\u00a0\u00a0\u00a0\u00a0\u00a0\u00a0\u00a0<\/p>\n\n\n\n<p>3. <strong><em>Kafedrada\nt\u0259dris olunan f\u0259nl\u0259r haqq\u0131nda m\u0259lumat:<\/em><\/strong><\/p>\n\n\n\n<p><strong><em>Bakalavriat pill\u0259si<\/em><\/strong><\/p>\n\n\n\n<p><strong><em>Xarici dil&nbsp; m\u00fc\u0259llimliyi(alman) ixtisas\u0131<\/em><\/strong><\/p>\n\n\n\n<ol class=\"wp-block-list\">\n<li>Xarici dil bacar\u0131qlar\u0131 \u2013 I kurs<\/li>\n\n\n\n<li>Xarici dil bacar\u0131qlar\u0131 \u2013 II kurs<\/li>\n\n\n\n<li>Xarici dil bacar\u0131qlar\u0131 \u2013 III kurs<\/li>\n\n\n\n<li>Xarici dilin kommunikativ qrammatikas\u0131 \u2013 I<br>kurs<\/li>\n\n\n\n<li>Xarici dilin kommunikativ fonetikas\u0131 \u2013 I<br>kurs<\/li>\n\n\n\n<li>Xarici dilin t\u0259drisi metodikas\u0131 \u2013 II kurs<\/li>\n\n\n\n<li>Xarici\u00a0<br>\u00f6lk\u0259 \u0259d\u0259biyyat\u0131 \u2013 II kurs<\/li>\n\n\n\n<li>\u00d6lk\u0259\u015f\u00fcnasl\u0131q \u2013 II kurs<\/li>\n\n\n\n<li>Praktik t\u0259rc\u00fcm\u0259 &#8211; II kurs<\/li>\n\n\n\n<li>Nitqin inki\u015faf\u0131 \u2013<br>II kurs<\/li>\n\n\n\n<li>Siyasi terminl\u0259rin<br>t\u0259rc\u00fcm\u0259si \u2013 III kurs<\/li>\n\n\n\n<li>Funksional yaz\u0131<br>\u00fcslubu \u2013 III kurs<\/li>\n\n\n\n<li>Xarici dil \u2013 2 \u2013 (t\u0259rc\u00fcm\u0259)<br>\u2013 II kurs <\/li>\n\n\n\n<li>\u00dcmumi dil\u00e7ilik \u2013 IV<br>kurs <\/li>\n\n\n\n<li>Dil\u00e7ilik\u00a0 tarixi &#8211; IV kurs<\/li>\n\n\n\n<li>Dil tarixi &#8211; IV<br>kurs<\/li>\n\n\n\n<li>Xarici dild\u0259<br>i\u015fg\u00fczar v\u0259 akademik kommunikasiya (alman dili) \u2013 2 \u2013 I kurs (Ekologiya)<\/li>\n<\/ol>\n\n\n\n<p><strong><em>Magistratura\npill\u0259si <\/em><\/strong><\/p>\n\n\n\n<p><strong><em>I kurs<\/em><\/strong><\/p>\n\n\n\n<ol class=\"wp-block-list\">\n<li>\u0130ntensiv alman dilin <\/li>\n\n\n\n<li>S\/F (Alman dilind\u0259 omonimlik t\u0259liminin elmi<br>\u0259saslar\u0131)<\/li>\n\n\n\n<li>Xarici dild\u0259 (Alman) haz\u0131rl\u0131\u011f\u0131n m\u00fcasir<br>probleml\u0259ri<\/li>\n\n\n\n<li>Xarici dild\u0259 (Alman) haz\u0131rl\u0131\u011f\u0131n tarixi v\u0259<br>metodologiyas\u0131<\/li>\n\n\n\n<li>Ali m\u0259kt\u0259b t\u0259r\u0259find\u0259n m\u00fc\u0259yy\u0259n edil\u0259n f\u0259nn<br>(F\u0259nl\u0259raras\u0131 \u0259laq\u0259nin probleml\u0259ri)<\/li>\n\n\n\n<li>Alman dilinin t\u0259drisi tarixi <\/li>\n\n\n\n<li>Xarici dild\u0259 (Alman) dil t\u0259limi<br>materiallar\u0131 v\u0259 qiym\u0259tl\u0259ndirm\u0259 <\/li>\n\n\n\n<li>M\u00fcasir (Alman ) dilind\u0259 dan\u0131\u015f\u0131q modell\u0259rinin<br>geni\u015f istifad\u0259 metodikas\u0131<\/li>\n<\/ol>\n\n\n\n<p><strong><em>II kurs<\/em><\/strong><\/p>\n\n\n\n<ol class=\"wp-block-list\">\n<li>Alman dilind\u0259 planla\u015fd\u0131rmav\u0259<br>qiym\u0259tl\u0259ndirm\u0259nin\u00a0 metodikas\u0131<\/li>\n\n\n\n<li>Xarici dild\u0259 (alman ) kommuniktiv dil t\u0259limi<br><\/li>\n\n\n\n<li>S\/F Blok-2 Fonologiya <\/li>\n\n\n\n<li>S\/F Blok-3 Xarici dil (alman ) m\u00fc\u0259llimliyi<br>haz\u0131rl\u0131\u011f\u0131n\u0131n aktual probleml\u0259ri<\/li>\n\n\n\n<li>S\/F Blok-3 T\u0259dqiqat \u00fcsullar\u0131<\/li>\n<\/ol>\n\n\n\n<p><strong><em>4. Kafedra \u0259m\u0259kda\u015flar\u0131n\u0131n\nsiyah\u0131s\u0131<\/em><\/strong> <\/p>\n\n\n\n<p>&nbsp; 1.\nAtakiyev Elvin M\u00fcbariz o\u011flu&nbsp;&nbsp;&nbsp;&nbsp;&nbsp;&nbsp;&nbsp;&nbsp;&nbsp;&nbsp;&nbsp;&nbsp;&nbsp;&nbsp;&nbsp;&nbsp;&nbsp;&nbsp;&nbsp;\nk\/m, dosent<\/p>\n\n\n\n<p>&nbsp;&nbsp; 2. M\u00fcslumova Ofelya Surxay q\u0131z\u0131&nbsp;&nbsp;&nbsp;&nbsp;&nbsp;&nbsp;&nbsp;&nbsp;&nbsp;&nbsp;&nbsp;&nbsp;&nbsp;&nbsp;&nbsp; b\/m ffd<\/p>\n\n\n\n<p>&nbsp;&nbsp; 3. K\u0259rimova V\u00fcsal\u0259 \u018fdal\u0259t q\u0131z\u0131&nbsp;&nbsp;&nbsp;&nbsp;&nbsp;&nbsp;&nbsp;&nbsp;&nbsp;&nbsp;&nbsp;&nbsp;&nbsp;&nbsp;&nbsp;&nbsp;&nbsp;&nbsp;&nbsp; b\/m<\/p>\n\n\n\n<p>&nbsp;&nbsp;&nbsp; 4. Qas\u0131mova G\u00f6z\u0259l&nbsp; Telman q\u0131z\u0131&nbsp;&nbsp;&nbsp;&nbsp;&nbsp;&nbsp;&nbsp;&nbsp;&nbsp;&nbsp;&nbsp;&nbsp;&nbsp;&nbsp;&nbsp;&nbsp;&nbsp;&nbsp;&nbsp; b\/m<\/p>\n\n\n\n<p>&nbsp;&nbsp;&nbsp; 5. \u0130brahimova Nigar F\u0259rman q\u0131z\u0131&nbsp;&nbsp;&nbsp;&nbsp;&nbsp;&nbsp;&nbsp;&nbsp;&nbsp;&nbsp;&nbsp;&nbsp;&nbsp;&nbsp;&nbsp;&nbsp;&nbsp; b\/m<\/p>\n\n\n\n<p>&nbsp;&nbsp;&nbsp; 6. Yusifli Arzu N\u0259sif q\u0131z\u0131&nbsp;&nbsp;&nbsp;&nbsp;&nbsp;&nbsp;&nbsp;&nbsp;&nbsp;&nbsp;&nbsp;&nbsp;&nbsp;&nbsp;&nbsp;&nbsp;&nbsp;&nbsp;&nbsp;&nbsp;&nbsp;&nbsp;&nbsp;&nbsp;&nbsp;&nbsp;&nbsp;&nbsp;&nbsp;&nbsp; m\u00fc\u0259l.<\/p>\n\n\n\n<p>&nbsp;&nbsp;&nbsp;&nbsp; 7. Camalzad\u0259 Xan\u0131m M\u0259rk\u0259z q\u0131z\u0131&nbsp;&nbsp;&nbsp;&nbsp;&nbsp;&nbsp;&nbsp;&nbsp;&nbsp;&nbsp;&nbsp;&nbsp;&nbsp;&nbsp;&nbsp;&nbsp; m\u00fc\u0259l.<\/p>\n\n\n\n<p>&nbsp;&nbsp;&nbsp;&nbsp; 8. Allahverdiyeva&nbsp; Ay\u015f\u0259n&nbsp;\nB\u0259yl\u0259r q\u0131z\u0131&nbsp;&nbsp;&nbsp;&nbsp;&nbsp;&nbsp;&nbsp;&nbsp;&nbsp; m\u00fc\u0259l.<\/p>\n\n\n\n<p>&nbsp;&nbsp;&nbsp;&nbsp; 9. \u0130manova Aynur Ramiz q\u0131z\u0131&nbsp;&nbsp;&nbsp;&nbsp;&nbsp;&nbsp;&nbsp;&nbsp;&nbsp;&nbsp;&nbsp;&nbsp;&nbsp;&nbsp;&nbsp;&nbsp;&nbsp;&nbsp;&nbsp;&nbsp;&nbsp;&nbsp; b\/ labor.<\/p>\n\n\n\n<p>&nbsp;&nbsp;&nbsp;&nbsp; 10.&nbsp;\nMir\u0259liyeva \u015e\u0259fa Vaqif q\u0131z\u0131&nbsp;&nbsp;&nbsp;&nbsp;&nbsp;&nbsp;&nbsp;&nbsp;&nbsp;&nbsp;&nbsp;&nbsp;&nbsp;&nbsp;&nbsp;&nbsp;&nbsp;&nbsp;&nbsp;&nbsp;&nbsp; labor.<\/p>\n\n\n\n<p>&nbsp;&nbsp;&nbsp;&nbsp; 11. Qo\u00e7uyeva M\u0259tan\u0259t El\u00e7in q\u0131z\u0131&nbsp;&nbsp;&nbsp;&nbsp;&nbsp;&nbsp;&nbsp;&nbsp;&nbsp;&nbsp;&nbsp;&nbsp;&nbsp;&nbsp;&nbsp;&nbsp;&nbsp;&nbsp;&nbsp; labor.<\/p>\n\n\n\n<p>&nbsp;&nbsp;&nbsp;&nbsp; 12 K\u0259rimova \u0130lah\u0259 Eyyub q\u0131z\u0131&nbsp;&nbsp;&nbsp;&nbsp;&nbsp;&nbsp;&nbsp;&nbsp;&nbsp;&nbsp;&nbsp;&nbsp;&nbsp;&nbsp;&nbsp;&nbsp;&nbsp;&nbsp;&nbsp;&nbsp;&nbsp;&nbsp;&nbsp;&nbsp; labor.<\/p>\n\n\n\n<p>&nbsp;&nbsp;&nbsp;&nbsp; 12. \u018fhm\u0259dova G\u00fclnara Arif q\u0131z\u0131&nbsp;&nbsp;&nbsp;&nbsp;&nbsp;&nbsp;&nbsp;&nbsp;&nbsp;&nbsp;&nbsp;&nbsp;&nbsp;&nbsp;&nbsp;&nbsp;&nbsp;&nbsp;&nbsp; prepor.<\/p>\n\n\n<div class=\"wp-block-image\">\n<figure class=\"aligncenter size-large is-resized\"><img loading=\"lazy\" decoding=\"async\" width=\"2560\" height=\"1707\" src=\"http:\/\/xdf.gdu.edu.az\/wp-content\/uploads\/2023\/05\/IMG_2418-scaled.jpg\" alt=\"\" class=\"wp-image-12268\" style=\"width:427px;height:284px\" srcset=\"http:\/\/xdf.gdu.edu.az\/wp-content\/uploads\/2023\/05\/IMG_2418-scaled.jpg 2560w, http:\/\/xdf.gdu.edu.az\/wp-content\/uploads\/2023\/05\/IMG_2418-768x512.jpg 768w, http:\/\/xdf.gdu.edu.az\/wp-content\/uploads\/2023\/05\/IMG_2418-1536x1024.jpg 1536w, http:\/\/xdf.gdu.edu.az\/wp-content\/uploads\/2023\/05\/IMG_2418-2048x1365.jpg 2048w, http:\/\/xdf.gdu.edu.az\/wp-content\/uploads\/2023\/05\/IMG_2418-960x640.jpg 960w, http:\/\/xdf.gdu.edu.az\/wp-content\/uploads\/2023\/05\/IMG_2418-480x320.jpg 480w, http:\/\/xdf.gdu.edu.az\/wp-content\/uploads\/2023\/05\/IMG_2418-320x213.jpg 320w, http:\/\/xdf.gdu.edu.az\/wp-content\/uploads\/2023\/05\/IMG_2418-240x160.jpg 240w\" sizes=\"auto, (max-width: 2560px) 100vw, 2560px\" \/><\/figure>\n<\/div>\n\n\n<p class=\"has-text-align-center\"><strong><em>Alman dili kafedras\u0131n\u0131n m\u00fcdiri, dosent Ataki\u015fiyev Elvin M\u00fcbariz o\u011flu<\/em><\/strong><\/p>\n\n\n<\/p>\n<ol>\n<li style=\"list-style-type: none;\">\n<ol>\n<li><strong><em><span style=\"color: #0000ff;\"><a style=\"color: #0000ff;\" href=\"http:\/\/xdf.gdu.edu.az\/?page_id=1239\">Ataki\u015fiyev Elvin M\u00fcbariz o\u011flu<\/a><\/span><\/em><\/strong><\/li>\n<li><span style=\"color: #0000ff;\"><em><strong><a style=\"color: #0000ff;\" href=\"http:\/\/xdf.gdu.edu.az\/?page_id=634\">K\u0259rimova V\u00fcsal\u0259 \u018fdal\u0259t q\u0131z\u0131<\/a><\/strong><\/em><\/span><\/li>\n<li><span style=\"color: #0000ff;\"><em><strong><a style=\"color: #0000ff;\" href=\"http:\/\/xdf.gdu.edu.az\/?page_id=651\">M\u00fcsl\u00fcmova Ofelya Surxay q\u0131z\u0131<\/a><\/strong><\/em><\/span><\/li>\n<li>&nbsp;<span style=\"color: #0000ff;\"><em><strong><a style=\"color: #0000ff;\" href=\"http:\/\/xdf.gdu.edu.az\/?page_id=888\">\u0130brahimova Nigar F\u0259rman q\u0131z\u0131<\/a><\/strong><\/em><\/span><\/li>\n<li><span style=\"color: #0000ff;\"><em><strong><a style=\"color: #0000ff;\" href=\"http:\/\/xdf.gdu.edu.az\/?page_id=639\">Qas\u0131mova G\u00f6z\u0259l Telman q\u0131z\u0131<\/a><\/strong><\/em><\/span><\/li>\n<li><em><span style=\"color: #0000ff;\"><strong><a href=\"http:\/\/xdf.gdu.edu.az\/?page_id=637\"><span style=\"color: #0000ff;\">Camalzad\u0259 Xan\u0131m M\u0259rk\u0259z q\u0131z\u0131<\/span><\/a><\/strong><\/span><\/em><\/li>\n<li><a href=\"http:\/\/xdf.gdu.edu.az\/?page_id=12296\"><em><strong><span style=\"color: #0000ff;\">Allahverdiyeva Ay\u015f\u0259n B\u0259yl\u0259r q\u0131z\u0131<\/span><\/strong><\/em><\/a><\/li>\n<li><a href=\"http:\/\/xdf.gdu.edu.az\/?page_id=12299\"><em><strong><span style=\"color: #0000ff;\">Yusifli Arzu N\u0259sif q\u0131z\u0131<\/span><\/strong><\/em><\/a><\/li>\n<\/ol>\n<\/li>\n<\/ol>\n<ol>\n<li><em><strong><span style=\"color: #ff0000;\"><a style=\"color: #ff0000;\" href=\"http:\/\/xdf.gdu.edu.az\/?page_id=12303\">T\u018fDR\u0130S K\u00d6M\u018fK\u00c7\u0130 HEY\u018fT\u0130<\/a><\/span><\/strong><\/em><\/li>\n<\/ol>","protected":false},"excerpt":{"rendered":"<p>Kafedran\u0131n tarixi haqq\u0131nda m\u0259lumat: &nbsp; \u00a0\u00a0\u00a0\u00a0\u00a0\u00a0\u00a0\u00a0\u00a0\u00a0\u00a0 Alman dili kafedras\u0131 Xarici dill\u0259r fak\u00fclt\u0259si t\u0259rkibind\u0259 2005-ci ild\u0259 yarad\u0131lm\u0131\u015fd\u0131r. Xarici dil m\u00fc\u0259llimliyi (alman) ixtisas\u0131 fak\u00fclt\u0259nin be\u015f ixtisas\u0131ndan biridir. Kafedran\u0131n Almaniya Universitetl\u0259ri il\u0259 s\u0131x \u0259laq\u0259si vard\u0131r. Kafedrada 8 m\u00fc\u0259llim v\u0259 5 t\u0259dris k\u00f6m\u0259k\u00e7i hey\u0259ti \u00e7al\u0131\u015f\u0131r. M\u00fc\u0259lliml\u0259rin bir \u00e7oxu Almaniya Universitetl\u0259rind\u0259 t\u0259lim v\u0259 seminarlarda i\u015ftirak etmi\u015f sertifikatlar alm\u0131\u015flar. Alman dili [&hellip;]<\/p>\n","protected":false},"author":4,"featured_media":0,"parent":0,"menu_order":0,"comment_status":"closed","ping_status":"closed","template":"","meta":{"footnotes":""},"categories":[],"tags":[],"class_list":["post-265","page","type-page","status-publish","hentry"],"_links":{"self":[{"href":"http:\/\/xdf.gdu.edu.az\/index.php?rest_route=\/wp\/v2\/pages\/265","targetHints":{"allow":["GET"]}}],"collection":[{"href":"http:\/\/xdf.gdu.edu.az\/index.php?rest_route=\/wp\/v2\/pages"}],"about":[{"href":"http:\/\/xdf.gdu.edu.az\/index.php?rest_route=\/wp\/v2\/types\/page"}],"author":[{"embeddable":true,"href":"http:\/\/xdf.gdu.edu.az\/index.php?rest_route=\/wp\/v2\/users\/4"}],"replies":[{"embeddable":true,"href":"http:\/\/xdf.gdu.edu.az\/index.php?rest_route=%2Fwp%2Fv2%2Fcomments&post=265"}],"version-history":[{"count":55,"href":"http:\/\/xdf.gdu.edu.az\/index.php?rest_route=\/wp\/v2\/pages\/265\/revisions"}],"predecessor-version":[{"id":16300,"href":"http:\/\/xdf.gdu.edu.az\/index.php?rest_route=\/wp\/v2\/pages\/265\/revisions\/16300"}],"wp:attachment":[{"href":"http:\/\/xdf.gdu.edu.az\/index.php?rest_route=%2Fwp%2Fv2%2Fmedia&parent=265"}],"wp:term":[{"taxonomy":"category","embeddable":true,"href":"http:\/\/xdf.gdu.edu.az\/index.php?rest_route=%2Fwp%2Fv2%2Fcategories&post=265"},{"taxonomy":"post_tag","embeddable":true,"href":"http:\/\/xdf.gdu.edu.az\/index.php?rest_route=%2Fwp%2Fv2%2Ftags&post=265"}],"curies":[{"name":"wp","href":"https:\/\/api.w.org\/{rel}","templated":true}]}}