{"id":1239,"date":"2016-09-19T13:04:34","date_gmt":"2016-09-19T11:04:34","guid":{"rendered":"http:\/\/xd.gdu.edu.az\/?page_id=1239"},"modified":"2023-05-26T08:49:01","modified_gmt":"2023-05-26T06:49:01","slug":"atakisiyev-elvin-mubariz-oglu-2","status":"publish","type":"page","link":"http:\/\/xdf.gdu.edu.az\/?page_id=1239","title":{"rendered":"Ataki\u015fiyev Elvin M\u00fcbariz o\u011flu"},"content":{"rendered":"\n<div class=\"wp-block-image\"><figure class=\"aligncenter size-large is-resized\"><img loading=\"lazy\" decoding=\"async\" src=\"http:\/\/xdf.gdu.edu.az\/wp-content\/uploads\/2023\/05\/IMG_2169.jpg\" alt=\"\" class=\"wp-image-12267\" width=\"258\" height=\"360\" srcset=\"http:\/\/xdf.gdu.edu.az\/wp-content\/uploads\/2023\/05\/IMG_2169.jpg 1089w, http:\/\/xdf.gdu.edu.az\/wp-content\/uploads\/2023\/05\/IMG_2169-768x1075.jpg 768w\" sizes=\"auto, (max-width: 258px) 100vw, 258px\" \/><\/figure><\/div>\n\n\n\n<p class=\"has-text-align-center\">Ataki\u015fiyev Elvin M\u00fcbariz O\u011flu<\/p>\n\n\n\n<p>Mobil n\u00f6mr\u0259<em>; <\/em>055-415-28-27<em>&nbsp;&nbsp;&nbsp;&nbsp;&nbsp;&nbsp;&nbsp;&nbsp;&nbsp;&nbsp;&nbsp;&nbsp;&nbsp;&nbsp;&nbsp;&nbsp;&nbsp;&nbsp;&nbsp;&nbsp;&nbsp;&nbsp;&nbsp;&nbsp;&nbsp;&nbsp;&nbsp;&nbsp;&nbsp;&nbsp;&nbsp;&nbsp;&nbsp;&nbsp;&nbsp;&nbsp;&nbsp;&nbsp;&nbsp;&nbsp;&nbsp;&nbsp;&nbsp;&nbsp;&nbsp;&nbsp;&nbsp;&nbsp;&nbsp;&nbsp;&nbsp;&nbsp;&nbsp;&nbsp;&nbsp;&nbsp;&nbsp;&nbsp;&nbsp;&nbsp;&nbsp;&nbsp;&nbsp;&nbsp;&nbsp;&nbsp;&nbsp;&nbsp;&nbsp;&nbsp; <\/em><\/p>\n\n\n\n<p>E-mail:elvin.atakisiyev@bk.ru<\/p>\n\n\n\n<p>QISA\nB\u0130BL\u0130OQRAF\u0130K M\u018fLUMAT<\/p>\n\n\n\n<p>\u00b7&nbsp;&nbsp;&nbsp;&nbsp;&nbsp;&nbsp;&nbsp;&nbsp;\n07.11.1983\nG\u00f6yg\u00f6l rayon Bal\u00e7\u0131l\u0131 k\u0259ndin d\u0259 anadan olub. Ail\u0259lidir 2 \u00f6vlad\u0131 var. 2008- ci\nild\u0259n YAP-\u0131n \u00fczv\u00fcd\u00fcr.<\/p>\n\n\n\n<p>T\u018fHS\u0130L\u0130, ELM\u0130\nD\u018fR\u018fC\u018fS\u0130 V\u018f ELM\u0130 ADI<\/p>\n\n\n\n<p>\u00b7&nbsp;&nbsp;&nbsp;&nbsp;&nbsp;&nbsp;&nbsp;&nbsp;\n1990-2001ci\nild\u0259 G\u00f6yg\u00f6l rayon Bal\u00e7\u0131l\u0131 k\u0259nd C. N\u0259z\u0259rov ad\u0131na tam orta m\u0259kt\u0259bini &nbsp;bitirib.<\/p>\n\n\n\n<p>\u00b7&nbsp;&nbsp;&nbsp;&nbsp;&nbsp;&nbsp;&nbsp;&nbsp;\n2001-2005\nci ill\u0259rd\u0259 Bak\u0131 \u015f\u0259h\u0259rind\u0259 Az\u0259rbaycan Dill\u0259r &nbsp;Universitetinin Alman dili v\u0259 \u0259d\u0259biyyat\u0131\nm\u00fc\u0259llimliyi ixtisas\u0131n\u0131n &nbsp;bakalavr&nbsp; pill\u0259sini bitirib.<\/p>\n\n\n\n<p>\u00b7&nbsp;&nbsp;&nbsp;&nbsp;&nbsp;&nbsp;&nbsp;&nbsp;\n2005-2007\nAz\u0259rbaycan Dill\u0259r&nbsp; Universitetinin \u201cDil\u015funal\u0131q\nixtisas\u0131\u201dixtisas\u0131 \u00fczr\u0259 magistr&nbsp;&nbsp;\npill\u0259sini f\u0259rql\u0259nm\u0259&nbsp; diplomu il\u0259 bitirib.<\/p>\n\n\n\n<p>\u018fM\u018fK F\u018fAL\u0130YY\u018fT\u0130<\/p>\n\n\n\n<div class=\"wp-block-group\"><div class=\"wp-block-group__inner-container is-layout-flow wp-block-group-is-layout-flow\">\n<p>\u00b7&nbsp;&nbsp;&nbsp;&nbsp;&nbsp;&nbsp;&nbsp;&nbsp;\n2008-ci&nbsp;ild\u0259nG\u0259nc\u0259D\u00f6vl\u0259t\nUniversitetinin Alman dili kafedras\u0131nda m\u00fc\u0259llim.<\/p>\n\n\n\n<p>\u00b7&nbsp;&nbsp;&nbsp;&nbsp;&nbsp;&nbsp;&nbsp;&nbsp;\n2011-ci\nild\u0259n G\u0259nc\u0259 D\u00f6vl\u0259t Universitetin\u0259 dissertant q\u0259bul olmu\u015f v\u0259 \u201cM\u00fcasir Az\u0259rbaycan\ndilind\u0259 dil\u00e7ilik terminl\u0259rinin linqvistik t\u0259hlili\u201d adl\u0131&nbsp; elmi dissertasiya i\u015fini 2016-c\u0131 ild\u0259\nm\u00fcdafi\u0259&nbsp;etmi\u015fdir.<\/p>\n<\/div><\/div>\n\n\n\n<ul class=\"wp-block-list\"><li>2017 \u2013ci ild\u0259n filologiya \u00fczr\u0259 f\u0259ls\u0259f\u0259 doktorudur.<\/li><\/ul>\n\n\n\n<p>\u00b7&nbsp;&nbsp;&nbsp;&nbsp;&nbsp;&nbsp;&nbsp;&nbsp;\n2012 ci ild\u0259nG\u0259nc\u0259\nD\u00f6vl\u0259t Universitetinin Alman dili kafedras\u0131nda ba\u015f m\u00fc\u0259llim.<\/p>\n\n\n\n<p>\u00b7&nbsp;&nbsp;&nbsp;&nbsp;&nbsp;&nbsp;&nbsp;&nbsp;\n2016-ci\nild\u0259n G\u0259nc\u0259 D\u00f6vl\u0259t Universitetinin Alman dili kafedras\u0131nda m\u00fcdir.<\/p>\n\n\n\n<p>\u00b7&nbsp;&nbsp;&nbsp;&nbsp;&nbsp;&nbsp;&nbsp;&nbsp;\n2022 ci\nild\u0259n G\u0259nc\u0259 D\u00f6vl\u0259t Universitetinin Alman dili kafedras\u0131nda dosent.<\/p>\n\n\n\n<p>BEYN\u018fLXALQ\n&nbsp;SEM\u0130NAR, S\u0130MPOZ\u0130OM V\u018f KONFRANSLARDA\n\u0130\u015eT\u0130RAKI<\/p>\n\n\n\n<p>&nbsp; 1. H\u00f6te \u0130nstitutunun&nbsp; beyn\u0259lxalq lahiy\u0259 i\u015ftirak\u00e7\u0131s\u0131. &nbsp;\u015e\u0259mkir \u015f\u0259h\u0259ri 13-14Aprel 2019.<\/p>\n\n\n\n<p>&nbsp;&nbsp; 2. H\u00f6te \u0130nstitutunun&nbsp; beyn\u0259lxalq lahiy\u0259 i\u015ftirak\u00e7\u0131s\u0131.G\u0259nc\u0259 \u015f\u0259h\u0259ri\n07Dekabr 2019.<\/p>\n\n\n\n<p>&nbsp;&nbsp; 3. H\u00f6te \u0130nstitutunun beyn\u0259lxalq\nlahiy\u0259 i\u015ftirak\u00e7\u0131s\u0131. \u015e\u0259mkir \u015f\u0259h\u0259ri ,13-14 Aprel,2022.<\/p>\n\n\n\n<p>&nbsp;&nbsp; 4.H\u00f6te \u0130nstitutunun&nbsp; beyn\u0259lxalq lahiy\u0259 i\u015ftirak\u00e7\u0131s\u0131.\u201dLandeskunde \u00d6sterreich\u201d(OeAD)am\n&nbsp;&nbsp;&nbsp;21.Mai 2022.<\/p>\n\n\n\n<p>&nbsp;&nbsp;&nbsp; 5.H\u00f6te \u0130nstitutunun&nbsp; beyn\u0259lxalq lahiy\u0259 i\u015ftirak\u00e7\u0131s\u0131.G\u0259nc\u0259 \u015f\u0259h\u0259ri,07\ndekabr 2022<\/p>\n\n\n\n<p><strong>SE\u00c7\u0130LM\u0130\u015e \u018fS\u018fRL\u018fR\u0130<\/strong><\/p>\n\n\n\n<p>&nbsp; 1. Alman dilinin\nqramatikas\u0131 d\u0259rs vasiti G\u0259nc\u0259 -2018<\/p>\n\n\n\n<p>&nbsp; 2.\u201cArtikl\u201dG\u0259nc\u0259 D\u00f6vl\u0259t Universiteti\ng\u0259nc aliml\u0259rin III Beyn\u0259lxalq elmi konfrans\u0131.&nbsp;\n17 -18 Oktyabr II hiss\u0259 . G\u0259nc\u0259 2018.<\/p>\n\n\n\n<p>&nbsp;3.\u201c\u0420\u043e\u0434\u044b \u0432\n\u043d\u0435\u043c\u0435\u0446\u043a\u043e\u043c \u044f\u0437\u044b\u043a\u0435\u201d G\u0259nc\u0259 D\u00f6vl\u0259t Universiteti Fundamental, humanitar v\u0259 t\u0259bi\u0259t\neliml\u0259ri&nbsp; seriyas\u0131 \u21161 Elmi x\u0259b\u0259rl\u0259r\nG\u0259nc\u0259-2018<\/p>\n\n\n\n<p>&nbsp; 4.<strong> \u201c<\/strong>\u041c\u043e\u0434\u0430\u043b\u044c\u043d\u044b\u0435 \u0433\u043b\u0430\u0433\u043e\u043b\u044b \u043d\u0435\u043c\u0435\u0446\u043a\u043e\u043c \u044f\u0437\u044b\u043a\u0435\u201dG\u0259nc\u0259 D\u00f6vl\u0259t Universiteti\nFundamental, humanitar v\u0259 t\u0259bi\u0259t eliml\u0259ri&nbsp;\nseriyas\u0131 \u21162 Elmi x\u0259b\u0259rl\u0259r G\u0259nc\u0259-2018.<\/p>\n\n\n\n<p>&nbsp; 5.Xarici dilin leksikologiyas\u0131 (daxili qrif) se\u00e7m\u0259 f\u0259nnG\u0259nc\u0259\nD\u00f6vl\u0259t UniversitetiAz\u0259rbaycan Respublikas\u0131 T\u0259hsil Nazirliyi&nbsp; n\u0259\u015fr h\u00fcququ (qrifli) 28.03.2018. F \u2013 214s\u0259h\n8.<\/p>\n\n\n\n<p>6.ProqramXarici\ndilin qrammatikas\u0131 (II kurs)Az\u0259rbaycan Respublikas\u0131 T\u0259hsil Nazirliyi&nbsp; n\u0259\u015fr h\u00fcququ (qrifli) 28.03.2018. F \u2013 214 s\u0259h\n16.<\/p>\n\n\n\n<p>7.&nbsp; Proqram Xarici dilin fonetikas\u0131Az\u0259rbaycan Respublikas\u0131 T\u0259hsil\nNazirliyi&nbsp; n\u0259\u015fr h\u00fcququ (qrifli)\n22.10.2018. F \u2013 719 s\u0259h 16.<\/p>\n\n\n\n<p>&nbsp;8. Proqram Alman dilinin t\u0259drisi tarixi (magistr\nhaz\u0131rl\u0131\u011f\u0131 \u00fc\u00e7\u00fcn) G\u0259nc\u0259 D\u00f6vl\u0259t Universitetinin 15.01.2020 \u2013 ci il\ntarixli 5\/07 sayl\u0131 \u0259mri v\u0259 Xarici dill\u0259r fak\u00fclt\u0259si Elmi \u015euras\u0131n\u0131n 24 sentyabr\n2019 \u2013cu il tarixli 01 sayl\u0131 protokoluna \u0259sas\u0259n t\u0259sdiq edilmi\u015fdir. S\u0259h 12.<\/p>\n\n\n\n<p>9.Proqram\nF\u0259nl\u0259raras\u0131 \u0259laq\u0259nin problemi (magistr haz\u0131rl\u0131\u011f\u0131 \u00fc\u00e7\u00fcn)G\u0259nc\u0259 D\u00f6vl\u0259t\nUniversitetinin 15.01.2020 \u2013 ci il tarixli 5\/07 sayl\u0131 \u0259mri v\u0259 Xarici dill\u0259r\nfak\u00fclt\u0259si Elmi \u015euras\u0131n\u0131n 24 sentyabr 2019 \u2013cu il tarixli 01 sayl\u0131 protokoluna \u0259sas\u0259n\nt\u0259sdiq edilmi\u015fdir. S\u0259h 12.<\/p>\n\n\n\n<p>10.\n\u0130ntensiv alman dili (magistr haz\u0131rl\u0131\u011f\u0131 \u00fc\u00e7\u00fcn)Proqram . G\u0259nc\u0259 D\u00f6vl\u0259t\nUniversitetinin 15.01.2020 \u2013 ci il tarixli 5\/07 sayl\u0131 \u0259mri v\u0259 Xarici dill\u0259r\nfak\u00fclt\u0259 Elmi \u015euras\u0131n\u0131n 24 sentyabr 2019 \u2013cu il tarixli 01 sayl\u0131 protokoluna \u0259sas\u0259n\nt\u0259sdiq edilmi\u015fdir. S\u0259h 15.<\/p>\n\n\n\n<p>11.\u201cAlman dilind\u0259 x\nfoneminin i\u015fl\u0259nm\u0259 tezliyi\u201d m\u0259qal\u0259 G\u0259nc\u0259 D\u00f6vl\u0259t Universiteti g\u0259nc aliml\u0259rin IVRespublika\nElmi Praktik konfrans.25-26 Oktyabr.III hiss\u0259. G\u0259nc\u0259 2019<\/p>\n\n\n\n<p>12. \u201c\u0130nnovations in\ncurriculum\u201d Ministry&nbsp; of education and science\nof&nbsp; Ukraine. National Pedagogical\nDragomanov University. Kyiv-2019 \u0421\u0435\u0440i\u044f 5 \u041f\u0443\u0434\u0430\u0433\u043e\u0433i\u0447\u043di \u043d\u0430\u0443\u043a\u0438: \u0440\u0435\u0430\u043bii \u0442\u0430\n\u043f\u0435\u0440\u0441\u043f\u0435\u0442\u0438\u0432\u0438- \u0412\u0438\u043f\u0443\u0441\u043a 68 H\u0430\u0443\u043a\u043e\u0432\u0438\u0439 \u0447\u0430\u0441\u043e\u043f\u0438\u0441 IISSN 2311-5491 <\/p>\n\n\n\n<p>13.\u201cTranslation as\na necessary component in a bilingual communication Situation\u201d \u041d\u0430\u0446io\u043d\u0430\u043b\u044c\u043d\u043e\u0433\u043e \u043f\u0435\u0434\u0430\u0433\u043e\u0433i\u0447\u043d\u043e\u0433\u043e \u0443\u043di\u0432\u0435\u0440\u0441\u0438\u0442\u0435\u0442\u0443 i\u043c\u0435\u043di \u041c.\u041f. \u0414\u0440\u0430\u0433\u043e\u043c\u0430\u043d\u043e\u0432\u0430. \u0421\u0435\u0440i\u044f 5 .\n\u041f\u0435\u0434\u0430\u0433\u043e\u0433i\u0447\u043di \u043d\u0430\u0443\u043a\u0438: \u0440\u0435\u0430\u043bii \u0442\u0430 \u043f\u0435\u0440\u0441\u043f\u0435\u043a\u0442\u0438\u0432\u0438 \u2013 \u0412\u0438\u043f\u0443\u0441\u043a 42 06.12.2019 \u041d\u0430\u0443\u043a\u043e\u0432\u0438\u0439\u0427\u0430\u0441\u043e\u043f\u0438\u0441<\/p>\n\n\n\n<p>14. \u201cSemantic features\nof Phraseology\u201d \u041c i\u0436\u043d\u0430\u0440\u043e\u0434\u043d\u043e\u0433\u043e\n\u0433\u0443\u043c\u0430\u043di\u0442\u0430\u0440\u043d\u043e\u0433\u043e \u0443\u043di\u0432\u0435\u0440\u0441\u0438\u0442\u0435\u0442\u0443 \u0421\u0435\u0440i\u044f \u00ab\u0424i\u043b\u043e\u043b\u043e\u0433i\u044f\u00bb \u0412\u0438\u043f\u0443\u0441\u043a 43 28.01.2020 \u041d\u0430\u0443\u043a\u043e\u0432\u0438\u0439\n\u0432i\u0441\u043d\u0438\u043a<\/p>\n\n\n\n<p>15.\u201c\u041e \u0440\u043e\u043b\u0438\n\u0433\u0440\u0430\u043c\u043c\u0430\u0442\u0438\u043a\u0438 \u043f\u0440\u0438 \u0438\u0437\u0443\u0447\u0435\u043d\u0438\u0438 \u0440\u0443\u0441\u0441\u043a\u043e\u0433\u043e \u044f\u0437\u044b\u043a\u0430 \u043a\u0430\u043a \u0438\u043d\u043e\u0441\u0442\u0440\u0430\u043d\u043d\u043e\u0433\u043e \u043c\u0435\u0442\u043e\u0434\u0438\u043a\u0430 \u0444\u043e\u0440\u043c\u0438\u0440\u043e\u0432\u0430\u043d\u0438\u044f\n\u0444\u043e\u043d\u0435\u0442\u0438\u0447\u0435\u0441\u043a\u0438\u0445 \u043d\u0430\u0432\u044b\u043a\u043e\u0432 \u0443 \u0441\u0442\u0443\u0434\u0435\u043d\u0442\u043e\u0432 \u0432 \u0430\u0437\u0435\u0440\u0431\u0430\u0439\u0434\u0436\u0430\u043d\u0441\u043a\u0438\u0445 \u0433\u0440\u0443\u043f\u043f\u0430\u0445 \u044f\u0437\u044b\u043a\u043e\u0432\u044b\u0445 \u0432\u0443\u0437\u043e\u0432\u201d\u041c\u0435\u0436\u0434\u0443\u043d\u0430\u0440\u043e\u0434\u043d\u0430\u044f \u041a\u043e\u043d\u0444\u0435\u0440\u0435\u043d\u0446\u0438\u044f\n\u00ab\u0420\u0430\u0437\u0432\u0438\u0442\u0438\u0435 \u043d\u0430\u0443\u043a\u0438 \u0432 XXI \u0432\u0435\u043a\u0435\u00bb \u0433. \u0425\u0430\u0440\u044c\u043a\u043e\u0432, \u0423\u043a\u0440\u0430\u0438\u043d\u0430, 15.02.2020<\/p>\n\n\n\n<p>16.\u201c\u041f\u0435\u0440\u0435\u0432\u043e\u0434 \u043a\u0430\u043a \u043d\u0435\u043e\u0431\u0445\u043e\u0434\u0438\u043c\u044b\u0439 \u043a\u043e\u043c\u043f\u043e\u043d\u0435\u043d\u0442 \u0432 \u0431\u0438\u043b\u0438\u043d\u0433\u0432\u0430\u043b\u044c\u043d\u043e\u0439 \u043a\u043e\u043c\u043c\u0443\u043d\u0438\u201d\u0430\u0446\u0438\u043e\u043d\u043d\u043e\u0439 \u0441\u0438\u0442\u0443\u0430\u0446\u0438\u0438\u201d\u041d\u0430\u0443\u043a\u043e\u0433\u043e \u2013 \u0130\u043d\u0444\u043e\u0440\u043c\u0430\u0446i\u0439\u043d\u0438\u0439 \u0426\u0435\u043d\u0442\u0440 \u00ab\u0417\u043d\u0430\u043d\u043d\u044f \u0417\u0431i\u0440\u043d\u0438\u043a \u0421\u0442\u0430\u0442\u0435\u0439. LVIIMi\u0436\u043d\u0430\u0440\u043e\u0434\u043d\u0430\u041a\u043e\u043d\u0444\u0435\u0440\u0435\u043d\u0446i\u044f \u00ab\u0420\u043e\u0437\u0432\u0438\u0442\u043e\u043a \u041d\u0430\u0443\u043a\u0438 \u0432 XXI \u0421\u0442\u043e\u043bi\u0442\u0442i\u00bb \u0433. \u0425\u0430\u0440\u043ai\u0432 15.02.2020<\/p>\n\n\n\n<p>17.Translation as\na necessary&nbsp; component in a bilingual\ncommunication situation\u201d \u041d\u0430\u0443\u043a\u043e\u0433\u043e \u2013\n\u0130\u043d\u0444\u043e\u0440\u043c\u0430\u0446i\u0439\u043d\u0438\u0439 \u0426\u0435\u043d\u0442\u0440 \u00ab\u0417\u043d\u0430\u043d\u043d\u044f\u0417\u0431i\u0440\u043d\u0438\u043a \u0421\u0442\u0430\u0442\u0435\u0439. LVIIMi\u0436\u043d\u0430\u0440\u043e\u0434\u043d\u0430\u041a\u043e\u043d\u0444\u0435\u0440\u0435\u043d\u0446i\u044f \u00ab\u0420\u043e\u0437\u0432\u0438\u0442\u043e\u043a\n\u041d\u0430\u0443\u043a\u0438 \u0432 XXI \u0421\u0442\u043e\u043bi\u0442\u0442i\u00bb \u0433. \u0425\u0430\u0440\u043ai\u0432 15.02.2020<\/p>\n\n\n\n<p>18.Alman dilind\u0259 planla\u015fd\u0131rma v\u0259 qiym\u0259tl\u0259ndirm\u0259nin&nbsp;&nbsp; metodikas\u0131 (magistr haz\u0131rl\u0131\u011f\u0131 \u00fc\u00e7\u00fcn)M\u00fc\u0259llif:Ofelya\nM\u00fcsl\u00fcmova Elmi redaktor: Elvin M\u00fcbarizo\u011flu Ataki\u015fiyev . Proqram(daxili qrif)\nse\u00e7m\u0259 f\u0259nnG\u0259nc\u0259 D\u00f6vl\u0259t Universiteti\u201c\u00dcmumiekspert\u201d komissiyas\u0131n\u0131n 18 aprel 2022\n-ci il tarixli 05 sayl\u0131 protokolu s\u0259h 1<\/p>\n\n\n\n<p>19. \u201c\u0130nnovations in curriculum\u201d Ministry of education and science of Ukraine. National Pedagogical\nDragomanov University.Series 5. Kyiv &#8211; 2022&nbsp;<\/p>\n\n\n\n<p>20. \u201c\u041e\u0440\u043e\u043b\u0443 \u0433\u0440\u0430\u043c\u043c\u0430\u0442\u0438\u043a\u0438 \u0438 \u0444\u043e\u043d\u0435\u0442\u0438\u043a\u0438 \u043f\u0440\u0438 \u0438\u0437\u0443\u0447\u0435\u043d\u0438\u0438 \u0440\u0443\u0441\u0441\u043a\u043e\u0433\u043e\n\u044f\u0437\u044b\u043a\u0430 \u043a\u0430\u043a \u0438\u043d\u043e\u0441\u0442\u0440\u0430\u043d\u043d\u043e\u0433\u043e\u201d Ministry of education\nand science of Ukraine. National Pedagogical Dragomanov University. Series 5.\nKyiv \u2013 \u0412\u0438\u043f\u0443\u0441\u043a 73. 30.01.2022<\/p>\n\n\n\n<p>21.\u201d\u041f\u0435\u0440\u0435\u0432\u043e\u0434 \u043a\u0430\u043a \u043d\u0435\u043e\u0431\u0445\u043e\u0434\u0438\u043c\u044b\u0439 \u043a\u043e\u043c\u043f\u043e\u043d\u0435\u043d\u0442 \u0432 \u0431\u0438\u043b\u0438\u043d\u0433\u0432\u0430\u043b\u044c\u043d\u043e\u0439\n\u043a\u043e\u043c\u043c\u0443\u043d\u0438\u043a\u0430\u0446\u0438\u043e\u043d\u043d\u043e\u0439 \u0441\u0438\u0442\u0443\u0430\u0446\u0438\u0438\u201d \u041d\u0430\u0443\u043a\u043e\u0433\u043e \u2013 \u0418\u043d\u0444\u043e\u0440\u043c\u0430\u0446\u0438\u0439\u043d\u0438\u0439 \u0426\u0435\u043d\u0442\u0440 \u00ab\u0417\u043d\u0430\u043d\u043d\u044f\u00bb \u0417\u0431\u0438\u0440\u043d\u0438\u043a\n\u0421\u0442\u0430\u0442\u0435\u0439. LVII \u041c\u0438\u0436\u043d\u0430\u0440\u043e\u0434\u043d\u0430 \u041a\u043e\u043d\u0444\u0435\u0440\u0435\u043d\u0446\u0438\u044f\n\u00ab\u0420\u043e\u0437\u0432\u0438\u0442\u043e\u043a \u041d\u0430\u0443\u043a\u0438 \u0412 XXI \u0421\u0442\u043e\u043b\u0438\u0442\u0442\u0438\u00bb\n\u0433. \u0425\u0430\u0440\u043ai\u0432\n15.02.2022 \u0433<\/p>\n\n\n\n<p><strong>Dil bilgisi:<\/strong><\/p>\n\n\n\n<p>Alman dili, rus dili orta,\ningilis dili orta.<\/p>\n\n\n\n<h1 class=\"wp-block-heading\">&nbsp;<\/h1>\n","protected":false},"excerpt":{"rendered":"<p>Ataki\u015fiyev Elvin M\u00fcbariz O\u011flu Mobil n\u00f6mr\u0259; 055-415-28-27&nbsp;&nbsp;&nbsp;&nbsp;&nbsp;&nbsp;&nbsp;&nbsp;&nbsp;&nbsp;&nbsp;&nbsp;&nbsp;&nbsp;&nbsp;&nbsp;&nbsp;&nbsp;&nbsp;&nbsp;&nbsp;&nbsp;&nbsp;&nbsp;&nbsp;&nbsp;&nbsp;&nbsp;&nbsp;&nbsp;&nbsp;&nbsp;&nbsp;&nbsp;&nbsp;&nbsp;&nbsp;&nbsp;&nbsp;&nbsp;&nbsp;&nbsp;&nbsp;&nbsp;&nbsp;&nbsp;&nbsp;&nbsp;&nbsp;&nbsp;&nbsp;&nbsp;&nbsp;&nbsp;&nbsp;&nbsp;&nbsp;&nbsp;&nbsp;&nbsp;&nbsp;&nbsp;&nbsp;&nbsp;&nbsp;&nbsp;&nbsp;&nbsp;&nbsp;&nbsp; E-mail:elvin.atakisiyev@bk.ru QISA B\u0130BL\u0130OQRAF\u0130K M\u018fLUMAT \u00b7&nbsp;&nbsp;&nbsp;&nbsp;&nbsp;&nbsp;&nbsp;&nbsp; 07.11.1983 G\u00f6yg\u00f6l rayon Bal\u00e7\u0131l\u0131 k\u0259ndin d\u0259 anadan olub. Ail\u0259lidir 2 \u00f6vlad\u0131 var. 2008- ci ild\u0259n YAP-\u0131n \u00fczv\u00fcd\u00fcr. T\u018fHS\u0130L\u0130, ELM\u0130 D\u018fR\u018fC\u018fS\u0130 V\u018f ELM\u0130 ADI \u00b7&nbsp;&nbsp;&nbsp;&nbsp;&nbsp;&nbsp;&nbsp;&nbsp; 1990-2001ci ild\u0259 G\u00f6yg\u00f6l rayon Bal\u00e7\u0131l\u0131 k\u0259nd C. N\u0259z\u0259rov ad\u0131na tam orta m\u0259kt\u0259bini &nbsp;bitirib. \u00b7&nbsp;&nbsp;&nbsp;&nbsp;&nbsp;&nbsp;&nbsp;&nbsp; 2001-2005 ci ill\u0259rd\u0259 Bak\u0131 \u015f\u0259h\u0259rind\u0259 [&hellip;]<\/p>\n","protected":false},"author":4,"featured_media":0,"parent":0,"menu_order":0,"comment_status":"closed","ping_status":"closed","template":"","meta":{"footnotes":""},"categories":[],"tags":[],"class_list":["post-1239","page","type-page","status-publish","hentry"],"_links":{"self":[{"href":"http:\/\/xdf.gdu.edu.az\/index.php?rest_route=\/wp\/v2\/pages\/1239","targetHints":{"allow":["GET"]}}],"collection":[{"href":"http:\/\/xdf.gdu.edu.az\/index.php?rest_route=\/wp\/v2\/pages"}],"about":[{"href":"http:\/\/xdf.gdu.edu.az\/index.php?rest_route=\/wp\/v2\/types\/page"}],"author":[{"embeddable":true,"href":"http:\/\/xdf.gdu.edu.az\/index.php?rest_route=\/wp\/v2\/users\/4"}],"replies":[{"embeddable":true,"href":"http:\/\/xdf.gdu.edu.az\/index.php?rest_route=%2Fwp%2Fv2%2Fcomments&post=1239"}],"version-history":[{"count":12,"href":"http:\/\/xdf.gdu.edu.az\/index.php?rest_route=\/wp\/v2\/pages\/1239\/revisions"}],"predecessor-version":[{"id":12309,"href":"http:\/\/xdf.gdu.edu.az\/index.php?rest_route=\/wp\/v2\/pages\/1239\/revisions\/12309"}],"wp:attachment":[{"href":"http:\/\/xdf.gdu.edu.az\/index.php?rest_route=%2Fwp%2Fv2%2Fmedia&parent=1239"}],"wp:term":[{"taxonomy":"category","embeddable":true,"href":"http:\/\/xdf.gdu.edu.az\/index.php?rest_route=%2Fwp%2Fv2%2Fcategories&post=1239"},{"taxonomy":"post_tag","embeddable":true,"href":"http:\/\/xdf.gdu.edu.az\/index.php?rest_route=%2Fwp%2Fv2%2Ftags&post=1239"}],"curies":[{"name":"wp","href":"https:\/\/api.w.org\/{rel}","templated":true}]}}