{"id":11233,"date":"2023-04-11T08:36:16","date_gmt":"2023-04-11T06:36:16","guid":{"rendered":"http:\/\/xdf.gdu.edu.az\/?page_id=11233"},"modified":"2023-05-04T08:53:27","modified_gmt":"2023-05-04T06:53:27","slug":"nuriyeva-aysel-yusif-qizi-2","status":"publish","type":"page","link":"http:\/\/xdf.gdu.edu.az\/?page_id=11233","title":{"rendered":"Nuriyeva Aysel Yusif q\u0131z\u0131"},"content":{"rendered":"\n<div class=\"wp-block-image\"><figure class=\"aligncenter size-large\"><img loading=\"lazy\" decoding=\"async\" width=\"268\" height=\"374\" src=\"http:\/\/xdf.gdu.edu.az\/wp-content\/uploads\/2023\/05\/fb7113ec-5fd9-4745-b07b-66cad1c54dde.jpg\" alt=\"\" class=\"wp-image-11630\"\/><\/figure><\/div>\n\n\n\n<p class=\"has-text-align-center\"><strong>Nuriyeva Aysel Yusif q\u0131z\u0131<\/strong><\/p>\n\n\n\n<p><strong>V\u0259zif\u0259si: <\/strong>m\u00fc\u0259llim<\/p>\n\n\n\n<p><strong>Telefon:<\/strong>\n(050) 472 97 02<\/p>\n\n\n\n<p><strong>E-mail: <\/strong>aysel.n@mail.ru<\/p>\n\n\n\n<p><strong>Q\u0131sa bioqrafik m\u0259lumat:<\/strong><\/p>\n\n\n\n<p>\u2022&nbsp;&nbsp;&nbsp;&nbsp;&nbsp;&nbsp;&nbsp; 1989-cu il 11 dekabr tarixd\u0259 G\u0259nc\u0259 \u015f\u0259h\u0259rind\u0259\nanadan olmu\u015fdur.<\/p>\n\n\n\n<p>\u2022&nbsp;&nbsp;&nbsp;&nbsp;&nbsp;&nbsp;&nbsp; 1996 \u2013 2007-ci ill\u0259rd\u0259 G\u0259nc\u0259 \u015f\u0259h\u0259ri 34\nsayl\u0131 orta m\u0259kt\u0259bd\u0259 t\u0259hsil alm\u0131\u015f v\u0259 h\u0259min m\u0259kt\u0259bi bitirmi\u015fdir.<\/p>\n\n\n\n<p><strong>T\u0259hsili, elmi d\u0259r\u0259c\u0259si v\u0259 elmi adlar\u0131:<\/strong><\/p>\n\n\n\n<p>\u2022&nbsp;&nbsp;&nbsp;&nbsp;&nbsp;&nbsp;&nbsp; 2007 \u2013 2011-ci ill\u0259rd\u0259 Bak\u0131 \u015f\u0259h\u0259ri \u201cBak\u0131\nSlavyan Universiteti\u201dnin T\u0259rc\u00fcm\u0259 fak\u00fclt\u0259sinin \u201cT\u0259rc\u00fcm\u0259 (ingilis v\u0259 rus dill\u0259ri)\u201d\nixtisas\u0131&nbsp; \u00fczr\u0259 bakalav\u0131r&nbsp; d\u0259r\u0259c\u0259sini f\u0259rql\u0259nm\u0259 diplomu il\u0259 bitirmi\u015fdir.<\/p>\n\n\n\n<p>\u2022&nbsp;&nbsp;&nbsp;&nbsp;&nbsp;&nbsp;&nbsp; 2011 \u2013 2013-c\u00fc ill\u0259rd\u0259 Bak\u0131 \u015f\u0259h\u0259ri \u201cBak\u0131\nSlavyan Universiteti\u201dnin Dil\u015f\u00fcnasl\u0131q istiqam\u0259ti \u201cT\u0259rc\u00fcm\u0259 (Az\u0259rbaycan v\u0259 ingilis\ndill\u0259ri)\u201d ixtisas\u0131&nbsp; \u00fczr\u0259&nbsp; magistr d\u0259r\u0259c\u0259sini bitirmi\u015fdir.<\/p>\n\n\n\n<p>\u2022&nbsp;&nbsp;&nbsp;&nbsp;&nbsp;&nbsp;&nbsp; G\u0259nc\u0259 D\u00f6vl\u0259t Universitetinin\n30.03.2021-ci il tarixli 3\/100 sayl\u0131 \u0259mril\u0259 F\u0259ls\u0259f\u0259 doktoru Proqram\u0131 \u0259sas\u0131nda\nM\u00fcqayis\u0259li-tarixi v\u0259 m\u00fcqayis\u0259li-tipoliji dil\u00e7ilik \u2013 5714.01 ixtisas\u0131 \u00fczr\u0259\nUniversitetin Az\u0259rbaycan dili kafedras\u0131na dissertant q\u0259bul olunmu\u015fdur. <\/p>\n\n\n\n<p><strong>\u018fm\u0259k&nbsp;\nf\u0259aliyy\u0259ti:<\/strong><\/p>\n\n\n\n<p>\u2022&nbsp;&nbsp;&nbsp;&nbsp;&nbsp;&nbsp;&nbsp; 2019-cu ild\u0259n G\u0259nc\u0259 D\u00f6vl\u0259t Universitetinin\n\u201cPraktik Xarici Dill\u0259r\u201d kafedras\u0131nda&nbsp; m\u00fc\u0259llim.<\/p>\n\n\n\n<p><strong>T\u0259dqiqat sah\u0259si:<\/strong><\/p>\n\n\n\n<p>\u201cAz\u0259rbaycan\nv\u0259 ingilis dil \u015f\u00fcurunda \u201cc\u0259h\u0259nn\u0259m\u201d v\u0259 \u201cc\u0259nn\u0259t\u201d konseptl\u0259ri\u201d<\/p>\n\n\n\n<p><strong>Elmi&nbsp;\n\u0259s\u0259rl\u0259ri:<\/strong><\/p>\n\n\n\n<p>1.\n\u201cEllipsis v\u0259 onun b\u0259rpa yollar\u0131\u201d \/\/ D\u00fcnya az\u0259rbaycanl\u0131lar\u0131n\u0131n h\u0259mr\u0259yliyi g\u00fcn\u00fcn\u0259&nbsp; h\u0259sr olunmu\u015f \u201cM\u00fcasir t\u0259rc\u00fcm\u0259\u015f\u00fcnasl\u0131\u011f\u0131n v\u0259 m\u0259d\u0259niyy\u0259t\u015f\u00fcnasl\u0131\u011f\u0131n\naktual probleml\u0259ri\u201d m\u00f6vzusunda Respublika t\u0259l\u0259b\u0259 elmi \u2013 praktik konfrans\u0131nda\nedilmi\u015f m\u0259ruz\u0259l\u0259rin tezisl\u0259ri, \u2013 Bak\u0131: \u201cKitab al\u0259mi\u201d N\u0259\u015friyyat-Poliqrafiya M\u0259rk\u0259zi,\n\u2013 2010, \u2013 s\u0259h. 30;<\/p>\n\n\n\n<p>2.\n\u201cT\u0259krarlar\u0131n t\u0259rc\u00fcm\u0259d\u0259 verilm\u0259si\u201d. Bak\u0131: M\u00fct\u0259rcim. Probleml\u0259r.\nAxtar\u0131\u015flar.Perspektivl\u0259r. Magistrantlar\u0131n elmi m\u0259qal\u0259l\u0259r toplusu \u2013 2013; <\/p>\n\n\n\n<p>3.\n\u201cT\u0259krarlar \u0259laq\u0259 vasit\u0259si rolunda\u201d. Bak\u0131: M\u00fct\u0259rcim. Probleml\u0259r.\nAxtar\u0131\u015flar.Perspektivl\u0259r. Magistrantlar\u0131n elmi m\u0259qal\u0259l\u0259r toplusu \u2013 2013, \u2013 s\u0259h.\n40;<\/p>\n\n\n\n<p>4.\n\u201cRepetition as an emphatic factor in the text\u201d \/\/ D\u00fcnya az\u0259rbaycanl\u0131lar\u0131n\u0131n h\u0259mr\u0259yliyi\ng\u00fcn\u00fcn\u0259 v\u0259 Az\u0259rbaycan d\u00f6vl\u0259t m\u00fcst\u0259qilliyinin b\u0259rpas\u0131n\u0131n 20-ci ild\u00f6n\u00fcm\u00fcn\u0259 h\u0259sr\nolunmu\u015f \u201cM\u00fcasir t\u0259rc\u00fcm\u0259\u015f\u00fcnasl\u0131\u011f\u0131n v\u0259 m\u0259d\u0259niyy\u0259t\u015f\u00fcnasl\u0131\u011f\u0131n aktual probleml\u0259ri\u201d\nm\u00f6vzusunda Respublika t\u0259l\u0259b\u0259 elmi \u2013 praktik konfrans\u0131nda edilmi\u015f m\u0259ruz\u0259l\u0259rin\ntezisl\u0259ri. Bak\u0131: M\u00fct\u0259rcim, \u2013 2012, \u2013 s\u0259h. 94;<\/p>\n\n\n\n<p>5.\n\u201cB\u0259dii \u0259d\u0259biyyatda v\u0259 dan\u0131\u015f\u0131q dilind\u0259 t\u0259krarlar\u201d \/\/ Sumqay\u0131t D\u00f6vl\u0259t\nUniversiteti, Magistrantlar\u0131n XII Respublika elmi konfrans\u0131n\u0131n materiallar\u0131. II\nhiss\u0259. Sumqay\u0131t: SDU-nun m\u0259tb\u0259\u0259si, \u2013 2012, \u2013 s\u0259h. 686;<\/p>\n\n\n\n<p>6.\n\u201cB\u0259dii t\u0259rc\u00fcm\u0259 v\u0259 b\u0259dii m\u0259tn\u201d \/\/ Bak\u0131 Slavyan Universiteti, Magistrantlar\u0131n\n\u00fcmumilli lider Heyd\u0259r \u018fliyevin anadan olmas\u0131n\u0131n 90-c\u0131 il d\u00f6n\u00fcm\u00fcn\u0259 h\u0259sr olunmu\u015f\n\u201cHumanitar elml\u0259rin aktual probleml\u0259ri\u201d II Beyn\u0259lxalq elmi konfrans\u0131n\nmaterillar\u0131. Bak\u0131: M\u00fct\u0259rcim, \u2013 2013, \u2013 s\u0259h. 69-70;<\/p>\n\n\n\n<p>7.&nbsp;&nbsp;&nbsp;&nbsp;&nbsp; \u201c\u0130ngilis dilinin \u00f6yr\u0259nilm\u0259sind\u0259 \u0259yani\nvasit\u0259l\u0259rin rolu\u201d \/\/ G\u0259nc\u0259 D\u00f6vl\u0259t Universiteti, \u201cG\u0259nc aliml\u0259rin III Beyn\u0259lxalq\nelmi konfrans\u0131\u201d materiallar\u0131, \u2013 G\u0259nc\u0259: \u2013 17\u201318 oktyabr, \u2013&nbsp; 2018, \u2013 s\u0259h. 100-103;<\/p>\n\n\n\n<p>8.&nbsp;&nbsp;&nbsp;&nbsp;&nbsp;  \u201cEnglish as the main factor in business\nrelations\u201d. G\u0259nc\u0259: GDU. \u201cElmi X\u0259b\u0259rl\u0259r\u201d (Fundamental, humanitar v\u0259 t\u0259bi\u0259t elml\u0259ri\nseriyas\u0131) \u2013 2020. \u21161, \u2013 s\u0259h. 312-316;<\/p>\n\n\n\n<p>9.&nbsp;&nbsp;&nbsp;&nbsp;&nbsp; \u201cT\u0259krarlarin t\u0259rc\u00fcm\u0259 dilind\u0259 verilm\u0259si\u201d. G\u0259nc\u0259:\nGDU. \u201cElmi X\u0259b\u0259rl\u0259r\u201d (Fundamental, humanitar v\u0259 t\u0259bi\u0259t elml\u0259ri seriyas\u0131) \u2013\n2020. \u2116 1, \u2013 s\u0259h. 316-320;<\/p>\n\n\n\n<p>10.&nbsp;&nbsp;&nbsp; \u201cDini diskurs v\u0259 onun linqvistik t\u0259hlili\u201d \/\/\nNax\u00e7\u0131van M\u00fc\u0259lliml\u0259r \u0130nstitutu, \u201cT\u0259hsil, t\u0259dqiqat v\u0259 innovasiyan\u0131n v\u0259hd\u0259ti\u201d\nm\u00f6vzusunda Doktorant v\u0259 magistrantlar\u0131n IV Respublika elmi konfrans\u0131 materiallar\u0131,\n\u2013 Nax\u00e7\u0131van: \u2013 29 aprel, \u2013 2022, \u2013 s\u0259h. 307-309;<\/p>\n\n\n\n<p>11.&nbsp;&nbsp;&nbsp; \u201cDini dil\u0259 metaforik yana\u015fma\u201d \/\/ Az\u0259rbaycan\nTexniki Universiteti, Az\u0259rbaycan xalq\u0131n\u0131n \u00fcmummilli lideri Heyd\u0259r \u018fliyevin\nanadan olmas\u0131n\u0131n 99-cu ild\u00f6n\u00fcm\u00fcn\u0259 h\u0259sr olunmu\u015f t\u0259l\u0259b\u0259 v\u0259 g\u0259nc t\u0259dqiqat\u00e7\u0131lar\u0131n\n\u201cG\u0259ncl\u0259r v\u0259 elmi innovasiyalar\u201d m\u00f6vzusunda Respublika elmi-texniki konfrans\u0131\nmateriallar\u0131. Bak\u0131: 4\u20135may, \u2013 2022, \u2013 s\u0259h. 1518-1520;<\/p>\n\n\n\n<p>12.&nbsp;&nbsp;&nbsp; \u201cAfrika &#8211; Amerika vernakyular \u0130ngilis dili v\u0259\nonun \u00f6z\u00fcn\u0259m\u0259xsus x\u00fcsusiyy\u0259tl\u0259ri\u201d. G\u0259nc\u0259: GDU. \u201cElmi X\u0259b\u0259rl\u0259r\u201d (Fundamental,\nhumanitar v\u0259 t\u0259bi\u0259t elml\u0259ri seriyas\u0131) \u2013&nbsp;&nbsp;&nbsp;&nbsp;&nbsp; 2022. \u2116 2,&nbsp; \u2013 s\u0259h.\n419-423;<\/p>\n\n\n\n<p>13.&nbsp;&nbsp;&nbsp; \u201cD\u00fcnyan\u0131n dini m\u0259nz\u0259r\u0259sinin t\u0259svirind\u0259\nlinqvistik v\u0259 qeyri-linqvistik vasit\u0259l\u0259rin rolu\u201d \/\/ G\u0259nc\u0259 D\u00f6vl\u0259t Universieti,\n\u201c\u015eu\u015fa ili\u201dn\u0259 h\u0259sr olunan G\u0259nc aliml\u0259rin&nbsp;\nBeyn\u0259lxalq&nbsp; Elmi Konfrans\u0131\nmateriallar\u0131, G\u0259nc\u0259: 2\u20133 dekabr, \u2013 2022, \u2013 s\u0259h. 260-263;<\/p>\n\n\n\n<p>14.&nbsp;&nbsp;&nbsp; \u201cHell as a place of chastisement and woe in\nreligious and linguistic consciousness\u201d \/\/ The XXXV International Scientific\nSymposium &#8220;Mahmud Kashgari: Common Heritage of the Turkic World&#8221;.\nAmsterdam\/Holland: 25 fevral, 2023, \u2013 s\u0259h. 97-101;<\/p>\n\n\n\n<p>15.&nbsp;&nbsp;&nbsp; \u201cThe main theological concepts from the\nlinguistic and cultural points\u201d \/\/ Elmi T\u0259dqiqat, beyn\u0259lxalq elmi jurnal. III\nBeyn\u0259lxalq Elm v\u0259 T\u0259hsilin \u018fsaslar\u0131 konfrans\u0131n\u0131n materiallar\u0131. Bak\u0131: 7 aprel, \u2013\n2023, \u2013 s\u0259h. 30-32.<\/p>\n\n\n\n<p><strong>Beyn\u0259lxalq v\u0259 respublika simpozium v\u0259\nkonfranslarda i\u015ftirak\u0131:<\/strong><\/p>\n\n\n\n<ul class=\"wp-block-list\"><li>2010-cu ild\u0259 Bak\u0131 \u015f\u0259h\u0259rind\u0259\nke\u00e7irilmi\u015f D\u00fcnya az\u0259rbaycanl\u0131lar\u0131n\u0131n h\u0259mr\u0259yliyi g\u00fcn\u00fcn\u0259&nbsp; h\u0259sr olunmu\u015f \u201cM\u00fcasir t\u0259rc\u00fcm\u0259\u015f\u00fcnasl\u0131\u011f\u0131n v\u0259 m\u0259d\u0259niyy\u0259t\u015f\u00fcnasl\u0131\u011f\u0131n\naktual probleml\u0259ri\u201d m\u00f6vzusunda Respublika t\u0259l\u0259b\u0259 elmi \u2013 praktik konfrans\u0131;<\/li><li>2012-ci ild\u0259 Bak\u0131 \u015f\u0259h\u0259rind\u0259\nke\u00e7irilmi\u015f D\u00fcnya az\u0259rbaycanl\u0131lar\u0131n\u0131n h\u0259mr\u0259yliyi g\u00fcn\u00fcn\u0259 v\u0259 Az\u0259rbaycan d\u00f6vl\u0259t\nm\u00fcst\u0259qilliyinin b\u0259rpas\u0131n\u0131n 20-ci ild\u00f6n\u00fcm\u00fcn\u0259 h\u0259sr olunmu\u015f \u201cM\u00fcasir t\u0259rc\u00fcm\u0259\u015f\u00fcnasl\u0131\u011f\u0131n\nv\u0259 m\u0259d\u0259niyy\u0259t\u015f\u00fcnasl\u0131\u011f\u0131n aktual probleml\u0259ri\u201d m\u00f6vzusunda Respublika t\u0259l\u0259b\u0259 elmi \u2013\npraktik konfrans\u0131;<\/li><li>2012-ci ild\u0259 Sumqay\u0131t\nD\u00f6vl\u0259t Universitetind\u0259 ke\u00e7irilmi\u015f Magistrantlar\u0131n XII Respublika elmi konfrans\u0131;<\/li><li>2013-c\u00fc ild\u0259 Bak\u0131 \u015f\u0259h\u0259rind\u0259\nke\u00e7irilmi\u015f Magistrantlar\u0131n \u00fcmumilli lider Heyd\u0259r \u018fliyevin anadan olmas\u0131n\u0131n\n90-c\u0131 il d\u00f6n\u00fcm\u00fcn\u0259 h\u0259sr olunmu\u015f \u201cHumanitar elml\u0259rin aktual probleml\u0259ri\u201d II Beyn\u0259lxalq\nelmi konfrans\u0131;<\/li><li>17-18. 10. 2018 tarixl\u0259rd\u0259\nG\u0259nc\u0259 D\u00f6vl\u0259t Universitetind\u0259 ke\u00e7irilmi\u015f \u201cG\u0259nc aliml\u0259rin III Beyn\u0259lxalq elmi\nkonfrans\u0131\u201d;<\/li><li>29.04.2022 tarixd\u0259\nNax\u00e7\u0131van M\u00fc\u0259lliml\u0259r \u0130nstitutunda ke\u00e7irilmi\u015f \u201cT\u0259hsil, t\u0259dqiqat v\u0259 innovasiyan\u0131n\nv\u0259hd\u0259ti\u201d m\u00f6vzusunda Doktorant v\u0259 magistrantlar\u0131n IV Respublika elmi konfrans\u0131;<\/li><li>04.05.05.2022 tarixl\u0259rd\u0259\nAz\u0259rbaycan Texniki Universitetind\u0259 ke\u00e7irilmi\u015f Az\u0259rbaycan xalq\u0131n\u0131n \u00fcmummilli\nlideri Heyd\u0259r \u018fliyevin anadan olmas\u0131n\u0131n 99-cu ild\u00f6n\u00fcm\u00fcn\u0259 h\u0259sr olunmu\u015f t\u0259l\u0259b\u0259 v\u0259\ng\u0259nc t\u0259dqiqat\u00e7\u0131lar\u0131n \u201cG\u0259ncl\u0259r v\u0259 elmi innovasiyalar\u201d m\u00f6vzusunda Respublika\nelmi-texniki konfrans\u0131;<\/li><li>02-03.12.2022 tarixl\u0259rd\u0259\nG\u0259nc\u0259 D\u00f6vl\u0259t Universitetind\u0259 ke\u00e7irilmi\u015f \u201c\u015eu\u015fa ili\u201dn\u0259 h\u0259sr olunan G\u0259nc aliml\u0259rin&nbsp; Beyn\u0259lxalq&nbsp;\nElmi Konfrans\u0131;<\/li><li>25.01.2023 tarixd\u0259\n\u201cELGER\u201d Beyn\u0259lxalq elm-t\u0259dris m\u0259rk\u0259zinin t\u0259\u015fkilat\u00e7\u0131l\u0131\u011f\u0131 il\u0259 Hollandiyan\u0131n\nAmsterdam \u015f\u0259h\u0259rind\u0259 ke\u00e7irilmi\u015f &#8220;Mahmud Qa\u015fqari: T\u00fcrk D\u00fcnyas\u0131n\u0131n \u00dcmumi\n\u0130rsi&#8221; XXXV Beyn\u0259lxalq Elmi Simpoziumu;<\/li><li>07.04.2023 tarixd\u0259 Az\u0259rbaycan\nElm M\u0259rk\u0259zinin t\u0259\u015fkilat\u00e7\u0131l\u0131\u011f\u0131 il\u0259 ke\u00e7irilmi\u015f III Beyn\u0259lxalq Elm v\u0259 T\u0259hsilin\n\u018fsaslar\u0131 Konfrans\u0131.<\/li><\/ul>\n\n\n\n<p><strong>Dil bilgisi:<\/strong><\/p>\n\n\n\n<p>Az\u0259rbaycan,\ningilis, rus, alman, italyan, \u0259r\u0259b, t\u00fcrk<\/p>\n","protected":false},"excerpt":{"rendered":"<p>Nuriyeva Aysel Yusif q\u0131z\u0131 V\u0259zif\u0259si: m\u00fc\u0259llim Telefon: (050) 472 97 02 E-mail: aysel.n@mail.ru Q\u0131sa bioqrafik m\u0259lumat: \u2022&nbsp;&nbsp;&nbsp;&nbsp;&nbsp;&nbsp;&nbsp; 1989-cu il 11 dekabr tarixd\u0259 G\u0259nc\u0259 \u015f\u0259h\u0259rind\u0259 anadan olmu\u015fdur. \u2022&nbsp;&nbsp;&nbsp;&nbsp;&nbsp;&nbsp;&nbsp; 1996 \u2013 2007-ci ill\u0259rd\u0259 G\u0259nc\u0259 \u015f\u0259h\u0259ri 34 sayl\u0131 orta m\u0259kt\u0259bd\u0259 t\u0259hsil alm\u0131\u015f v\u0259 h\u0259min m\u0259kt\u0259bi bitirmi\u015fdir. T\u0259hsili, elmi d\u0259r\u0259c\u0259si v\u0259 elmi adlar\u0131: \u2022&nbsp;&nbsp;&nbsp;&nbsp;&nbsp;&nbsp;&nbsp; 2007 \u2013 2011-ci ill\u0259rd\u0259 Bak\u0131 [&hellip;]<\/p>\n","protected":false},"author":4,"featured_media":0,"parent":0,"menu_order":0,"comment_status":"closed","ping_status":"closed","template":"","meta":{"footnotes":""},"categories":[],"tags":[],"class_list":["post-11233","page","type-page","status-publish","hentry"],"_links":{"self":[{"href":"http:\/\/xdf.gdu.edu.az\/index.php?rest_route=\/wp\/v2\/pages\/11233","targetHints":{"allow":["GET"]}}],"collection":[{"href":"http:\/\/xdf.gdu.edu.az\/index.php?rest_route=\/wp\/v2\/pages"}],"about":[{"href":"http:\/\/xdf.gdu.edu.az\/index.php?rest_route=\/wp\/v2\/types\/page"}],"author":[{"embeddable":true,"href":"http:\/\/xdf.gdu.edu.az\/index.php?rest_route=\/wp\/v2\/users\/4"}],"replies":[{"embeddable":true,"href":"http:\/\/xdf.gdu.edu.az\/index.php?rest_route=%2Fwp%2Fv2%2Fcomments&post=11233"}],"version-history":[{"count":4,"href":"http:\/\/xdf.gdu.edu.az\/index.php?rest_route=\/wp\/v2\/pages\/11233\/revisions"}],"predecessor-version":[{"id":11633,"href":"http:\/\/xdf.gdu.edu.az\/index.php?rest_route=\/wp\/v2\/pages\/11233\/revisions\/11633"}],"wp:attachment":[{"href":"http:\/\/xdf.gdu.edu.az\/index.php?rest_route=%2Fwp%2Fv2%2Fmedia&parent=11233"}],"wp:term":[{"taxonomy":"category","embeddable":true,"href":"http:\/\/xdf.gdu.edu.az\/index.php?rest_route=%2Fwp%2Fv2%2Fcategories&post=11233"},{"taxonomy":"post_tag","embeddable":true,"href":"http:\/\/xdf.gdu.edu.az\/index.php?rest_route=%2Fwp%2Fv2%2Ftags&post=11233"}],"curies":[{"name":"wp","href":"https:\/\/api.w.org\/{rel}","templated":true}]}}